{"id":748,"date":"2012-02-09T20:23:21","date_gmt":"2012-02-09T18:23:21","guid":{"rendered":"http:\/\/www.freizeittourer.de\/?page_id=748"},"modified":"2023-08-07T10:13:32","modified_gmt":"2023-08-07T08:13:32","slug":"neue-touren","status":"publish","type":"page","link":"https:\/\/www.freizeittourer.de\/?page_id=748","title":{"rendered":"Neue Touren"},"content":{"rendered":"\n<p><span style=\"font-family: arial,helvetica,sans-serif;\">Es gibt so viele Radwege in Deutschland, unglaublich, aber nicht alle sind f\u00fcr uns geeignet. Hier habe ich einige Vorschl\u00e4ge f\u00fcr <strong>weitere Touren <\/strong>zusammentragen, die f\u00fcr Genussradler geeignet sein k\u00f6nnten.&nbsp;Manchmal bin ich mir nicht sicher.&nbsp;Es gibt noch viel zu tun bzw. zu erobern. <strong>Hinter den Logos<\/strong> sind&nbsp;weitere Infos zu finden. Einfach klicken.&nbsp;<\/span><\/p>\n\n\n\n<hr class=\"wp-block-separator has-alpha-channel-opacity\"\/>\n\n\n\n<h3 class=\"wp-block-heading\"><a href=\"https:\/\/www.radtouren-checker.de\/alb-neckar-radweg\/\" target=\"_blank\" rel=\"noreferrer noopener\"><img loading=\"lazy\" decoding=\"async\" title=\"Alb-Neckar Radweg\" width=\"114\" height=\"96\" class=\"alignright\" style=\"margin-top: 2px; margin-bottom: 2px;\" src=\"https:\/\/www.freizeittourer.de\/wp-content\/uploads\/2012\/02\/Alb-Neckar_Radweg_Logo-150x150.png\" alt=\"\"><\/a><span style=\"font-family: arial,helvetica,sans-serif;\">Alb-Neckar Radweg<\/span><\/h3>\n\n\n\n<p><span style=\"font-family: arial,helvetica,sans-serif;\"><strong>L\u00e4nge:<\/strong> 270 km&nbsp;&nbsp;&nbsp;&nbsp;&nbsp;&nbsp;&nbsp;&nbsp;&nbsp;&nbsp;&nbsp;&nbsp;&nbsp;&nbsp;&nbsp;&nbsp;&nbsp;&nbsp;&nbsp;&nbsp;&nbsp;&nbsp;&nbsp;&nbsp;&nbsp;&nbsp;&nbsp;&nbsp;&nbsp;&nbsp;&nbsp;&nbsp;&nbsp;&nbsp;&nbsp;&nbsp;&nbsp;&nbsp;&nbsp;&nbsp;&nbsp;&nbsp;&nbsp;&nbsp;&nbsp;&nbsp;<strong><br>Wo:<\/strong> Baden-W\u00fcrttemberg<\/span><br><span style=\"font-family: arial,helvetica,sans-serif;\"><strong>Start:<\/strong> Ulm&nbsp;&nbsp;&nbsp;&nbsp;&nbsp;&nbsp;&nbsp;&nbsp;&nbsp;&nbsp;&nbsp;&nbsp;&nbsp;<strong><br>Hinweis: <\/strong>Vielleicht zu h\u00fcgelig? \ud83d\ude25<\/span><\/p>\n\n\n\n<hr class=\"wp-block-separator has-alpha-channel-opacity\"\/>\n\n\n\n<h3 class=\"wp-block-heading\"><span style=\"font-family: arial,helvetica,sans-serif;\"><a href=\"http:\/\/www.allerradweg.de\" target=\"_blank\" rel=\"noopener noreferrer\"><img loading=\"lazy\" decoding=\"async\" class=\"wp-image-1078 alignright\" style=\"margin-top: 2px; margin-bottom: 2px;\" title=\"Aller Radweg\" src=\"https:\/\/www.freizeittourer.de\/wp-content\/uploads\/2012\/02\/Aller_Radweg_Logo.jpg\" alt=\"\" width=\"117\" height=\"103\"><\/a>Aller Radweg<\/span><\/h3>\n\n\n\n<p><span style=\"font-family: arial,helvetica,sans-serif;\"><strong>L\u00e4nge:<\/strong>&nbsp;285&nbsp;km<\/span><br><span style=\"font-family: arial,helvetica,sans-serif;\"><strong>Wo:<\/strong>&nbsp;Sachsen-Anhalt\/Niedersachsen<\/span><br><span style=\"font-family: arial,helvetica,sans-serif;\"><strong>Start:&nbsp;<\/strong>&nbsp;Quelle Seehausen<\/span><br><span style=\"font-family: arial,helvetica,sans-serif;\"><strong>Hinweis:<\/strong><\/span><\/p>\n\n\n\n<hr class=\"wp-block-separator has-alpha-channel-opacity\"\/>\n\n\n<div class=\"wp-block-image\">\n<figure class=\"alignright\"><a href=\"http:\/\/www.radeln-altesland.de\" target=\"_blank\" rel=\"noopener\"><img decoding=\"async\" src=\"https:\/\/www.freizeittourer.de\/wp-content\/uploads\/2012\/02\/Altes_Land_am_Elbstraom_Logo.png\" alt=\"\" title=\"Altes Land am Elbstrom\"\/><\/a><\/figure>\n<\/div>\n\n\n<h3 class=\"wp-block-heading\"><span style=\"font-family: arial,helvetica,sans-serif;\">Altes Land am Elbstrom<\/span><\/h3>\n\n\n\n<p><span style=\"font-family: arial,helvetica,sans-serif;\"><strong>L\u00e4nge:<\/strong>&nbsp;100&nbsp;km<\/span><br><span style=\"font-family: arial,helvetica,sans-serif;\"><strong>Wo:<\/strong>&nbsp;Niedersachsen\/Hamburg<\/span><br><span style=\"font-family: arial,helvetica,sans-serif;\"><strong>Start:&nbsp;<\/strong>&nbsp;Hamburg<\/span><br><span style=\"font-family: arial,helvetica,sans-serif;\"><strong>Hinweis: <\/strong>Zahlreiche k\u00fcrzere Radwege&nbsp;verlaufen hier<\/span><\/p>\n\n\n\n<hr class=\"wp-block-separator has-alpha-channel-opacity\"\/>\n\n\n\n<h3 class=\"wp-block-heading\"><span style=\"font-family: arial,helvetica,sans-serif;\"><a href=\"http:\/\/www.altmarkrundkurs.de\" target=\"_blank\" rel=\"noopener noreferrer\"><img loading=\"lazy\" decoding=\"async\" class=\"alignright\" style=\"margin-top: 2px; margin-bottom: 2px;\" title=\"Altmark Rundkurs\" src=\"https:\/\/www.freizeittourer.de\/wp-content\/uploads\/2012\/02\/Altmark-Rundkurs_Logo.jpg\" alt=\"\" width=\"107\" height=\"102\"><\/a>Altmark Rundkurs \ud83d\ude00<br><\/span><\/h3>\n\n\n\n<p><span style=\"font-family: arial,helvetica,sans-serif;\"><strong>L\u00e4nge:<\/strong> 500 km<\/span><br><span style=\"font-family: arial,helvetica,sans-serif;\"><strong>Wo:<\/strong> Sachsen-Anhalt<\/span><br><span style=\"font-family: arial,helvetica,sans-serif;\"><strong>Start:<\/strong>&nbsp;Hansestadt Salzwedel<\/span><br><span style=\"font-family: arial,helvetica,sans-serif;\"><strong>Hinweis:<\/strong> Rundkurs &#8211; Teile des Elberadwegs sind einbezogen<\/span><\/p>\n\n\n\n<hr class=\"wp-block-separator has-alpha-channel-opacity\"\/>\n\n\n\n<h3 class=\"wp-block-heading\"><span style=\"font-family: arial,helvetica,sans-serif;\"><a href=\"http:\/\/www.nordwestreisemagazin.de\/radrouten\/ammerlandroute.htm\" target=\"_blank\" rel=\"noopener noreferrer\"><img loading=\"lazy\" decoding=\"async\" class=\"alignright wp-image-1334\" style=\"margin-top: 2px; margin-bottom: 2px;\" title=\"Ammerland-Route\" src=\"https:\/\/www.freizeittourer.de\/wp-content\/uploads\/2012\/02\/Ammerland-Route_Logo.png\" alt=\"\" width=\"103\" height=\"102\"><\/a>Ammerland Route<\/span><\/h3>\n\n\n\n<p><span style=\"font-family: arial,helvetica,sans-serif;\"><strong>L\u00e4nge:<\/strong>&nbsp;167 km<\/span><br><span style=\"font-family: arial,helvetica,sans-serif;\"><strong>Wo:<\/strong> Niedersachsen &#8211; Rundkurs<strong><br>Start: <\/strong>Bad Zwischenahn<\/span><br><span style=\"font-family: arial,helvetica,sans-serif;\"><strong>Hinweis:<\/strong><span style=\"color: #ff0000;\">&nbsp;<\/span><\/span><\/p>\n\n\n\n<hr class=\"wp-block-separator has-alpha-channel-opacity\"\/>\n\n\n\n<h3 class=\"wp-block-heading\"><span style=\"font-family: arial,helvetica,sans-serif;\"><a href=\"http:\/\/www.osnabruecker-land.de\/staticsite\/staticsite.php?menuid=118&amp;topmenu=3\" target=\"_blank\" rel=\"noopener noreferrer\"><img loading=\"lazy\" decoding=\"async\" class=\"alignright\" style=\"margin-top: 2px; margin-bottom: 2px;\" title=\"Artland-Rad-Tour\" src=\"https:\/\/www.freizeittourer.de\/wp-content\/uploads\/2012\/02\/Artland-Tour_Logo.jpg\" alt=\"\" width=\"117\" height=\"93\"><\/a>Artland Radtour<\/span><\/h3>\n\n\n\n<p><span style=\"font-family: arial,helvetica,sans-serif;\"><strong>L\u00e4nge:<\/strong> ca. 150 km<\/span><br><span style=\"font-family: arial,helvetica,sans-serif;\"><strong>Wo:<\/strong> Niedersachsen &#8211; Rundkurs<strong><br>Start: <\/strong>Quakenbr\u00fcck<\/span><br><span style=\"font-family: arial,helvetica,sans-serif;\"><strong>Hinweis:<\/strong> Als Genie\u00dfertour geeignet &#8211; Zwei einzelne Touren<\/span><\/p>\n\n\n\n<hr class=\"wp-block-separator has-alpha-channel-opacity\"\/>\n\n\n\n<h3 class=\"wp-block-heading\"><span style=\"font-family: arial,helvetica,sans-serif;\"><a href=\"http:\/\/www.radtour-lueneburgerheide.de\/touren\/4967_WelfenRoute_Auf_den_Spuren_der_Welfen.html\" target=\"_blank\" rel=\"noopener noreferrer\"><img loading=\"lazy\" decoding=\"async\" class=\"alignright\" style=\"margin-top: 2px; margin-bottom: 2px;\" title=\"Auf den Spuren der Welfen\" src=\"https:\/\/www.freizeittourer.de\/wp-content\/uploads\/2012\/02\/welfen-wappen.jpg\" alt=\"\" width=\"97\" height=\"105\"><\/a>Auf den Spuren der Welfen<\/span><\/h3>\n\n\n\n<p><span style=\"font-family: arial,helvetica,sans-serif;\"><strong>L\u00e4nge:<\/strong> 273 km<\/span><br><span style=\"font-family: arial,helvetica,sans-serif;\"><strong>Wo:<\/strong> Niedersachsen<strong><br>Start: <\/strong>Soltau&nbsp;bis Winsen\/Luhe<\/span><br><span style=\"font-family: arial,helvetica,sans-serif;\"><strong>Hinweis:<\/strong><\/span><\/p>\n\n\n\n<hr class=\"wp-block-separator has-alpha-channel-opacity\"\/>\n\n\n\n<h3 class=\"wp-block-heading\"><span style=\"font-family: arial,helvetica,sans-serif;\"><a title=\"Bahnradweg Hessen\" href=\"http:\/\/www.bahnradweg-hessen.de\" target=\"_blank\" rel=\"noopener noreferrer\"><img loading=\"lazy\" decoding=\"async\" class=\"alignright\" style=\"margin-top: 2px; margin-bottom: 2px;\" title=\"Bahnradweg-Hessen\" src=\"https:\/\/www.freizeittourer.de\/wp-content\/uploads\/2012\/02\/Bahnradweg-Hessen_Logo.jpg\" alt=\"\" width=\"85\" height=\"103\"><\/a>Bahnradweg Hessen<\/span><\/h3>\n\n\n\n<p><span style=\"font-family: arial,helvetica,sans-serif;\"><strong>L\u00e4nge:<\/strong>&nbsp;&nbsp;245 km<\/span><br><span style=\"font-family: arial,helvetica,sans-serif;\"><strong>Wo:<\/strong>&nbsp;Hessen&nbsp;<strong><br>Start: <\/strong>Hanau<\/span><br><span style=\"font-family: arial,helvetica,sans-serif;\"><strong>Hinweis: <\/strong>Als Rundkurs 400 km&nbsp;<\/span><\/p>\n\n\n\n<hr class=\"wp-block-separator has-alpha-channel-opacity\"\/>\n\n\n\n<h3 class=\"wp-block-heading\"><span style=\"font-family: arial,helvetica,sans-serif;\">Deutsche F\u00e4hrstra\u00dfe \ud83d\ude00&nbsp;<a href=\"http:\/\/www.deutsche-faehrstrasse.de\/\" target=\"_blank\" rel=\"noopener noreferrer\"><img loading=\"lazy\" decoding=\"async\" class=\"alignright wp-image-1302\" style=\"margin-top: 2px; margin-bottom: 2px;\" title=\"Deutsche F\u00e4hrstrasse\" src=\"https:\/\/www.freizeittourer.de\/wp-content\/uploads\/2012\/02\/Deutsche-Faehrstrasse_Logo.jpg\" alt=\"\" width=\"117\" height=\"78\"><\/a><\/span><\/h3>\n\n\n\n<p><span style=\"font-family: arial,helvetica,sans-serif;\"><strong>L\u00e4nge:<\/strong> 232 km<\/span><br><span style=\"font-family: arial,helvetica,sans-serif;\"><strong>Wo:<\/strong> Niedersachsen\/ Schleswig-Holstein<\/span><br><span style=\"font-family: arial,helvetica,sans-serif;\"><strong>Start:<\/strong> Bremerv\u00f6rde nach&nbsp;Kiel<\/span><br><span style=\"font-family: arial,helvetica,sans-serif;\"><strong>Hinweis:<\/strong><\/span>&nbsp;<\/p>\n\n\n\n<hr class=\"wp-block-separator has-alpha-channel-opacity\"\/>\n\n\n\n<h3 class=\"wp-block-heading\"><span style=\"font-family: arial,helvetica,sans-serif;\">Diemelradweg<a href=\"http:\/\/www.diemelradweg.de\" target=\"_blank\" rel=\"noopener noreferrer\"><img loading=\"lazy\" decoding=\"async\" class=\"alignright wp-image-2040\" style=\"margin-top: 2px; margin-bottom: 2px;\" title=\"Diemelradweg\" src=\"https:\/\/www.freizeittourer.de\/wp-content\/uploads\/2013\/02\/diemelradweg_logo.bmp\" alt=\"\" width=\"95\" height=\"94\"><\/a><\/span><\/h3>\n\n\n\n<p><span style=\"font-family: arial,helvetica,sans-serif;\"><strong>L\u00e4nge:<\/strong> 110 km<\/span><br><span style=\"font-family: arial,helvetica,sans-serif;\"><strong>Wo:<\/strong> Niedersachsen<\/span><br><span style=\"font-family: arial,helvetica,sans-serif;\"><strong>Start:<\/strong> Willingen (Diemelquelle) bis Bad Karlshafen<br><\/span><span style=\"font-family: arial,helvetica,sans-serif;\"><strong>Hinweis:<\/strong>&nbsp;<\/span><\/p>\n\n\n\n<hr class=\"wp-block-separator has-alpha-channel-opacity\"\/>\n\n\n\n<h3 class=\"wp-block-heading\"><span style=\"font-family: arial,helvetica,sans-serif;\"><a href=\"https:\/\/www.emsland.com\/urlaub\/natur-aktiv\/radfahren\/rad-route-dortmund-ems-kanal\/\"><img loading=\"lazy\" decoding=\"async\" title=\"Dortmund-Ems-Kanal Radweg\" width=\"123\" height=\"95\" class=\"alignright\" style=\"margin-top: 2px; margin-bottom: 2px;\" src=\"https:\/\/www.freizeittourer.de\/wp-content\/uploads\/2012\/02\/Dortmund-Ems-Kanal_Radweg_Logo.bmp\" alt=\"\"><\/a>Dortmund-Ems-Kanal Radweg<\/span><\/h3>\n\n\n\n<p><span style=\"font-family: arial,helvetica,sans-serif;\"><strong>L\u00e4nge:<\/strong>&nbsp;&nbsp;350 km<\/span><br><span style=\"font-family: arial,helvetica,sans-serif;\"><strong>Wo:<\/strong>&nbsp;NRW\/Niedersachsen&nbsp;<strong><br>Start: <\/strong>Dortmund nach Norddeich<\/span><br><span style=\"font-family: arial,helvetica,sans-serif;\"><strong>Hinweis: <\/strong>F\u00fcr Genussradler geeignet&nbsp;&#8211; 60 km des Emsradwegs sind eingearbeitet<\/span><\/p>\n\n\n\n<hr class=\"wp-block-separator has-alpha-channel-opacity\"\/>\n\n\n\n<h3 class=\"wp-block-heading\"><span style=\"font-family: arial,helvetica,sans-serif;\"><a href=\"http:\/\/www.edersee-radweg.de\" target=\"_blank\" rel=\"noopener noreferrer\"><img loading=\"lazy\" decoding=\"async\" class=\"alignright\" style=\"margin: 2px;\" title=\"Edersee-Radweg\" src=\"https:\/\/www.freizeittourer.de\/wp-content\/uploads\/2012\/02\/Edersee-Radweg_Logo.gif\" alt=\"\" width=\"128\" height=\"83\"><\/a>Edersee Radweg \ud83d\ude00&nbsp;<br><\/span><\/h3>\n\n\n\n<p><span style=\"font-family: arial,helvetica,sans-serif;\"><strong>L\u00e4nge:<\/strong>&nbsp;54&nbsp;km<\/span><br><span style=\"font-family: arial,helvetica,sans-serif;\"><strong>Wo:<\/strong>&nbsp;Hessen&nbsp;<strong><br>Start:&nbsp;<\/strong>Rundkurs<\/span><br><span style=\"font-family: arial,helvetica,sans-serif;\"><strong>Hinweis:<\/strong><\/span><\/p>\n\n\n\n<hr class=\"wp-block-separator has-alpha-channel-opacity\"\/>\n\n\n\n<h3 class=\"wp-block-heading\"><span style=\"font-family: arial,helvetica,sans-serif;\"><a href=\"http:\/\/www.radtour4u.de\/elbe-mueritz-rundweg.php\" target=\"_blank\" rel=\"noopener noreferrer\"><img loading=\"lazy\" decoding=\"async\" class=\"alignright\" style=\"margin-top: 2px; margin-bottom: 2px;\" title=\"Elbe-M\u00fcritz-Rundweg\" src=\"https:\/\/www.freizeittourer.de\/wp-content\/uploads\/2012\/02\/Elbe-Mueritz-Rundweg_Logo.jpg\" alt=\"\" width=\"116\" height=\"108\"><\/a>Elbe-M\u00fcritz-Rundweg<\/span><\/h3>\n\n\n\n<p><span style=\"font-family: arial,helvetica,sans-serif;\"><strong>L\u00e4nge:<\/strong> 410 km<\/span><br><span style=\"font-family: arial,helvetica,sans-serif;\"><strong>Wo:<\/strong> Mecklenburg-Vorpommern<strong><br>Start: <\/strong>Rundkurs<\/span><br><span style=\"font-family: arial,helvetica,sans-serif;\"><strong>Hinweis:<\/strong><\/span><\/p>\n\n\n\n<hr class=\"wp-block-separator has-alpha-channel-opacity\"\/>\n\n\n\n<h3 class=\"wp-block-heading\"><span style=\"font-family: arial,helvetica,sans-serif;\"><a href=\"http:\/\/www.magicmaps.de\/produktinfo\/touren\/deutschland\/nordrhein-westfalen\/rad-und-inlinetouren\/emscher-park-radweg.html\" target=\"_blank\" rel=\"noopener noreferrer\"><img loading=\"lazy\" decoding=\"async\" class=\"wp-image-847 alignright\" style=\"margin: 2px; border: 0px;\" title=\"Emscher Park Radweg\" src=\"https:\/\/www.freizeittourer.de\/wp-content\/uploads\/2012\/02\/Emscher_Park_Radweg_Logo.gif\" alt=\"\" width=\"107\" height=\"71\"><\/a>Emscher Park Radweg<\/span><\/h3>\n\n\n\n<p><span style=\"font-family: arial,helvetica,sans-serif;\"><strong>L\u00e4nge:<\/strong>&nbsp;207 km<\/span><br><span style=\"font-family: arial,helvetica,sans-serif;\"><strong>Wo:<\/strong>&nbsp;NRW<strong><br>Start:&nbsp;&nbsp;<\/strong>Duisburg<\/span><br><span style=\"font-family: arial,helvetica,sans-serif;\"><strong>Hinweis:<\/strong><\/span><\/p>\n\n\n\n<hr class=\"wp-block-separator has-alpha-channel-opacity\"\/>\n\n\n\n<h3 class=\"wp-block-heading\"><span style=\"font-family: arial,helvetica,sans-serif;\"><a href=\"https:\/\/www.radrevier.ruhr\/tourentipps\/uferwege-treidelpfade\/emscher-weg\/\" target=\"_blank\" rel=\"noreferrer noopener\"><img loading=\"lazy\" decoding=\"async\" title=\"Emscher-Weg\" width=\"98\" height=\"99\" class=\"wp-image-850 alignright\" style=\"margin: 2px;\" src=\"https:\/\/www.freizeittourer.de\/wp-content\/uploads\/2012\/02\/Emscherweg_Logo.gif\" alt=\"\"><\/a>Emscher Radweg<\/span><\/h3>\n\n\n\n<p><span style=\"font-family: arial,helvetica,sans-serif;\"><strong>L\u00e4nge:<\/strong>&nbsp;105 km<\/span><br><span style=\"font-family: arial,helvetica,sans-serif;\"><strong>Wo:<\/strong>&nbsp;Niedersachsen<\/span><br><span style=\"font-family: arial,helvetica,sans-serif;\"><strong>Start:&nbsp;<\/strong>Holzwickede<\/span><br><span style=\"font-family: arial,helvetica,sans-serif;\"><strong>Hinweis: <\/strong>bis zur M\u00fcndung in den Rhein bei Dinslaken<\/span><\/p>\n\n\n\n<hr class=\"wp-block-separator has-alpha-channel-opacity\"\/>\n\n\n\n<h3 class=\"wp-block-heading\"><span style=\"font-family: arial,helvetica,sans-serif;\"><a href=\"http:\/\/www.emsradweg.de\" target=\"_blank\" rel=\"noopener noreferrer\"><img loading=\"lazy\" decoding=\"async\" class=\"wp-image-851 alignright\" style=\"margin: 2px;\" title=\"Ems Radweg\" src=\"https:\/\/www.freizeittourer.de\/wp-content\/uploads\/2012\/02\/Ems_Radweg_Logo.jpg\" alt=\"\" width=\"92\" height=\"100\"><\/a>Emsradweg<\/span><\/h3>\n\n\n\n<p><span style=\"font-family: arial,helvetica,sans-serif;\"><strong>L\u00e4nge:<\/strong>&nbsp;375 km<\/span><br><span style=\"font-family: arial,helvetica,sans-serif;\"><strong>Wo: <\/strong>Niedersachsen<\/span><br><span style=\"font-family: arial,helvetica,sans-serif;\"><strong>Start:&nbsp;<\/strong>H\u00f6velhof<strong>&nbsp;<\/strong>(Quellen)<\/span><br><span style=\"font-family: arial,helvetica,sans-serif;\"><strong>Hinweis:&nbsp;<\/strong>bis an die Nordseek\u00fcste bei Emden immer in unmittelbarer N\u00e4he der Ems<\/span><\/p>\n\n\n\n<hr class=\"wp-block-separator has-alpha-channel-opacity\"\/>\n\n\n\n<h3 class=\"wp-block-heading\"><span style=\"font-family: arial,helvetica,sans-serif;\"><a href=\"https:\/\/www.niederrhein.de\/component\/k2\/erlebnisweg-rheinschiene\" target=\"_blank\" rel=\"noreferrer noopener\"><img loading=\"lazy\" decoding=\"async\" title=\"Erlebnisweg Rheinschiene\" width=\"100\" height=\"100\" class=\"wp-image-863 alignright\" style=\"margin: 2px;\" src=\"https:\/\/www.freizeittourer.de\/wp-content\/uploads\/2012\/02\/Logo2.jpg\" alt=\"\"><\/a>Erlebnisradweg Rheinschiene<\/span><\/h3>\n\n\n\n<p><span style=\"font-family: arial,helvetica,sans-serif;\"><strong>L\u00e4nge:<\/strong>&nbsp;391 km<\/span><br><span style=\"font-family: arial,helvetica,sans-serif;\"><strong>Wo: <\/strong>NRW<\/span><br><span style=\"font-family: arial,helvetica,sans-serif;\"><strong>Start:&nbsp;<\/strong>Bonn<\/span><br><span style=\"font-family: arial,helvetica,sans-serif;\"><strong>Hinweis:&nbsp;<\/strong>bis Duisburg \u00fcber K\u00f6ln und D\u00fcsseldorf<\/span><\/p>\n\n\n\n<hr class=\"wp-block-separator has-alpha-channel-opacity\"\/>\n\n\n\n<h3 class=\"wp-block-heading\"><span style=\"font-family: arial,helvetica,sans-serif; font-size: large;\"><a rel=\"noopener noreferrer\" href=\"http:\/\/www.este-radweg.de\/\" target=\"_blank\"><img loading=\"lazy\" decoding=\"async\" class=\"alignright wp-image-1291\" width=\"99\" height=\"104\" src=\"https:\/\/www.freizeittourer.de\/wp-content\/uploads\/2012\/02\/Esteradweg_Logo.jpg\" alt=\"\"><\/a><\/span><\/h3>\n\n\n\n<h3 class=\"wp-block-heading\"><span style=\"font-family: arial,helvetica,sans-serif;\">Este-Radweg&nbsp;<\/span><\/h3>\n\n\n\n<p><span style=\"font-family: arial,helvetica,sans-serif;\"><strong>L\u00e4nge:<\/strong>&nbsp;65 km<\/span><br><span style=\"font-family: arial,helvetica,sans-serif;\"><strong>Wo: <\/strong>Niedersachsen<\/span><br><span style=\"font-family: arial,helvetica,sans-serif;\"><strong>Start:&nbsp;<\/strong>Wintermoor (Heide) nach Cranz (Hamburg)<\/span><br><span style=\"font-family: arial,helvetica,sans-serif;\"><strong>Hinweis:<\/strong>&nbsp;<\/span><\/p>\n\n\n\n<hr class=\"wp-block-separator has-alpha-channel-opacity\"\/>\n\n\n\n<h3 class=\"wp-block-heading\"><span style=\"font-family: arial,helvetica,sans-serif;\"><a href=\"http:\/\/www.flaeming-skate.de\/de\/startseite.php\" target=\"_blank\" rel=\"noopener noreferrer\"><img loading=\"lazy\" decoding=\"async\" class=\"wp-image-877 alignright\" style=\"margin-top: 2px; margin-bottom: 2px;\" title=\"Flaeming Skate Region\" src=\"https:\/\/www.freizeittourer.de\/wp-content\/uploads\/2012\/02\/Flaeming_Skate_Logo.jpg\" alt=\"\" width=\"117\" height=\"103\"><\/a>Flaeming Skate<\/span><\/h3>\n\n\n\n<p><span style=\"font-family: arial,helvetica,sans-serif;\"><strong>L\u00e4nge:<\/strong>&nbsp;220 km<\/span><br><span style=\"font-family: arial,helvetica,sans-serif;\"><strong>Wo: <\/strong>Brandenburg<\/span><br><span style=\"font-family: arial,helvetica,sans-serif;\"><strong>Start:<br>Hinweis: <\/strong>8 verschiedene Rundkurse auf 3 m breitem feinstem Asphalt<\/span><\/p>\n\n\n\n<hr class=\"wp-block-separator has-alpha-channel-opacity\"\/>\n\n\n\n<h3 class=\"wp-block-heading\"><span style=\"font-family: arial,helvetica,sans-serif;\"><a href=\"https:\/\/friesischer-heerweg.de\/\" target=\"_blank\" rel=\"noreferrer noopener\"><img loading=\"lazy\" decoding=\"async\" title=\"Friesischer_Heerweg_Logo\" width=\"103\" height=\"99\" class=\"wp-image-955 alignright\" style=\"margin-top: 2px; margin-bottom: 2px;\" src=\"https:\/\/www.freizeittourer.de\/wp-content\/uploads\/2012\/02\/Friesischer_Heerweg_Logo.jpg\" alt=\"\"><\/a>Friesischer Heerweg<\/span><\/h3>\n\n\n\n<p><span style=\"font-family: arial,helvetica,sans-serif;\"><strong>L\u00e4nge:<\/strong>&nbsp;300 km<\/span><br><span style=\"font-family: arial,helvetica,sans-serif;\"><strong>Wo: <\/strong>Niedersachsen&nbsp;<strong><br>Start:&nbsp;<\/strong>Oldenburg<\/span><br><span style=\"font-family: arial,helvetica,sans-serif;\"><strong>Hinweis: <\/strong>Rundradweg<\/span><\/p>\n\n\n\n<hr class=\"wp-block-separator has-alpha-channel-opacity\"\/>\n\n\n\n<h3 class=\"wp-block-heading\"><span style=\"font-family: arial,helvetica,sans-serif;\"><a href=\"http:\/\/www.radwandern-oberlausitz.de\/radwege\/fern_froschradweg.asp\" target=\"_blank\" rel=\"noopener noreferrer\"><img loading=\"lazy\" decoding=\"async\" class=\"alignright wp-image-1347\" style=\"margin-top: 2px; margin-bottom: 2px;\" title=\"Froschradweg\" src=\"https:\/\/www.freizeittourer.de\/wp-content\/uploads\/2012\/02\/Froschradweg_Logo.jpg\" alt=\"\" width=\"127\" height=\"97\"><\/a>Froschradweg<\/span><\/h3>\n\n\n\n<p><span style=\"font-family: arial,helvetica,sans-serif;\"><strong>L\u00e4nge:<\/strong> 260 km<\/span><br><span style=\"font-family: arial,helvetica,sans-serif;\"><strong>Wo: <\/strong>Brandenburg <strong><br>Start:<\/strong> Rothenburg\/ Oberlausitz<\/span><br><span style=\"font-family: arial,helvetica,sans-serif;\"><strong>Hinweis: <\/strong>Rundradweg<\/span><\/p>\n\n\n\n<hr class=\"wp-block-separator has-alpha-channel-opacity\"\/>\n\n\n\n<h3 class=\"wp-block-heading\"><span style=\"font-family: arial,helvetica,sans-serif;\"><a href=\"https:\/\/fuerstpuecklerweg.de\/\" target=\"_blank\" rel=\"noreferrer noopener\"><img loading=\"lazy\" decoding=\"async\" title=\"F\u00fcrst-P\u00fcckler-Radweg\" width=\"99\" height=\"104\" class=\"alignright wp-image-1350\" style=\"margin-top: 2px; margin-bottom: 2px;\" src=\"https:\/\/www.freizeittourer.de\/wp-content\/uploads\/2012\/02\/Fuerst-Pueckler-Radweg_Logo.jpg\" alt=\"\"><\/a>F\u00fcrst-P\u00fcckler-Radweg<\/span><\/h3>\n\n\n\n<p><span style=\"font-family: arial,helvetica,sans-serif;\"><strong>L\u00e4nge:<\/strong> 500 km<\/span><br><span style=\"font-family: arial,helvetica,sans-serif;\"><strong>Wo: <\/strong>Brandenburg\/ Niederlausitz&nbsp;<strong><br>Start:<\/strong> Cottbus<\/span><br><span style=\"font-family: arial,helvetica,sans-serif;\"><strong>Hinweis:<\/strong> Rundradweg<\/span><\/p>\n\n\n\n<hr class=\"wp-block-separator has-alpha-channel-opacity\"\/>\n\n\n\n<h3 class=\"wp-block-heading\"><span style=\"font-family: arial,helvetica,sans-serif;\"><a href=\"http:\/\/www.geestradweg.de\/\" target=\"_blank\" rel=\"noopener noreferrer\"><img loading=\"lazy\" decoding=\"async\" class=\"wp-image-960 alignright\" style=\"margin-top: 2px; margin-bottom: 2px;\" title=\"Geestradweg\" src=\"https:\/\/www.freizeittourer.de\/wp-content\/uploads\/2012\/02\/Geestradweg_Logo.bmp\" alt=\"\" width=\"97\" height=\"104\"><\/a>Geestradweg<\/span><\/h3>\n\n\n\n<p><span style=\"font-family: arial,helvetica,sans-serif;\"><strong>L\u00e4nge:<\/strong>&nbsp;177 km<\/span><br><span style=\"font-family: arial,helvetica,sans-serif;\"><strong>Wo: <\/strong>Niedersachsen\/ Bremen&nbsp;<strong><br>Start:&nbsp;<\/strong>Meppen nach Bremen<\/span><br><span style=\"font-family: arial,helvetica,sans-serif;\"><strong>Hinweis:<\/strong><\/span><\/p>\n\n\n\n<hr class=\"wp-block-separator has-alpha-channel-opacity\"\/>\n\n\n\n<h3 class=\"wp-block-heading\"><span style=\"font-family: arial,helvetica,sans-serif;\"><img loading=\"lazy\" decoding=\"async\" class=\"alignright wp-image-1283\" style=\"margin-top: 2px; margin-bottom: 2px;\" title=\"Genie\u00dfer Radroute\" src=\"https:\/\/www.freizeittourer.de\/wp-content\/uploads\/2012\/02\/Ladadi_Geniesser_Radroute_Logo.jpg\" alt=\"\" width=\"101\" height=\"91\">Genie\u00dfer Radroute<\/span><\/h3>\n\n\n\n<p><span style=\"font-family: arial,helvetica,sans-serif;\"><strong>L\u00e4nge: <\/strong>43 km<\/span><br><span style=\"font-family: arial,helvetica,sans-serif;\"><strong>Wo: <\/strong>Hessen &#8211; Landkreis Darmstadt-Dieburg<\/span><br><span style=\"font-family: arial,helvetica,sans-serif;\"><strong>Start:<\/strong> Rundkurs<\/span><br><span style=\"font-family: arial,helvetica,sans-serif;\"><strong>Hinweis:<\/strong>&nbsp;Dieburg &#8211; Gro\u00df-Zimmern &#8211; Ro\u00dfdorf &#8211; Reinheim &#8211; Otzberg &#8211; Gro\u00df-Umstadt<\/span><\/p>\n\n\n\n<hr class=\"wp-block-separator has-alpha-channel-opacity\"\/>\n\n\n\n<h3 class=\"wp-block-heading\"><span style=\"font-family: arial,helvetica,sans-serif;\"><a href=\"http:\/\/www.grafschaft-bentheim-tourismus.de\/\" target=\"_blank\" rel=\"noopener noreferrer\"><img loading=\"lazy\" decoding=\"async\" class=\"wp-image-973 alignright\" style=\"margin: 2px;\" title=\"Grafschaft Bentheim Fietsentour\" src=\"https:\/\/www.freizeittourer.de\/wp-content\/uploads\/2012\/02\/Grafschaft_Bentheim_Fietsentour_Logo.jpg\" alt=\"\" width=\"105\" height=\"103\"><\/a>Grafschaft Bentheim Fietsentour<\/span><\/h3>\n\n\n\n<p><span style=\"font-family: arial,helvetica,sans-serif;\"><strong>L\u00e4nge:<\/strong>&nbsp;220 km<\/span><br><span style=\"font-family: arial,helvetica,sans-serif;\"><strong>Wo: <\/strong>Niedersachsen\/Niederlande<\/span><br><span style=\"font-family: arial,helvetica,sans-serif;\"><strong>Start:<br>Hinweis: <\/strong>25 Einzeltouren sind ausgeschildert<\/span><\/p>\n\n\n\n<hr class=\"wp-block-separator has-alpha-channel-opacity\"\/>\n\n\n\n<h3 class=\"wp-block-heading\"><span style=\"font-family: arial,helvetica,sans-serif;\"><a href=\"http:\/\/www.grenzroute.com\" target=\"_blank\" rel=\"noopener noreferrer\"><img loading=\"lazy\" decoding=\"async\" class=\"wp-image-975 alignright\" style=\"margin: 2px;\" title=\"Grenzroute_Logo\" src=\"https:\/\/www.freizeittourer.de\/wp-content\/uploads\/2012\/02\/Grenzroute_Logo.jpg\" alt=\"\" width=\"111\" height=\"104\"><\/a>Grenzroute<\/span><\/h3>\n\n\n\n<p><span style=\"font-family: arial,helvetica,sans-serif;\"><strong>L\u00e4nge:<\/strong> 130 km<\/span><br><span style=\"font-family: arial,helvetica,sans-serif;\"><strong>Wo:<\/strong> Schleswig-Holstein\/D\u00e4nemark<\/span><br><span style=\"font-family: arial,helvetica,sans-serif;\"><strong>Start:<\/strong> Von der Ostsee zur Nordsee<\/span><br><span style=\"font-family: arial,helvetica,sans-serif;\"><strong>Hinweis:<\/strong><\/span><\/p>\n\n\n\n<hr class=\"wp-block-separator has-alpha-channel-opacity\"\/>\n\n\n\n<h3 class=\"wp-block-heading\"><span style=\"font-family: arial,helvetica,sans-serif;\"><strong><a href=\"http:\/\/www.gurkenradweg.de\" target=\"_blank\" rel=\"noopener noreferrer\"><img loading=\"lazy\" decoding=\"async\" class=\"wp-image-999 alignright\" style=\"margin: 2px;\" title=\"Gurkenradweg\" src=\"https:\/\/www.freizeittourer.de\/wp-content\/uploads\/2012\/02\/Gurkenradweg_Schild2.jpg\" alt=\"\" width=\"105\" height=\"106\"><\/a><\/strong>Gurkenradweg<\/span><\/h3>\n\n\n\n<p><span style=\"font-family: arial,helvetica,sans-serif;\"><strong>L\u00e4nge:<\/strong> 260 km<\/span><br><span style=\"font-family: arial,helvetica,sans-serif;\"><strong>Wo:<\/strong> Brandenburg\/Spreewald<\/span><br><span style=\"font-family: arial,helvetica,sans-serif;\"><strong>Start:<\/strong> Rundkurs&nbsp;L\u00fcbben\/L\u00fcbbenau<\/span><br><span style=\"font-family: arial,helvetica,sans-serif;\"><strong>Hinweis:<\/strong><\/span><\/p>\n\n\n\n<hr class=\"wp-block-separator has-alpha-channel-opacity\"\/>\n\n\n\n<h3 class=\"wp-block-heading\"><span style=\"font-family: arial,helvetica,sans-serif;\"><a href=\"https:\/\/www.hafen-hamburg.de\/de\/adressen\/hafenerlebnisroute-11493\/\" target=\"_blank\" rel=\"noreferrer noopener\"><img loading=\"lazy\" decoding=\"async\" title=\"Hafenerlebnisroute Hamburg\" width=\"105\" height=\"98\" class=\"wp-image-1008 alignright\" style=\"margin-top: 2px; margin-bottom: 2px;\" src=\"https:\/\/www.freizeittourer.de\/wp-content\/uploads\/2012\/02\/Hafenerlebnisroute_Hamburg_Logo.jpg\" alt=\"\"><\/a>Hafenerlebnisroute Hamburg<\/span><\/h3>\n\n\n\n<p><span style=\"font-family: arial,helvetica,sans-serif;\"><strong>L\u00e4nge:<\/strong> ?&nbsp; km<\/span><br><span style=\"font-family: arial,helvetica,sans-serif;\"><strong>Wo:<\/strong> Hamburg<\/span><br><span style=\"font-family: arial,helvetica,sans-serif;\"><strong>Start:<\/strong> Hamburg<\/span><br><span style=\"font-family: arial,helvetica,sans-serif;\"><strong>Hinweis:<\/strong><\/span><\/p>\n\n\n\n<hr class=\"wp-block-separator has-alpha-channel-opacity\"\/>\n\n\n\n<h3 class=\"wp-block-heading\"><span style=\"font-family: arial,helvetica,sans-serif;\"><a href=\"https:\/\/www.auf-nach-mv.de\/radwandern\/fernradwege\/a-radweg-hamburg-ruegen\" target=\"_blank\" rel=\"noreferrer noopener\"><img loading=\"lazy\" decoding=\"async\" title=\"Hamburg-R\u00fcgen Radweg\" width=\"104\" height=\"96\" class=\" alignright\" style=\"margin: 2px;\" src=\"https:\/\/www.freizeittourer.de\/wp-content\/uploads\/2012\/02\/HH-R\u00fcgen-Radweg_Logo.jpg\" alt=\"\"><\/a>Hamburg-R\u00fcgen Radweg<\/span><\/h3>\n\n\n\n<p><span style=\"font-family: arial,helvetica,sans-serif;\"><strong>L\u00e4nge:<\/strong> 516&nbsp; km<\/span><br><span style=\"font-family: arial,helvetica,sans-serif;\"><strong>Wo:<\/strong> Hamburg\/Schleswig-Holstein\/Mecklenburg-Vorpommern<\/span><br><span style=\"font-family: arial,helvetica,sans-serif;\"><strong>Start:<\/strong> Hamburg<\/span><br><span style=\"font-family: arial,helvetica,sans-serif;\"><strong>Hinweis:<\/strong><\/span><\/p>\n\n\n\n<hr class=\"wp-block-separator has-alpha-channel-opacity\"\/>\n\n\n\n<h3 class=\"wp-block-heading\"><span style=\"font-family: arial,helvetica,sans-serif;\"><a href=\"http:\/\/www.rad-reise-service.de\/tour1692.html\" target=\"_blank\" rel=\"noopener noreferrer\"><img loading=\"lazy\" decoding=\"async\" class=\"alignright\" style=\"margin-top: 2px; margin-bottom: 2px;\" title=\"Hase-Ems-Tour\" src=\"https:\/\/www.freizeittourer.de\/wp-content\/uploads\/2012\/02\/Hase-Ems-Tour_Logo.jpg\" alt=\"\" width=\"110\" height=\"89\"><\/a>Hase-Ems-Tour<\/span><\/h3>\n\n\n\n<p><span style=\"font-family: arial,helvetica,sans-serif;\"><strong><strong>L\u00e4nge:<\/strong>&nbsp;<\/strong>265&nbsp; km<\/span><br><span style=\"font-family: arial,helvetica,sans-serif;\"><strong><strong>Wo:<\/strong> <\/strong>Niedersachsen\/ NRW<\/span><br><span style=\"font-family: arial,helvetica,sans-serif;\"><strong><strong>Start:<br><\/strong><\/strong><strong><strong>Hinweis: <\/strong><\/strong>Rundkurs<\/span><\/p>\n\n\n\n<hr class=\"wp-block-separator has-alpha-channel-opacity\"\/>\n\n\n\n<h3 class=\"wp-block-heading\"><span style=\"font-family: arial,helvetica,sans-serif;\"><a href=\"http:\/\/www.hasetal.de\" target=\"_blank\" rel=\"noopener noreferrer\"><img loading=\"lazy\" decoding=\"async\" class=\"alignright\" style=\"margin: 2px;\" title=\"Hasetal Radweg\" src=\"https:\/\/www.freizeittourer.de\/wp-content\/uploads\/2012\/02\/Hasetal_Radweg_Logo.jpg\" alt=\"\" width=\"103\" height=\"104\"><\/a>Hasetal Radweg<\/span><\/h3>\n\n\n\n<p><span style=\"font-family: arial,helvetica,sans-serif;\"><strong>L\u00e4nge:<\/strong> 155&nbsp; km<\/span><br><span style=\"font-family: arial,helvetica,sans-serif;\"><strong>Wo:<\/strong> Niedersachsen<\/span><br><span style=\"font-family: arial,helvetica,sans-serif;\"><strong>Start:<\/strong>&nbsp;Meppen oder Osnabr\u00fcck<\/span><br><span style=\"font-family: arial,helvetica,sans-serif;\"><strong>Hinweis:<\/strong><\/span><\/p>\n\n\n\n<hr class=\"wp-block-separator has-alpha-channel-opacity\"\/>\n\n\n\n<h3 class=\"wp-block-heading\"><span style=\"font-family: arial,helvetica,sans-serif;\"><a href=\"https:\/\/www.mecklenburgische-seenplatte.de\/radtour-havelquellseen-radweg\" target=\"_blank\" rel=\"noreferrer noopener\"><img loading=\"lazy\" decoding=\"async\" title=\"Havelquellseen Radweg\" width=\"102\" height=\"104\" class=\"alignright\" style=\"margin: 2px;\" src=\"https:\/\/www.freizeittourer.de\/wp-content\/uploads\/2012\/02\/Havelquellseen_Radweg_Logo.jpg\" alt=\"\"><\/a>Havelquellseen Radweg<\/span><\/h3>\n\n\n\n<p><span style=\"font-family: arial,helvetica,sans-serif;\"><strong>L\u00e4nge:<\/strong> 58&nbsp; km<\/span><br><span style=\"font-family: arial,helvetica,sans-serif;\"><strong>Wo:<\/strong>&nbsp;Mecklenburg-Vorpommern<\/span><br><span style=\"font-family: arial,helvetica,sans-serif;\"><strong>Start:<\/strong>&nbsp;?<\/span><br><span style=\"font-family: arial,helvetica,sans-serif;\"><strong>Hinweis:<\/strong><\/span><\/p>\n\n\n\n<hr class=\"wp-block-separator has-alpha-channel-opacity\"\/>\n\n\n\n<h3 class=\"wp-block-heading\"><span style=\"font-family: arial,helvetica,sans-serif;\"><a href=\"http:\/\/www.Havelradweg.de\"><img loading=\"lazy\" decoding=\"async\" class=\"wp-image-1030 alignright\" style=\"margin-top: 2px; margin-bottom: 2px;\" title=\"Havelradweg\" src=\"https:\/\/www.freizeittourer.de\/wp-content\/uploads\/2012\/02\/Havelradweg_Logo.bmp\" alt=\"\" width=\"100\" height=\"98\"><\/a>Havel Radweg<\/span><\/h3>\n\n\n\n<p><span style=\"font-family: arial,helvetica,sans-serif;\"><strong>L\u00e4nge:<\/strong>&nbsp;insgesamt 310 km<\/span><br><span style=\"font-family: arial,helvetica,sans-serif;\"><strong>Wo:<\/strong>&nbsp;Meck.-Pomm., Berlin, Brandenburg; Sachsen-Anhalt<\/span><br><span style=\"font-family: arial,helvetica,sans-serif;\"><strong>Start:<\/strong>&nbsp;Berlin bis Havelberg<\/span><br><span style=\"font-family: arial,helvetica,sans-serif;\"><strong>Hinweis:<\/strong><\/span><\/p>\n\n\n\n<hr class=\"wp-block-separator has-alpha-channel-opacity\"\/>\n\n\n\n<h3 class=\"wp-block-heading\"><span style=\"font-family: arial,helvetica,sans-serif;\"><a href=\"http:\/\/www.ilmenauradweg.de\/\" target=\"_blank\" rel=\"noopener noreferrer\"><img loading=\"lazy\" decoding=\"async\" class=\"wp-image-1093 alignright\" style=\"margin-top: 2px; margin-bottom: 2px;\" title=\"Ilmenau Radweg\" src=\"https:\/\/www.freizeittourer.de\/wp-content\/uploads\/2012\/02\/Ilmenau_Radweg_Logo.jpg\" alt=\"\" width=\"105\" height=\"108\"><\/a>Ilmenau Radweg<\/span><\/h3>\n\n\n\n<p><span style=\"font-family: arial,helvetica,sans-serif;\"><strong>L\u00e4nge:<\/strong>&nbsp; 120 km<\/span><br><span style=\"font-family: arial,helvetica,sans-serif;\"><strong>Wo:<\/strong>&nbsp;Niedersachsen\/ Hamburg-Harburg<\/span><br><span style=\"font-family: arial,helvetica,sans-serif;\"><strong>Start: <\/strong>Bad Bodenteich &#8211; Hoopte<\/span><br><span style=\"font-family: arial,helvetica,sans-serif;\"><strong>Hinweis:<\/strong><\/span><\/p>\n\n\n\n<hr class=\"wp-block-separator has-alpha-channel-opacity\"\/>\n\n\n\n<h3 class=\"wp-block-heading\"><span style=\"font-family: arial,helvetica,sans-serif;\">I<a href=\"http:\/\/www.ilmtal-radweg.de\" target=\"_blank\" rel=\"noopener noreferrer\"><img loading=\"lazy\" decoding=\"async\" class=\"alignright\" style=\"margin-top: 2px; margin-bottom: 2px;\" title=\"Ilmtal-Radweg\" src=\"https:\/\/www.freizeittourer.de\/wp-content\/uploads\/2012\/02\/Ilmtal-Radweg_Logo.jpg\" alt=\"\" width=\"96\" height=\"103\"><\/a>lmtal&nbsp;Radweg<\/span><\/h3>\n\n\n\n<p><span style=\"font-family: arial,helvetica,sans-serif;\"><strong>L\u00e4nge:<\/strong>&nbsp; 120 km<\/span><br><span style=\"font-family: arial,helvetica,sans-serif;\"><strong>Wo:<\/strong>&nbsp;Th\u00fcringen<\/span><br><span style=\"font-family: arial,helvetica,sans-serif;\"><strong>Start:&nbsp;<\/strong>Allzunah <\/span><br><span style=\"font-family: arial,helvetica,sans-serif;\"><strong>Hinweis:<\/strong><\/span>&nbsp;<\/p>\n\n\n\n<hr class=\"wp-block-separator has-alpha-channel-opacity\"\/>\n\n\n\n<h3 class=\"wp-block-heading\"><span style=\"font-family: arial,helvetica,sans-serif;\"><a href=\"http:\/\/www.rennsteig-schwarzatal.de\/natur-aktiv\/radfahren\/hy2ocun0\/detail.htm?recid=142EBBDFAF7\" target=\"_blank\" rel=\"noreferrer noopener\"><img loading=\"lazy\" decoding=\"async\" title=\"Klosterradweg_Logo\" width=\"108\" height=\"108\" class=\"alignright\" style=\"margin-top: 2px; margin-bottom: 2px;\" src=\"https:\/\/www.freizeittourer.de\/wp-content\/uploads\/2012\/02\/Klosterradweg_Logo.jpg\" alt=\"\"><\/a>Klosterradweg&nbsp; in Th\u00fcringen<\/span><\/h3>\n\n\n\n<p><span style=\"font-family: arial,helvetica,sans-serif;\"><strong>L\u00e4nge:<\/strong>&nbsp; knapp 20 km<\/span><br><span style=\"font-family: arial,helvetica,sans-serif;\"><strong>Wo:<\/strong>&nbsp;Th\u00fcringen<\/span><br><span style=\"font-family: arial,helvetica,sans-serif;\"><strong>Start:<\/strong>&nbsp;Leutnitz nach K\u00f6nigsee<\/span><br><span style=\"font-family: arial,helvetica,sans-serif;\"><strong>Hinweis:<\/strong><\/span><\/p>\n\n\n\n<hr class=\"wp-block-separator has-alpha-channel-opacity\"\/>\n\n\n\n<h3 class=\"wp-block-heading\"><span style=\"font-family: arial,helvetica,sans-serif;\"><a href=\"http:\/\/www.lueneburger-heide.de\/4503_KlosterRoute_Kultur_per_Pedale.html\" target=\"_blank\" rel=\"noopener noreferrer\"><img loading=\"lazy\" decoding=\"async\" class=\"alignright\" style=\"margin-top: 2px; margin-bottom: 2px;\" title=\"Klosterroute L\u00fcneburger Heide\" src=\"https:\/\/www.freizeittourer.de\/wp-content\/uploads\/2012\/02\/Klosterroute_LH_Logo1.jpg\" alt=\"\" width=\"112\" height=\"102\"><\/a>Klosterroute&nbsp;L\u00fcneburger Heide<\/span><\/h3>\n\n\n\n<p><span style=\"font-family: arial,helvetica,sans-serif;\"><strong>L\u00e4nge:<\/strong>&nbsp;&nbsp;153 km<\/span><br><span style=\"font-family: arial,helvetica,sans-serif;\"><strong>Wo:<\/strong>&nbsp;Niedersachsen<\/span><br><span style=\"font-family: arial,helvetica,sans-serif;\"><strong>Start:<\/strong>&nbsp;L\u00fcneburg<\/span><br><span style=\"font-family: arial,helvetica,sans-serif;\"><strong>Hinweis: <\/strong>Rundtour&nbsp;<\/span><\/p>\n\n\n\n<hr class=\"wp-block-separator has-alpha-channel-opacity\"\/>\n\n\n\n<h3 class=\"wp-block-heading\"><span style=\"font-family: arial,helvetica,sans-serif;\"><a href=\"https:\/\/www.nordwaerts.de\/aktiv-entspannt\/radfahren\/\" target=\"_blank\" rel=\"noreferrer noopener\"><img loading=\"lazy\" decoding=\"async\" title=\"Kloster-Route Rotenburg\" width=\"108\" height=\"96\" class=\"alignright\" style=\"margin-top: 2px; margin-bottom: 2px;\" src=\"https:\/\/www.freizeittourer.de\/wp-content\/uploads\/2012\/02\/Kloster_Route_Rotenburg_Logo.jpg\" alt=\"\"><\/a>Klosterroute Rotenburg\/W\u00fcmme<\/span><\/h3>\n\n\n\n<p><span style=\"font-family: arial,helvetica,sans-serif;\"><strong>L\u00e4nge:<\/strong>&nbsp;&nbsp;37 km<\/span><br><span style=\"font-family: arial,helvetica,sans-serif;\"><strong>Wo:<\/strong>&nbsp;Niedersachsen<\/span><br><span style=\"font-family: arial,helvetica,sans-serif;\"><strong>Start:<\/strong>&nbsp;Zeven &#8211; Zeven<\/span><br><span style=\"font-family: arial,helvetica,sans-serif;\"><strong>Hinweis:<\/strong> Rundkurs<\/span><\/p>\n\n\n\n<hr class=\"wp-block-separator has-alpha-channel-opacity\"\/>\n\n\n\n<h3 class=\"wp-block-heading\"><span style=\"font-family: arial,helvetica,sans-serif;\"><a href=\"https:\/\/www.oberlausitz-heide.de\/erleben\/touren\/krabat-radweg\/\" target=\"_blank\" rel=\"noreferrer noopener\"><img loading=\"lazy\" decoding=\"async\" title=\"Krabat Radweg\" width=\"112\" height=\"103\" class=\"alignright wp-image-1339\" style=\"margin-top: 2px; margin-bottom: 2px;\" src=\"https:\/\/www.freizeittourer.de\/wp-content\/uploads\/2012\/02\/Krabat_Radweg_Logo.png\" alt=\"\"><\/a>Krabat Radweg<\/span><\/h3>\n\n\n\n<p><span style=\"font-family: arial,helvetica,sans-serif;\"><strong>L\u00e4nge:<\/strong> 80 km<\/span><br><span style=\"font-family: arial,helvetica,sans-serif;\"><strong>Wo:<\/strong> Brandenburg\/Lausitz<\/span><br><span style=\"font-family: arial,helvetica,sans-serif;\"><strong>Start:<br><\/strong><strong>Hinweis:<\/strong> Rundkurs &#8211; auf den Spuren des Krabat durch das Land der Sorben<\/span><\/p>\n\n\n\n<hr class=\"wp-block-separator has-alpha-channel-opacity\"\/>\n\n\n\n<h3 class=\"wp-block-heading\"><span style=\"font-family: arial,helvetica,sans-serif;\"><a href=\"http:\/\/www.niederlausitz.com\/ausflugsziele\/aktivurlaub\/radfahren\/tour_kranich\/tour_kranich.html\" target=\"_blank\" rel=\"noopener noreferrer\"><img loading=\"lazy\" decoding=\"async\" class=\"alignright\" style=\"margin-top: 2px; margin-bottom: 2px;\" title=\"Kranichtour\" src=\"https:\/\/www.freizeittourer.de\/wp-content\/uploads\/2012\/02\/Kranichtour_Logo.png\" alt=\"\" width=\"109\" height=\"104\"><\/a>Kranichradweg<\/span><\/h3>\n\n\n\n<p><span style=\"font-family: arial,helvetica,sans-serif;\"><strong>L\u00e4nge:<\/strong>&nbsp;&nbsp;200 km<\/span><br><span style=\"font-family: arial,helvetica,sans-serif;\"><strong>Wo:<\/strong>&nbsp;Brandenburg\/Lausitz<\/span><br><span style=\"font-family: arial,helvetica,sans-serif;\"><strong>Start:<br><\/strong><strong>Hinweis:<\/strong> Rundkurs<\/span><\/p>\n\n\n\n<hr class=\"wp-block-separator has-alpha-channel-opacity\"\/>\n\n\n\n<h3 class=\"wp-block-heading\"><span style=\"font-family: arial,helvetica,sans-serif;\"><a href=\"http:\/\/www.lahntalradweg.de\"><img loading=\"lazy\" decoding=\"async\" class=\"wp-image-1068 alignright\" style=\"margin-top: 2px; margin-bottom: 2px;\" title=\"Lahntalradweg\" src=\"https:\/\/www.freizeittourer.de\/wp-content\/uploads\/2012\/02\/Lahntalradweg_Logo.jpg\" alt=\"\" width=\"107\" height=\"100\"><\/a>Lahntalradweg<\/span><\/h3>\n\n\n\n<p><span style=\"font-family: arial,helvetica,sans-serif;\"><strong>L\u00e4nge:<\/strong>&nbsp;&nbsp;240 km<\/span><br><span style=\"font-family: arial,helvetica,sans-serif;\"><strong>Wo:<\/strong>&nbsp;Hessen<\/span><br><span style=\"font-family: arial,helvetica,sans-serif;\"><strong>Start:<\/strong>&nbsp;Netphen (Quelle)&nbsp;&#8211; Lahnstein (M\u00fcndung)<\/span><br><span style=\"font-family: arial,helvetica,sans-serif;\"><strong>Hinweis:<\/strong><\/span><\/p>\n\n\n\n<hr class=\"wp-block-separator has-alpha-channel-opacity\"\/>\n\n\n\n<h3 class=\"wp-block-heading\"><span style=\"font-family: arial,helvetica,sans-serif;\"><a href=\"http:\/\/www.radtour4u.de\/leineradweg.php\" target=\"_blank\" rel=\"noopener noreferrer\"><img loading=\"lazy\" decoding=\"async\" class=\"alignright\" style=\"margin-top: 2px; margin-bottom: 2px;\" title=\"Leineradweg\" src=\"https:\/\/www.freizeittourer.de\/wp-content\/uploads\/2012\/02\/Leineradweg_Logo.png\" alt=\"\" width=\"103\" height=\"101\"><\/a>Leine Radweg<\/span><\/h3>\n\n\n\n<p><span style=\"font-family: arial,helvetica,sans-serif;\"><strong>L\u00e4nge:<\/strong>&nbsp;333 km<\/span><br><span style=\"font-family: arial,helvetica,sans-serif;\"><strong>Wo: <\/strong>Th\u00fcringen\/Niedersachsen<\/span><br><span style=\"font-family: arial,helvetica,sans-serif;\"><strong>Start: <\/strong>Leinefelden<\/span><br><span style=\"font-family: arial,helvetica,sans-serif;\"><strong>Hinweis:<\/strong><\/span><\/p>\n\n\n\n<hr class=\"wp-block-separator has-alpha-channel-opacity\"\/>\n\n\n\n<h3 class=\"wp-block-heading\"><span style=\"font-family: arial,helvetica,sans-serif;\"><a href=\"https:\/\/www.radfahren-bw.de\/radtour\/main-tauber-fraenkischer-radachter\/\" target=\"_blank\" rel=\"noreferrer noopener\"><img loading=\"lazy\" decoding=\"async\" title=\"Main-Tauber-Fr\u00e4nkischer Rad-Achter\" width=\"118\" height=\"85\" class=\" alignright\" style=\"margin-top: 2px; margin-bottom: 2px;\" src=\"https:\/\/www.freizeittourer.de\/wp-content\/uploads\/2012\/02\/Main-Tauber-Fraenkischer_Rad-Achter_Logo.gif\" alt=\"\"><\/a>Main-Tauber-Fr\u00e4nkischer-Rad-Achter<\/span><\/h3>\n\n\n\n<p><span style=\"font-family: arial,helvetica,sans-serif;\"><strong>L\u00e4nge:<\/strong>&nbsp;&nbsp;552 km<\/span><br><span style=\"font-family: arial,helvetica,sans-serif;\"><strong>Wo:<\/strong>&nbsp;Baden-W\u00fcrttemberg\/Bayern <strong><br>Start: <\/strong>Lauda-K\u00f6nigshofen<\/span><br><span style=\"font-family: arial,helvetica,sans-serif;\"><strong>Hinweis: <\/strong>Steigungen m\u00f6glich !!&nbsp; \ud83d\ude25<\/span><\/p>\n\n\n\n<hr class=\"wp-block-separator has-alpha-channel-opacity\"\/>\n\n\n\n<h3 class=\"wp-block-heading\"><span style=\"font-family: arial,helvetica,sans-serif;\"><a href=\"https:\/\/www.schoene-radwege.de\/radwege\/mauerradweg\/\" target=\"_blank\" rel=\"noreferrer noopener\"><img loading=\"lazy\" decoding=\"async\" title=\"Mauerradweg\" width=\"139\" height=\"70\" class=\"wp-image-1129 alignright\" src=\"https:\/\/www.freizeittourer.de\/wp-content\/uploads\/2012\/02\/Mauerradweg_Logo.jpg\" alt=\"\"><\/a>Mauerradweg<\/span><\/h3>\n\n\n\n<p><span style=\"font-family: arial,helvetica,sans-serif;\"><strong>L\u00e4nge:<\/strong>&nbsp;&nbsp;160 km<\/span><br><span style=\"font-family: arial,helvetica,sans-serif;\"><strong>Wo:<\/strong>&nbsp; Berlin + Umland <strong><br>Start: <\/strong>Berlin<\/span><br><span style=\"font-family: arial,helvetica,sans-serif;\"><strong>Hinweis:<\/strong>14 Einzelstrecken im Prospekt<\/span><\/p>\n\n\n\n<hr class=\"wp-block-separator has-alpha-channel-opacity\"\/>\n\n\n\n<h3 class=\"wp-block-heading\"><span style=\"font-family: arial,helvetica,sans-serif;\"><a href=\"http:\/\/www.mosel-radweg.de\/\" target=\"_blank\" rel=\"noopener noreferrer\"><img loading=\"lazy\" decoding=\"async\" class=\"wp-image-1132 alignright\" style=\"margin-top: 2px; margin-bottom: 2px;\" title=\"Moselradweg\" src=\"https:\/\/www.freizeittourer.de\/wp-content\/uploads\/2012\/02\/Logo_Moselradweg.png\" alt=\"\" width=\"103\" height=\"100\"><\/a>Moselradweg \ud83d\ude00&nbsp;<br><\/span><\/h3>\n\n\n\n<p><span style=\"font-family: arial,helvetica,sans-serif;\"><strong>L\u00e4nge:<\/strong>&nbsp;&nbsp;275 km<\/span><br><span style=\"font-family: arial,helvetica,sans-serif;\"><strong>Wo:<\/strong>&nbsp;Rheinland-Pfalz<strong><br>Start: <\/strong>Thionville (F)&nbsp;&#8211; Koblenz<\/span><br><span style=\"font-family: arial,helvetica,sans-serif;\"><strong>Hinweis:<\/strong> Mit Trier wartet die \u00e4lteste deutsche Stadt<\/span><\/p>\n\n\n\n<hr class=\"wp-block-separator has-alpha-channel-opacity\"\/>\n\n\n\n<h3 class=\"wp-block-heading\"><span style=\"font-family: arial,helvetica,sans-serif;\"><a href=\"http:\/\/www.muehlenroute.de\" target=\"_blank\" rel=\"noopener noreferrer\"><img loading=\"lazy\" decoding=\"async\" class=\"alignright\" style=\"margin-top: 2px; margin-bottom: 2px;\" title=\"M\u00fchlenroute\" src=\"https:\/\/www.freizeittourer.de\/wp-content\/uploads\/2012\/02\/Muehlenroute_Logo.jpg\" alt=\"\" width=\"104\" height=\"98\"><\/a>M\u00fchlenroute<\/span><\/h3>\n\n\n\n<p><span style=\"font-family: arial,helvetica,sans-serif;\"><strong>L\u00e4nge:<\/strong>&nbsp;&nbsp;250 km<\/span><br><span style=\"font-family: arial,helvetica,sans-serif;\"><strong>Wo:<\/strong>&nbsp;Niedersachsen <strong><br>Start: <\/strong>Rotenburg\/ W\u00fcmme<\/span><br><span style=\"font-family: arial,helvetica,sans-serif;\"><strong>Hinweis: <\/strong>Rundkurs &#8211; Nord. und S\u00fcdtour m\u00f6glich !<\/span><\/p>\n\n\n\n<hr class=\"wp-block-separator has-alpha-channel-opacity\"\/>\n\n\n\n<h3 class=\"wp-block-heading\"><span style=\"font-family: arial,helvetica,sans-serif;\"><a href=\"https:\/\/www.weil-der-stadt.de\/de\/Freizeit-Tourismus\/Radfahren-Wandern\/Radfahren\/Die-beliebtesten-Radwege\/Museumsradweg\" target=\"_blank\" rel=\"noreferrer noopener\"><img loading=\"lazy\" decoding=\"async\" title=\"Museumsradweg\" width=\"124\" height=\"72\" class=\"wp-image-1133 alignright\" style=\"margin-top: 2px; margin-bottom: 2px;\" src=\"https:\/\/www.freizeittourer.de\/wp-content\/uploads\/2012\/02\/Museumsradweg_Logo.jpg\" alt=\"\"><\/a>Museumsradweg<\/span><\/h3>\n\n\n\n<p><span style=\"font-family: arial,helvetica,sans-serif;\"><strong>L\u00e4nge:<\/strong>&nbsp;&nbsp;62,5 km<\/span><br><span style=\"font-family: arial,helvetica,sans-serif;\"><strong>Wo:<\/strong>&nbsp;Baden-W\u00fcrttemberg <\/span><br><span style=\"font-family: arial,helvetica,sans-serif;\"><strong>Start: <\/strong>Weil der Stadt nach N\u00fcrtingen<\/span><br><span style=\"font-family: arial,helvetica,sans-serif;\"><strong>Hinweis: <\/strong>K\u00f6nnte h\u00fcgelig sein ! \ud83d\ude25 &nbsp;<\/span><\/p>\n\n\n\n<hr class=\"wp-block-separator has-alpha-channel-opacity\"\/>\n\n\n\n<h3 class=\"wp-block-heading\"><span style=\"font-family: arial,helvetica,sans-serif;\"><a href=\"http:\/\/www.naheradweg.de\/\" target=\"_blank\" rel=\"noopener noreferrer\"><img loading=\"lazy\" decoding=\"async\" class=\"wp-image-1134 alignright\" style=\"margin-top: 2px; margin-bottom: 2px;\" title=\"Naheradweg\" src=\"https:\/\/www.freizeittourer.de\/wp-content\/uploads\/2012\/02\/Naheradweg_Logo.png\" alt=\"\" width=\"109\" height=\"92\"><\/a>Nahe Radweg<\/span><\/h3>\n\n\n\n<p><span style=\"font-family: arial,helvetica,sans-serif;\"><strong>L\u00e4nge:<\/strong>&nbsp;&nbsp;122 km<\/span><br><span style=\"font-family: arial,helvetica,sans-serif;\"><strong>Wo:<\/strong>&nbsp;Rheinland-Pfalz <strong><br>Start: <\/strong>Selbach (Nahrquelle) bis Bingen<\/span><br><span style=\"font-family: arial,helvetica,sans-serif;\"><strong>Hinweis: <\/strong>k\u00f6nnte h\u00fcgelig sein?? (6 Touren sind beschrieben) \ud83d\ude25 &nbsp;<\/span><\/p>\n\n\n\n<hr class=\"wp-block-separator has-alpha-channel-opacity\"\/>\n\n\n\n<h3 class=\"wp-block-heading\"><span style=\"font-family: arial,helvetica,sans-serif;\"><a href=\"http:\/\/www.fahrrad-tour.de\/Neckar\/UebNecka.htm\" target=\"_blank\" rel=\"noopener noreferrer\"><img loading=\"lazy\" decoding=\"async\" class=\"wp-image-1135 alignright\" style=\"margin-top: 2px; margin-bottom: 2px;\" title=\"Neckartalradweg\" src=\"https:\/\/www.freizeittourer.de\/wp-content\/uploads\/2012\/02\/Neckartalradweg_Logo.jpg\" alt=\"\" width=\"101\" height=\"93\"><\/a>Neckartal Radweg<\/span><\/h3>\n\n\n\n<p><span style=\"font-family: arial,helvetica,sans-serif;\"><strong>L\u00e4nge:<\/strong>&nbsp;&nbsp;350 km<\/span><br><span style=\"font-family: arial,helvetica,sans-serif;\"><strong>Wo:<\/strong>&nbsp;Badeb-W\u00fcrttemberg <strong><br>Start: <\/strong>Schwennigen &#8211; Heidelberg<\/span><br><span style=\"font-family: arial,helvetica,sans-serif;\"><strong>Hinweis:<\/strong><\/span><\/p>\n\n\n\n<hr class=\"wp-block-separator has-alpha-channel-opacity\"\/>\n\n\n\n<h3 class=\"wp-block-heading\"><span style=\"font-family: arial,helvetica,sans-serif;\"><a href=\"http:\/\/www.niederlausitz.de\/de\/radfahren\/niederlausitzer-bergbautour.html\" target=\"_blank\" rel=\"noopener noreferrer\"><img loading=\"lazy\" decoding=\"async\" class=\"wp-image-1136 alignright\" style=\"margin-top: 2px; margin-bottom: 2px;\" title=\"Niederlausitzer Bergbautour\" src=\"https:\/\/www.freizeittourer.de\/wp-content\/uploads\/2012\/02\/Niederlausitzer_Bergbautour_Logo.png\" alt=\"\" width=\"107\" height=\"105\"><\/a>Niederlausitzer Bergbautour<\/span><\/h3>\n\n\n\n<p><span style=\"font-family: arial,helvetica,sans-serif;\"><strong>L\u00e4nge:<\/strong>&nbsp;&nbsp;510 km<\/span><br><span style=\"font-family: arial,helvetica,sans-serif;\"><strong>Wo: <\/strong>Brandenburg&nbsp; <strong><br>Start: <\/strong>Cottbus (Rundkurs)<\/span><br><span style=\"font-family: arial,helvetica,sans-serif;\"><strong>Hinweis: <\/strong>Keine Steigungen + viel Natur<\/span><\/p>\n\n\n\n<hr class=\"wp-block-separator has-alpha-channel-opacity\"\/>\n\n\n\n<h3 class=\"wp-block-heading\"><span style=\"font-family: arial,helvetica,sans-serif;\"><a href=\"http:\/\/erlebnis-nok-radweg.de\/\" target=\"_blank\" rel=\"noreferrer noopener\"><img loading=\"lazy\" decoding=\"async\" title=\"Nord-Ostsee-Kanal Radweg\" width=\"142\" height=\"52\" class=\"wp-image-1138 alignright\" src=\"https:\/\/www.freizeittourer.de\/wp-content\/uploads\/2012\/02\/Nord-Ostsee-Kanal-Radweg_Logo.gif\" alt=\"\"><\/a>Nord-Ostsee-Kanal Radweg \ud83d\ude00&nbsp;<br><\/span><\/h3>\n\n\n\n<p><span style=\"font-family: arial,helvetica,sans-serif;\"><strong>L\u00e4nge:<\/strong>&nbsp;325 km<\/span><br><span style=\"font-family: arial,helvetica,sans-serif;\"><strong>Wo:<\/strong>&nbsp;Schleswig-Holstein <strong><br>Start: <\/strong>Brunsb\u00fcttel &#8211; Kiel<\/span><br><span style=\"font-family: arial,helvetica,sans-serif;\"><strong>Hinweis: <\/strong><\/span><\/p>\n\n\n\n<hr class=\"wp-block-separator has-alpha-channel-opacity\"\/>\n\n\n\n<h3 class=\"wp-block-heading\"><span style=\"font-family: arial,helvetica,sans-serif;\"><a href=\"https:\/\/www.adfc-radtourismus.de\/nordseekuesten-radweg\" target=\"_blank\" rel=\"noreferrer noopener\"><img loading=\"lazy\" decoding=\"async\" title=\"Nordseekuestenradweg\" width=\"103\" height=\"102\" class=\"alignright\" style=\"margin-top: 2px; margin-bottom: 2px;\" src=\"https:\/\/www.freizeittourer.de\/wp-content\/uploads\/2012\/02\/Nordseekuestenradweg_Logo.jpg\" alt=\"\"><\/a>Nordseek\u00fcsten Radweg<\/span><\/h3>\n\n\n\n<p><span style=\"font-family: arial,helvetica,sans-serif;\"><strong>L\u00e4nge:<\/strong>&nbsp;293 km<\/span><br><span style=\"font-family: arial,helvetica,sans-serif;\"><strong>Wo:<\/strong>&nbsp;Schleswig-Holstein <strong><br>Start: <\/strong>Hamburg- Sylt (Teilabschnitt !!)<\/span><br><span style=\"font-family: arial,helvetica,sans-serif;\"><strong>Hinweis: <\/strong>Der l\u00e4ngste Radweg der Welt &#8211; 6.000 km<\/span><\/p>\n\n\n\n<hr class=\"wp-block-separator has-alpha-channel-opacity\"\/>\n\n\n\n<h3 class=\"wp-block-heading\"><span style=\"font-family: arial,helvetica,sans-serif;\"><a href=\"http:\/\/www.obstroute.de\" target=\"_blank\" rel=\"noopener noreferrer\"><img loading=\"lazy\" decoding=\"async\" class=\"wp-image-1143 alignright\" style=\"margin-top: 2px; margin-bottom: 2px;\" title=\"Obstroute Altes Land\" src=\"https:\/\/www.freizeittourer.de\/wp-content\/uploads\/2012\/02\/Obstroute-Altes-Land_Logo.jpg\" alt=\"\" width=\"92\" height=\"94\"><\/a>Obstroute Altes Land<\/span><\/h3>\n\n\n\n<p><span style=\"font-family: arial,helvetica,sans-serif;\"><strong>L\u00e4nge:<\/strong>&nbsp;&nbsp;78 km<\/span><br><span style=\"font-family: arial,helvetica,sans-serif;\"><strong>Wo:<\/strong>&nbsp;Niedersachsen <strong><br>Start: <\/strong>Buxtehude<strong>&nbsp;<\/strong><\/span><br><span style=\"font-family: arial,helvetica,sans-serif;\"><strong>Hinweis: <\/strong>Zwei Schleifen<\/span><\/p>\n\n\n\n<hr class=\"wp-block-separator has-alpha-channel-opacity\"\/>\n\n\n\n<h3 class=\"wp-block-heading\"><span style=\"font-family: arial,helvetica,sans-serif;\"><a href=\"http:\/\/www.oder-neisse-radweg.de\/\" target=\"_blank\" rel=\"noopener noreferrer\"><img loading=\"lazy\" decoding=\"async\" class=\"alignright\" style=\"margin-top: 2px; margin-bottom: 2px;\" title=\"Oder-Neisse-Radweg\" src=\"https:\/\/www.freizeittourer.de\/wp-content\/uploads\/2012\/02\/Oder-Neisse-Radweg_Logo.jpg\" alt=\"\" width=\"85\" height=\"100\"><\/a>Oder-Nei\u00dfe-Radweg<\/span><\/h3>\n\n\n\n<p><span style=\"font-family: arial,helvetica,sans-serif;\"><strong>L\u00e4nge:<\/strong>&nbsp;&nbsp;465 km<\/span><br><span style=\"font-family: arial,helvetica,sans-serif;\"><strong>Wo:<\/strong>&nbsp; Sachsen, Brandenburg, Mecklenburg-Vorpommern<strong><br>Start: <\/strong>Zittau bis Ueckerm\u00fcnde (Ostsee)<\/span><br><span style=\"font-family: arial,helvetica,sans-serif;\"><strong>Hinweis: <\/strong>Deutschlands \u00f6stlichster Radweg<\/span><\/p>\n\n\n\n<hr class=\"wp-block-separator has-alpha-channel-opacity\"\/>\n\n\n\n<h3 class=\"wp-block-heading\"><span style=\"font-family: arial,helvetica,sans-serif;\"><a href=\"http:\/\/ostsee-kuestenradweg.de\/\" target=\"_blank\" rel=\"noreferrer noopener\"><img loading=\"lazy\" decoding=\"async\" title=\"Ostseek\u00fcstenradweg\" width=\"104\" height=\"103\" class=\"alignright wp-image-1309\" style=\"margin-top: 2px; margin-bottom: 2px;\" src=\"https:\/\/www.freizeittourer.de\/wp-content\/uploads\/2012\/02\/Ostseekuestenradweg_Logo.jpg\" alt=\"\"><\/a>Ostseek\u00fcstenradweg<\/span><\/h3>\n\n\n\n<p><span style=\"font-family: arial,helvetica,sans-serif;\"><strong>L\u00e4nge:<\/strong> \u00fcber 1.000 km<\/span><br><span style=\"font-family: arial,helvetica,sans-serif;\"><strong>Wo:<\/strong>&nbsp;Mecklenburg-Vorpommern, Schleswig-Holstein<strong><br>Start: <\/strong>Flensburg nach Albeck (Insel Usedom)<\/span><br><span style=\"font-family: arial,helvetica,sans-serif;\"><strong>Hinweis:<\/strong><\/span><\/p>\n\n\n\n<hr class=\"wp-block-separator has-alpha-channel-opacity\"\/>\n\n\n\n<h3 class=\"wp-block-heading\"><span style=\"font-family: arial,helvetica,sans-serif;\"><a href=\"http:\/\/www.regnitzradweg.de\/\" target=\"_blank\" rel=\"noopener noreferrer\"><img loading=\"lazy\" decoding=\"async\" class=\"wp-image-1145 alignright\" style=\"margin-top: 2px; margin-bottom: 2px;\" title=\"Regnitzradweg\" src=\"https:\/\/www.freizeittourer.de\/wp-content\/uploads\/2012\/02\/Regnitzradweg_Logo.jpg\" alt=\"\" width=\"102\" height=\"105\"><\/a>Regnitzradweg<\/span><\/h3>\n\n\n\n<p><span style=\"font-family: arial,helvetica,sans-serif;\"><strong>L\u00e4nge:<\/strong>&nbsp;&nbsp;84 km<\/span><br><span style=\"font-family: arial,helvetica,sans-serif;\"><strong>Wo:<\/strong> Bayern&nbsp; <\/span><br><span style=\"font-family: arial,helvetica,sans-serif;\"><strong>Start: <\/strong>Bischberg&nbsp;&#8211; N\u00fcrnberg <\/span><br><span style=\"font-family: arial,helvetica,sans-serif;\"><strong>Hinweis:<\/strong><\/span><\/p>\n\n\n\n<hr class=\"wp-block-separator has-alpha-channel-opacity\"\/>\n\n\n\n<h3 class=\"wp-block-heading\"><span style=\"font-family: arial,helvetica,sans-serif;\"><a href=\"https:\/\/www.radrevier.ruhr\/radfernwege\/route-industriekultur\/\" target=\"_blank\" rel=\"noreferrer noopener\"><img loading=\"lazy\" decoding=\"async\" title=\"Revier Rad - Route Industriekultur\" width=\"103\" height=\"88\" class=\"alignright\" style=\"margin-top: 2px; margin-bottom: 2px;\" src=\"https:\/\/www.freizeittourer.de\/wp-content\/uploads\/2012\/02\/Revier-Rad_Logo.jpg\" alt=\"\"><\/a>Revier Rad &#8211; Route Industriekultur<\/span><\/h3>\n\n\n\n<p><span style=\"font-family: arial,helvetica,sans-serif;\"><strong>L\u00e4nge:<\/strong>&nbsp;&nbsp;185 km<\/span><br><span style=\"font-family: arial,helvetica,sans-serif;\"><strong>Wo:<\/strong>&nbsp;Nordrhein-Westphalen <strong><br>Start: <\/strong><\/span><br><span style=\"font-family: arial,helvetica,sans-serif;\"><strong>Hinweis: <\/strong>Es sind 4 Touren durch das Ruhrgebiet (49, 33, 52, 50 km)<\/span><\/p>\n\n\n\n<hr class=\"wp-block-separator has-alpha-channel-opacity\"\/>\n\n\n\n<h3 class=\"wp-block-heading\"><span style=\"font-family: arial,helvetica,sans-serif;\"><a href=\"https:\/\/www.rhoen.info\/w\/rhoenradweg\" target=\"_blank\" rel=\"noreferrer noopener\"><img loading=\"lazy\" decoding=\"async\" title=\"Rh\u00f6nradweg\" width=\"107\" height=\"101\" class=\"alignright\" style=\"margin-top: 2px; margin-bottom: 2px;\" src=\"https:\/\/www.freizeittourer.de\/wp-content\/uploads\/2012\/02\/Rhoenradweg_Logo.gif\" alt=\"\"><\/a>Rh\u00f6nradweg<\/span><\/h3>\n\n\n\n<p><span style=\"font-family: arial,helvetica,sans-serif;\"><strong>L\u00e4nge:<\/strong>&nbsp;180&nbsp;km<\/span><br><span style=\"font-family: arial,helvetica,sans-serif;\"><strong>Wo:<\/strong>&nbsp;Th\u00fcringen\/ Hessen\/ Bayern<\/span><br><span style=\"font-family: arial,helvetica,sans-serif;\"><strong>Start:&nbsp;<\/strong>&nbsp;Bad-Salzungen &#8211; Hammelburg<\/span><br><span style=\"font-family: arial,helvetica,sans-serif;\"><strong>Hinweis: <\/strong>Die Hohe Rh\u00f6n (6 km Steigung !)&nbsp; \ud83d\ude25<\/span><\/p>\n\n\n\n<hr class=\"wp-block-separator has-alpha-channel-opacity\"\/>\n\n\n\n<h3 class=\"wp-block-heading\"><span style=\"font-family: arial,helvetica,sans-serif;\"><a href=\"https:\/\/www.romantischestrasse.de\/radeln-wandern-golfen\/radfahren-gps-tracks\/\" target=\"_blank\" rel=\"noreferrer noopener\"><img loading=\"lazy\" decoding=\"async\" title=\"Romantische-Strasse\" width=\"131\" height=\"82\" class=\" wp-image-1148 alignright\" style=\"margin-top: 2px; margin-bottom: 2px;\" src=\"https:\/\/www.freizeittourer.de\/wp-content\/uploads\/2012\/02\/Romantische-Strasse_Logo.gif\" alt=\"\"><\/a>Romantische Stra\u00dfe<\/span><\/h3>\n\n\n\n<p><span style=\"font-family: arial,helvetica,sans-serif;\"><strong>L\u00e4nge:<\/strong>&nbsp;&nbsp;418 km<\/span><br><span style=\"font-family: arial,helvetica,sans-serif;\"><strong>Wo:<\/strong>&nbsp; Baden-W\u00fcrttemberg, Bayern<strong><br>Start:<\/strong> W\u00fcrzburg<\/span><br><span style=\"font-family: arial,helvetica,sans-serif;\"><strong>Hinweis: <\/strong>Vom Main zu den Alpen<\/span><\/p>\n\n\n\n<hr class=\"wp-block-separator has-alpha-channel-opacity\"\/>\n\n\n\n<h3 class=\"wp-block-heading\"><span style=\"font-family: arial,helvetica,sans-serif;\"><a href=\"http:\/\/www.ruhrtalradweg.de\/\" target=\"_blank\" rel=\"noopener noreferrer\"><img loading=\"lazy\" decoding=\"async\" class=\"alignright\" style=\"margin-top: 2px; margin-bottom: 2px;\" title=\"Ruhrtalradweg\" src=\"https:\/\/www.freizeittourer.de\/wp-content\/uploads\/2012\/02\/Ruhrtalradweg_Logo.jpg\" alt=\"\" width=\"100\" height=\"99\"><\/a>Ruhrtal Radweg<\/span><\/h3>\n\n\n\n<p><span style=\"font-family: arial,helvetica,sans-serif;\"><strong>L\u00e4nge:<\/strong>&nbsp;&nbsp;230 km<\/span><br><span style=\"font-family: arial,helvetica,sans-serif;\"><strong>Wo:<\/strong>&nbsp;Nordrhein-Westphalen <strong><br>Start: <\/strong>Winterberg &#8211; Duisburg<\/span><br><span style=\"font-family: arial,helvetica,sans-serif;\"><strong>Hinweis:<\/strong> Auf den ersten 35 km Steigungen&nbsp; \ud83d\ude25 &nbsp;<\/span><\/p>\n\n\n\n<hr class=\"wp-block-separator has-alpha-channel-opacity\"\/>\n\n\n\n<h3 class=\"wp-block-heading\"><span style=\"font-family: arial,helvetica,sans-serif;\"><a href=\"https:\/\/www.dein-niedersachsen.de\/tourismus\/der-spargelradweg-ideal-fuer-familien-und-senioren-0000076\/\" target=\"_blank\" rel=\"noreferrer noopener\"><img loading=\"lazy\" decoding=\"async\" title=\"Spargelradweg\" width=\"124\" height=\"54\" class=\"wp-image-1150 alignright\" src=\"https:\/\/www.freizeittourer.de\/wp-content\/uploads\/2012\/02\/Spargelradweg_Logo.jpg\" alt=\"\"><\/a>Spargelradweg<\/span><\/h3>\n\n\n\n<p><span style=\"font-family: arial,helvetica,sans-serif;\"><strong>L\u00e4nge:<\/strong>&nbsp;&nbsp;750 km<\/span><br><span style=\"font-family: arial,helvetica,sans-serif;\"><strong>Wo:<\/strong>&nbsp; Niedersachsen<strong><br>Start:<\/strong> Burgdorf\/Hannover<\/span><br><span style=\"font-family: arial,helvetica,sans-serif;\"><strong>Hinweis: <\/strong>Sogar als Seniorentour geeignet !<\/span><\/p>\n\n\n\n<hr class=\"wp-block-separator has-alpha-channel-opacity\"\/>\n\n\n\n<h3 class=\"wp-block-heading\"><span style=\"font-family: arial,helvetica,sans-serif;\"><a href=\"http:\/\/www.spreeradweg.de\" target=\"_blank\" rel=\"noopener noreferrer\"><img loading=\"lazy\" decoding=\"async\" class=\"alignright wp-image-1307\" style=\"margin-top: 2px; margin-bottom: 2px;\" title=\"Spreeradweg\" src=\"https:\/\/www.freizeittourer.de\/wp-content\/uploads\/2012\/02\/Spreeradweg_Logo.jpg\" alt=\"\" width=\"110\" height=\"99\"><\/a>Spreeradweg<\/span><\/h3>\n\n\n\n<p><span style=\"font-family: arial,helvetica,sans-serif;\"><strong>L\u00e4nge:<\/strong> 410 km<\/span><br><span style=\"font-family: arial,helvetica,sans-serif;\"><strong>Wo:<\/strong> Brandenburg\/ Berlin<strong><br>Start:<\/strong> Eibau (Quelle) bis nach Berlin<\/span><br><span style=\"font-family: arial,helvetica,sans-serif;\"><strong>Hinweis: <\/strong>Der Gurkenradweg ist enthalten !<\/span><\/p>\n\n\n\n<hr class=\"wp-block-separator has-alpha-channel-opacity\"\/>\n\n\n\n<h3 class=\"wp-block-heading\"><span style=\"font-family: arial,helvetica,sans-serif;\"><a href=\"https:\/\/www.lueneburger-heide.de\/natur\/tour\/7957\/radweg-storchen-route-auf-adebars-spuren-40-km-rundweg.html\" target=\"_blank\" rel=\"noreferrer noopener\">Storchen-Route<\/a><\/span><\/h3>\n\n\n\n<p><span style=\"font-family: arial,helvetica,sans-serif;\"><strong>L\u00e4nge:<\/strong>&nbsp;&nbsp;2 x 40 km<\/span><br><span style=\"font-family: arial,helvetica,sans-serif;\"><strong>Wo:<\/strong>&nbsp;L\u00fcneburger Heide <strong><br>Start: <\/strong>Ahlen<\/span><br><span style=\"font-family: arial,helvetica,sans-serif;\"><strong>Hinweis: <\/strong>Zwei Rundkurse<\/span><\/p>\n\n\n\n<hr class=\"wp-block-separator has-alpha-channel-opacity\"\/>\n\n\n\n<h3 class=\"wp-block-heading\"><span style=\"font-family: arial,helvetica,sans-serif;\"><a href=\"https:\/\/www.mittelweser-tourismus.de\/tour\/storchenroute\/\" target=\"_blank\" rel=\"noreferrer noopener\"><img loading=\"lazy\" decoding=\"async\" title=\"Storchenroute-Petershagen\" width=\"100\" height=\"93\" class=\"wp-image-1172 alignright\" style=\"margin-top: 2px; margin-bottom: 2px;\" src=\"https:\/\/www.freizeittourer.de\/wp-content\/uploads\/2012\/02\/Storchenroute-Petershagen_Logo.jpg\" alt=\"\"><\/a>Storchenroute-Petershagen<\/span><\/h3>\n\n\n\n<p><span style=\"font-family: arial,helvetica,sans-serif;\"><strong>L\u00e4nge:<\/strong>&nbsp; 50&nbsp;km<\/span><br><span style=\"font-family: arial,helvetica,sans-serif;\"><strong>Wo:<\/strong>&nbsp;Nordrhein-Westphalen <strong><br>Start:<\/strong> Petershagen<\/span><br><span style=\"font-family: arial,helvetica,sans-serif;\"><strong>Hinweis:<\/strong><\/span><\/p>\n\n\n\n<hr class=\"wp-block-separator has-alpha-channel-opacity\"\/>\n\n\n\n<h3 class=\"wp-block-heading\"><span style=\"font-family: arial,helvetica,sans-serif;\"><a href=\"http:\/\/www.frieslandtouristik.de\/tour-de-fries.htm\" target=\"_blank\" rel=\"noopener noreferrer\"><img loading=\"lazy\" decoding=\"async\" class=\" wp-image-1151 alignright\" style=\"margin-top: 2px; margin-bottom: 2px;\" title=\"Tour de Fries\" src=\"https:\/\/www.freizeittourer.de\/wp-content\/uploads\/2012\/02\/Tour_de_Fries_Logo.gif\" alt=\"\" width=\"95\" height=\"100\"><\/a>Tour de Fries<\/span><\/h3>\n\n\n\n<p><span style=\"font-family: arial,helvetica,sans-serif;\"><strong>L\u00e4nge:<\/strong>&nbsp;&nbsp;250 km<\/span><br><span style=\"font-family: arial,helvetica,sans-serif;\"><strong>Wo: <\/strong>Niedersachsen\/Ostfriesland&nbsp; <\/span><br><span style=\"font-family: arial,helvetica,sans-serif;\"><strong>Start:<\/strong> Wilhelmshaven<\/span><br><span style=\"font-family: arial,helvetica,sans-serif;\"><strong>Hinweis:<\/strong> Rundtour<\/span><\/p>\n\n\n\n<hr class=\"wp-block-separator has-alpha-channel-opacity\"\/>\n\n\n\n<h3 class=\"wp-block-heading\"><span style=\"font-family: arial,helvetica,sans-serif;\"><a href=\"https:\/\/www.emsland.com\/urlaub\/natur-aktiv\/radfahren\/united-countries-tour\/\" target=\"_blank\" rel=\"noreferrer noopener\"><img loading=\"lazy\" decoding=\"async\" title=\"United Countries Tour\" width=\"91\" height=\"84\" class=\"alignright\" style=\"margin-top: 2px; margin-bottom: 2px;\" src=\"https:\/\/www.freizeittourer.de\/wp-content\/uploads\/2012\/02\/United_Countries_Tour_Logo.jpg\" alt=\"\"><\/a>United Countries Tour<\/span><\/h3>\n\n\n\n<p><span style=\"font-family: arial,helvetica,sans-serif;\"><strong>L\u00e4nge:<\/strong>&nbsp;&nbsp;600 km<\/span><br><span style=\"font-family: arial,helvetica,sans-serif;\"><strong>Wo:<\/strong>&nbsp;Niedersachsen\/ Holland&nbsp;<strong><br>Start: <\/strong><\/span><br><span style=\"font-family: arial,helvetica,sans-serif;\"><strong>Hinweis:<\/strong> Zwei Rundtouren &#8211; Pionierroute (250 km)&nbsp;+ Smokkelroute (350 km)<\/span><\/p>\n\n\n\n<hr class=\"wp-block-separator has-alpha-channel-opacity\"\/>\n\n\n\n<h3 class=\"wp-block-heading\"><span style=\"font-family: arial,helvetica,sans-serif;\"><a href=\"http:\/\/www.unstrutradweg.de\" target=\"_blank\" rel=\"noopener noreferrer\"><img loading=\"lazy\" decoding=\"async\" class=\"alignright\" style=\"margin-top: 2px; margin-bottom: 2px;\" title=\"Unstrut Radweg\" src=\"https:\/\/www.freizeittourer.de\/wp-content\/uploads\/2012\/02\/Unstrut_Radweg_Logo.jpg\" alt=\"\" width=\"93\" height=\"89\"><\/a>Unstrut Radweg<\/span><\/h3>\n\n\n\n<p><span style=\"font-family: arial,helvetica,sans-serif;\"><strong>L\u00e4nge:<\/strong> 200 km<\/span><br><span style=\"font-family: arial,helvetica,sans-serif;\"><strong>Wo:<\/strong> Th\u00fcringen<strong><br>Start:<\/strong> Kefferhausen (Quelle) nach Naumburg (m\u00fcndet hier in die Saale)<\/span><br><span style=\"font-family: arial,helvetica,sans-serif;\"><strong>Hinweis:<\/strong><\/span>&nbsp;<\/p>\n\n\n\n<hr class=\"wp-block-separator has-alpha-channel-opacity\"\/>\n\n\n\n<h3 class=\"wp-block-heading\"><span style=\"font-family: arial,helvetica,sans-serif;\"><a href=\"https:\/\/www.unstrut-werra.de\/\" target=\"_blank\" rel=\"noreferrer noopener\"><img loading=\"lazy\" decoding=\"async\" title=\"Unstrut-Werra Radweg\" width=\"93\" height=\"95\" class=\"alignright wp-image-1542\" style=\"margin-top: 2px; margin-bottom: 2px;\" src=\"https:\/\/www.freizeittourer.de\/wp-content\/uploads\/2012\/02\/Unstrut-Werra_Radweg_Logo1.jpg\" alt=\"\"><\/a>Unstrut-Werra Radweg<\/span><\/h3>\n\n\n\n<p><span style=\"font-family: arial,helvetica,sans-serif;\"><strong>L\u00e4nge:<\/strong> 32 km<\/span><br><span style=\"font-family: arial,helvetica,sans-serif;\"><strong>Wo:<\/strong> Th\u00fcringen<strong><br>Start:<\/strong> Verbindungsradweg zwischen Unstrut und Werra<\/span><br><span style=\"font-family: arial,helvetica,sans-serif;\"><strong>Hinweis:&nbsp;<\/strong>Radweg mu\u00df&nbsp;auf der H\u00e4lfte einen <strong>Buckel<\/strong> \u00fcberwinden !<\/span><\/p>\n\n\n\n<hr class=\"wp-block-separator has-alpha-channel-opacity\"\/>\n\n\n\n<h3 class=\"wp-block-heading\"><span style=\"font-family: arial,helvetica,sans-serif;\"><a href=\"https:\/\/www.spessart-tourismus.de\/detail\/id=61eebc4a7e8c480c6a968a24\" target=\"_blank\" rel=\"noreferrer noopener\"><img loading=\"lazy\" decoding=\"async\" title=\"Vogelberger Suedbahnradweg\" width=\"120\" height=\"65\" class=\"wp-image-1153 alignright\" src=\"https:\/\/www.freizeittourer.de\/wp-content\/uploads\/2012\/02\/Vogelberger_Suedbahnradweg_Logo.jpg\" alt=\"\"><\/a>Vogelsberger S\u00fcdbahnradweg<\/span><\/h3>\n\n\n\n<p><span style=\"font-family: arial,helvetica,sans-serif;\"><strong>L\u00e4nge:<\/strong>&nbsp;35&nbsp;km<\/span><br><span style=\"font-family: arial,helvetica,sans-serif;\"><strong>Wo:<\/strong>&nbsp; Hessen<strong><br>Start:<\/strong> Hartmannshain<\/span><br><span style=\"font-family: arial,helvetica,sans-serif;\"><strong>Hinweis:<\/strong><\/span><\/p>\n\n\n\n<hr class=\"wp-block-separator has-alpha-channel-opacity\"\/>\n\n\n\n<h3 class=\"wp-block-heading\"><span style=\"font-family: arial,helvetica,sans-serif;\"><a href=\"http:\/\/www.vulkanradweg.de\/\" target=\"_blank\" rel=\"noopener noreferrer\"><img loading=\"lazy\" decoding=\"async\" class=\"wp-image-1155 alignright\" style=\"margin-top: 2px; margin-bottom: 2px;\" title=\"Vulkanradweg\" src=\"https:\/\/www.freizeittourer.de\/wp-content\/uploads\/2012\/02\/Vulkanradweg_Logo.jpg\" alt=\"\" width=\"97\" height=\"101\"><\/a>Vulkanradweg<\/span><\/h3>\n\n\n\n<p><span style=\"font-family: arial,helvetica,sans-serif;\"><strong>L\u00e4nge:<\/strong>&nbsp;&nbsp;93 km<\/span><br><span style=\"font-family: arial,helvetica,sans-serif;\"><strong>Wo:<\/strong>&nbsp;Hessen <strong><br>Start: <\/strong><\/span><br><span style=\"font-family: arial,helvetica,sans-serif;\"><strong>Hinweis: <\/strong>Hartmannshain als Start<\/span><\/p>\n\n\n\n<hr class=\"wp-block-separator has-alpha-channel-opacity\"\/>\n\n\n\n<h3 class=\"wp-block-heading\"><span style=\"font-family: arial,helvetica,sans-serif;\"><a href=\"http:\/\/www.werratal.de\" target=\"_blank\" rel=\"noopener noreferrer\"><img loading=\"lazy\" decoding=\"async\" class=\"alignright wp-image-1345\" style=\"margin-top: 2px; margin-bottom: 2px;\" title=\"Werratal Radweg\" src=\"https:\/\/www.freizeittourer.de\/wp-content\/uploads\/2012\/02\/Werratal_Radweg_Logo.jpg\" alt=\"\" width=\"106\" height=\"104\"><\/a>Werratal Radweg<\/span><\/h3>\n\n\n\n<p><span style=\"font-family: arial,helvetica,sans-serif;\"><strong>L\u00e4nge:<\/strong>&nbsp; 305 km<\/span><br><span style=\"font-family: arial,helvetica,sans-serif;\"><strong>Wo:<\/strong>&nbsp;Th\u00fcringen\/ Niedersachsen&nbsp;<strong><br>Start: <\/strong>Am Rennsteig in Th\u00fcringen (Quellen)<\/span><br><span style=\"font-family: arial,helvetica,sans-serif;\"><strong>Hinweis:&nbsp;<\/strong><\/span><\/p>\n\n\n\n<hr class=\"wp-block-separator has-alpha-channel-opacity\"\/>\n\n\n\n<h3 class=\"wp-block-heading\"><span style=\"font-family: arial,helvetica,sans-serif;\"><a href=\"http:\/\/www.wikinger-friesen-weg.de\/\" target=\"_blank\" rel=\"noopener noreferrer\"><img loading=\"lazy\" decoding=\"async\" class=\"wp-image-1157 alignright\" title=\"Wikinger-Friesen-Weg\" src=\"https:\/\/www.freizeittourer.de\/wp-content\/uploads\/2012\/02\/Wikinger-Friesen-Weg_Logo.jpg\" alt=\"\" width=\"113\" height=\"69\"><\/a>Wikinger Friesen Radweg<\/span><\/h3>\n\n\n\n<p><span style=\"font-family: arial,helvetica,sans-serif;\"><strong>L\u00e4nge:<\/strong>&nbsp;&nbsp;ca. 300 km<\/span><br><span style=\"font-family: arial,helvetica,sans-serif;\"><strong>Wo:<\/strong>&nbsp;Schleswig-Holstein <strong><br>Start: <\/strong>Schleswig als Ausgangspunkt<\/span><br><span style=\"font-family: arial,helvetica,sans-serif;\"><strong>Hinweis: <\/strong>Als Rundtour angelegt<\/span><\/p>\n\n\n\n<hr class=\"wp-block-separator has-alpha-channel-opacity\"\/>\n\n\n\n<h3 class=\"wp-block-heading\"><span style=\"font-family: arial,helvetica,sans-serif;\"><a href=\"https:\/\/urlaubsreich.de\/touren\/wolfsradweg\/\" target=\"_blank\" rel=\"noreferrer noopener\"><img loading=\"lazy\" decoding=\"async\" title=\"Wolfsradweg\" width=\"92\" height=\"94\" class=\"alignright wp-image-1353\" style=\"margin-top: 2px; margin-bottom: 2px;\" src=\"https:\/\/www.freizeittourer.de\/wp-content\/uploads\/2012\/02\/Wolfsradweg_Logo.jpg\" alt=\"\"><\/a>Wolfsradweg<\/span><\/h3>\n\n\n\n<p><span style=\"font-family: arial,helvetica,sans-serif;\"><strong>L\u00e4nge:<\/strong>&nbsp;44 km<\/span><br><span style=\"font-family: arial,helvetica,sans-serif;\"><strong>Wo:<\/strong> Brandenburg\/ Lausitz<strong><br>Start:<\/strong> Boxberg nach Rotheburg\/Steinbach<strong><br><\/strong><strong>Hinweis:<\/strong><strong>&nbsp; <\/strong><\/span><\/p>\n\n\n\n<hr class=\"wp-block-separator has-alpha-channel-opacity\"\/>\n\n\n\n<h3 class=\"wp-block-heading\"><span style=\"font-family: arial,helvetica,sans-serif;\"><a href=\"http:\/\/www.wuemme-radweg.de\/\" target=\"_blank\" rel=\"noopener noreferrer\"><img loading=\"lazy\" decoding=\"async\" class=\"wp-image-1158 alignright\" style=\"margin-top: 2px; margin-bottom: 2px;\" title=\"W\u00fcmme-Radweg\" src=\"https:\/\/www.freizeittourer.de\/wp-content\/uploads\/2012\/02\/Wuemme-Radweg_Logo.jpg\" alt=\"\" width=\"102\" height=\"93\"><\/a>W\u00fcmme Radweg<\/span><\/h3>\n\n\n\n<p><span style=\"font-family: arial,helvetica,sans-serif;\"><strong>L\u00e4nge:<\/strong> 250 km<\/span><br><span style=\"font-family: arial,helvetica,sans-serif;\"><strong>Wo:<\/strong> Niedersachsen<strong><br>Start:<\/strong> Bremen<strong><br><\/strong><strong>Hinweis: <\/strong>Rundtour Von der L\u00fcneburger Heide in die Hansestadt Bremen<\/span><\/p>\n\n\n\n<hr class=\"wp-block-separator has-alpha-channel-opacity\"\/>\n\n\n\n<h3 class=\"wp-block-heading\"><span style=\"font-family: arial,helvetica,sans-serif;\"><a href=\"https:\/\/www.routeyou.com\/de-de\/route\/view\/4368912\/fahrradroute\/wurster-land-route-r09\" target=\"_blank\" rel=\"noreferrer noopener\"><img loading=\"lazy\" decoding=\"async\" title=\"Wurster Land\" width=\"122\" height=\"64\" class=\"wp-image-1159 alignright\" src=\"https:\/\/www.freizeittourer.de\/wp-content\/uploads\/2012\/02\/Wurster_Land_Logo.jpg\" alt=\"\"><\/a>Wurster Land Route<\/span><\/h3>\n\n\n\n<p><span style=\"font-family: arial,helvetica,sans-serif;\"><strong>L\u00e4nge:<\/strong>&nbsp;&nbsp;40 km<\/span><br><span style=\"font-family: arial,helvetica,sans-serif;\"><strong>Wo:<\/strong>&nbsp;Niedersachsen <strong><br>Start: <\/strong>Dorum<\/span><br><span style=\"font-family: arial,helvetica,sans-serif;\"><strong>Hinweis:<\/strong> Rundtour<\/span><\/p>\n\n\n\n<hr class=\"wp-block-separator has-alpha-channel-opacity\"\/>\n","protected":false},"excerpt":{"rendered":"<p>Es gibt so viele Radwege in Deutschland, unglaublich, aber nicht alle sind f\u00fcr uns geeignet. Hier habe ich einige Vorschl\u00e4ge f\u00fcr weitere Touren zusammentragen, die f\u00fcr Genussradler geeignet sein k\u00f6nnten.&nbsp;Manchmal bin ich mir nicht sicher.&nbsp;Es gibt noch viel zu tun &hellip; <a href=\"https:\/\/www.freizeittourer.de\/?page_id=748\">Weiterlesen <span class=\"meta-nav\">&rarr;<\/span><\/a><\/p>\n","protected":false},"author":2,"featured_media":0,"parent":0,"menu_order":3,"comment_status":"closed","ping_status":"closed","template":"","meta":{"footnotes":""},"class_list":["post-748","page","type-page","status-publish","hentry"],"_links":{"self":[{"href":"https:\/\/www.freizeittourer.de\/index.php?rest_route=\/wp\/v2\/pages\/748","targetHints":{"allow":["GET"]}}],"collection":[{"href":"https:\/\/www.freizeittourer.de\/index.php?rest_route=\/wp\/v2\/pages"}],"about":[{"href":"https:\/\/www.freizeittourer.de\/index.php?rest_route=\/wp\/v2\/types\/page"}],"author":[{"embeddable":true,"href":"https:\/\/www.freizeittourer.de\/index.php?rest_route=\/wp\/v2\/users\/2"}],"replies":[{"embeddable":true,"href":"https:\/\/www.freizeittourer.de\/index.php?rest_route=%2Fwp%2Fv2%2Fcomments&post=748"}],"version-history":[{"count":547,"href":"https:\/\/www.freizeittourer.de\/index.php?rest_route=\/wp\/v2\/pages\/748\/revisions"}],"predecessor-version":[{"id":3919,"href":"https:\/\/www.freizeittourer.de\/index.php?rest_route=\/wp\/v2\/pages\/748\/revisions\/3919"}],"wp:attachment":[{"href":"https:\/\/www.freizeittourer.de\/index.php?rest_route=%2Fwp%2Fv2%2Fmedia&parent=748"}],"curies":[{"name":"wp","href":"https:\/\/api.w.org\/{rel}","templated":true}]}}