{"id":42,"date":"2011-06-22T10:15:05","date_gmt":"2011-06-22T08:15:05","guid":{"rendered":"http:\/\/www.freizeittourer.de\/?page_id=42"},"modified":"2017-02-13T09:35:31","modified_gmt":"2017-02-13T07:35:31","slug":"elberadweg","status":"publish","type":"page","link":"https:\/\/www.freizeittourer.de\/?page_id=42","title":{"rendered":"Elberadweg"},"content":{"rendered":"<p><a href=\"https:\/\/www.freizeittourer.de\/wp-content\/uploads\/2011\/06\/Grafik_eigene.jpg\" target=\"_blank\"><img loading=\"lazy\" decoding=\"async\" class=\"alignleft size-medium wp-image-248\" style=\"margin-right: 10px; margin-left: 10px;\" title=\"Elberadweg\" src=\"https:\/\/www.freizeittourer.de\/wp-content\/uploads\/2011\/06\/Grafik_eigene-300x229.jpg\" alt=\"\" width=\"300\" height=\"229\" srcset=\"https:\/\/www.freizeittourer.de\/wp-content\/uploads\/2011\/06\/Grafik_eigene-300x229.jpg 300w, https:\/\/www.freizeittourer.de\/wp-content\/uploads\/2011\/06\/Grafik_eigene.jpg 942w\" sizes=\"auto, (max-width: 300px) 100vw, 300px\" \/><\/a><span style=\"font-family: arial,helvetica,sans-serif;\">2009 sind wir zu unserer ersten gr\u00f6\u00dferen Radtour aufgebrochen. Diese wichtige,&nbsp;erste Radtour ist Schuld daran, das wir es auch heute noch kaum erwarten k\u00f6nnen, wieder aufzubrechen. Wir haben uns bewusst f\u00fcr den <strong><a title=\"Alle Infos zum Elberadweg\" href=\"http:\/\/www.elberadweg.de\/\" target=\"_blank\">Elberadweg<\/a>&nbsp;<\/strong>entschieden, denn immer am Flu\u00df entlang waren&nbsp;Steigungen nicht zu erwarten. Und wir wurden nicht entt\u00e4uscht,&nbsp;der Elberadweg ist f\u00fcr Genu\u00dfradler wie geschaffen. Fast immer in der N\u00e4he des Wassers, hier und da eine kleine F\u00e4hre zum \u00dcbersetzen, unber\u00fchrte Natur, interessante kleine Orte, unheimlich nette und hilfsbereite Menschen&nbsp;und dann am Schlu\u00df das atemberaubende Panorama des Elbsandsteingebirges. Besser geht es nicht.<\/span><\/p>\n<p><span style=\"font-family: arial,helvetica,sans-serif;\">Insgesamt f\u00fchrt der Elberadweg \u00fcber ca. 860 km von Cuxhaven bis Bad Schandau. Wir sind also bisher nur das letzte Drittel gefahren. F\u00fcr den Elberadweg braucht man keine zus\u00e4tzlichen Karten oder sonstige Unterlagen.&nbsp;In den Touristik-Informationen entlang des Radweges oder \u00fcber die Interessengemeinschaft Elberadweg erh\u00e4lt man alles was man braucht.&nbsp;Besser geht es wirklich nicht.<\/span><\/p>\n<p><span style=\"font-family: arial,helvetica,sans-serif;\">Gestartet wurde Dessau und gefahren wurde zur Quelle hin in s\u00fcd\u00f6stliche Richtung bis Bad Schandau kurz vor der Tschechischen Grenze.<\/span><\/p>\n<p><span style=\"font-family: arial,helvetica,sans-serif;\"><a href=\"https:\/\/www.freizeittourer.de\/wp-content\/uploads\/2011\/06\/Grafik_eigene.jpg\" target=\"_blank\"><img loading=\"lazy\" decoding=\"async\" class=\"alignright size-medium wp-image-3338\" style=\"margin-right: 10px; margin-left: 10px;\" title=\"Abendessen an der Elbe\" src=\"https:\/\/www.freizeittourer.de\/wp-content\/uploads\/2017\/02\/03-Dessau10-300x225.jpg\" alt=\"\" width=\"300\" height=\"225\"><\/a>Wir sind mit unseren R\u00e4dern auf dem Autodach bis Leipzig gefahren und haben dort unseren Wagen abgestellt, um mit dem Zug weiter nach Dessau zu fahren. Nach der letzten Etappe werden wir dann von Bad Schandau \u00fcber Dresden hierher zur\u00fcck kommen und mit dem Auto nach Hause fahren. Eine komplette Anreise mit der Bahn w\u00e4re viel zu umst\u00e4ndlich und sehr zeitintensiv gewesen, denn die schnellen ICE-Z\u00fcge nehmen leider keine R\u00e4der mit.<\/span><\/p>\n<p><span style=\"font-family: arial,helvetica,sans-serif;\">Wir haben in der <strong><a title=\"Amtsm\u00fchle in Dessau-Rosslau\" href=\"http:\/\/amtsmuehle-rosslau.de\" target=\"_blank\">Amtsm\u00fchle<\/a><\/strong> in Dessau-Ro\u00dflau \u00fcbernachtet.&nbsp;Die Unterkunft war ganz o.k.&nbsp;Das Zimmer war gro\u00df und sauber. Zu unserer \u00dcberraschung war im Geb\u00e4ude auch ein Altenheim untergebracht &#8211; wie passend. Ich glaube, wir waren die einzigen &#8222;normalen&#8220; G\u00e4ste.<\/span><\/p>\n<p><span style=\"font-family: arial,helvetica,sans-serif;\">Den ersten Abend haben nat\u00fcrlich direkt an der Elbe bei&nbsp;einem \u00fcppigen Abendessen verbracht. Anschlie\u00dfend gab es noch einen&nbsp;Schlummertrunk in Ro\u00dflau. Danach war es auch Zeit, unser Quartier aufzusuchen. Wir haben wirklich gut und ruhig geschlafen.<\/span><\/p>\n<hr>\n<h2><span style=\"font-family: arial,helvetica,sans-serif;\"><a href=\"https:\/\/www.freizeittourer.de\/wp-content\/uploads\/2011\/06\/04-Etappe1.jpg\" target=\"_blank\"><img loading=\"lazy\" decoding=\"async\" class=\"alignleft size-medium wp-image-211\" style=\"margin-right: 10px; margin-left: 10px;\" title=\"Aus Elberadweg-Handbuch 2010\" src=\"https:\/\/www.freizeittourer.de\/wp-content\/uploads\/2011\/06\/04-Etappe1-300x92.jpg\" alt=\"\" width=\"300\" height=\"92\" srcset=\"https:\/\/www.freizeittourer.de\/wp-content\/uploads\/2011\/06\/04-Etappe1-300x92.jpg 300w, https:\/\/www.freizeittourer.de\/wp-content\/uploads\/2011\/06\/04-Etappe1.jpg 1140w\" sizes=\"auto, (max-width: 300px) 100vw, 300px\" \/><\/a>Dessau &#8211; Elster<\/span><\/h2>\n<p><span style=\"font-family: arial,helvetica,sans-serif;\"><strong>1. Etappe<\/strong> &#8211; Nach einem wirklich guten Fr\u00fchst\u00fcck ging es&nbsp;endlich los. Zun\u00e4chst zur\u00fcck nach Dessau und dann den Einstieg zum Elberadweg finden. Unser Tagesziel Elster war ca. 50 km entfernt und das Wetter war super.<\/span><\/p>\n<p><span style=\"font-family: arial,helvetica,sans-serif;\">Wir fahren direkt am Wasser entlang auf gut befestigten Wegen durch eine fast unber\u00fchrte Auenlandschaft. Genauso hatten wir es uns vorgestellt. Bei Coswig m\u00fcssen wir zum ersten Mal \u00fcber die Elbe. Die F\u00e4hre (mit Fahrrad 1,-\u20ac) f\u00e4hrt immer hin- und her. Wartezeiten gibt es nicht. Deshalb bietet sich eine kleine Pause in den Elbterassen an.<\/span><\/p>\n<p><span style=\"font-family: arial,helvetica,sans-serif;\"><a href=\"https:\/\/www.freizeittourer.de\/wp-content\/uploads\/2011\/06\/Grafik_eigene.jpg\" target=\"_blank\"><img loading=\"lazy\" decoding=\"async\" class=\"alignright size-medium wp-image-3341\" style=\"margin-right: 10px; margin-left: 10px;\" title=\"Garten der Schlo\u00dfkirche mit Luther-Bier\" src=\"https:\/\/www.freizeittourer.de\/wp-content\/uploads\/2017\/02\/07-Wittenberg4_Schlosshof-300x225.jpg\" alt=\"\" width=\"300\" height=\"225\"><\/a>Wir m\u00fcssen weiter, denn wir sind erst am Anfang und damals konnten wir noch nicht einsch\u00e4tzen, wie lange wir f\u00fcr 50 km mit Gep\u00e4ck brauchen w\u00fcrden und ein Quartier hatten wir auch noch nicht. Au\u00dferdem&nbsp;kommt bald die Lutherstadt Wittenberg und dort&nbsp;wollen wir etwas verweilen, um uns die Schlo\u00dfkirche mit den ber\u00fchmten Thesen anzusehen. Es gibt in Wittenberg eine von&nbsp;Friedensreich Hundertwasser umgebaute Schule, die bestimmt auch interessant ist.<\/span><\/p>\n<p><span style=\"font-family: arial,helvetica,sans-serif;\">Gegen Mittag sind wir in Wittenberg&nbsp;und hier dreht sich wirklich alles um Martin Luther. Es gibt Luther-Bier, Luther-Wurst, Luther-Brot usw. Wir haben uns f\u00fcr eine Pause im Garten der Schlo\u00dfkirche entschieden und wollen etwas essen und das Bier probieren. Beim Geschmackstest des Bieres waren wir uns nicht&nbsp;sofort einig, sodass wir sicherheitshalber noch ein zweites&nbsp;Bier bestellten. Ergebnis: Es schmeckt sehr gut. Nun aber weiter zur Hundertwasser-Schule.<\/span><\/p>\n<p><span style=\"font-family: arial,helvetica,sans-serif;\"><a href=\"https:\/\/www.freizeittourer.de\/wp-content\/uploads\/2011\/06\/Grafik_eigene.jpg\" target=\"_blank\"><img loading=\"lazy\" decoding=\"async\" class=\"size-medium wp-image-3339 alignleft\" style=\"margin-right: 10px; margin-left: 10px;\" title=\"Pension Hiob\" src=\"https:\/\/www.freizeittourer.de\/wp-content\/uploads\/2017\/02\/08-Elster2_Hiob1a-300x225.jpg\" alt=\"\" width=\"300\" height=\"225\"><\/a>Die Schule sieht wirklich toll aus. H\u00e4tte er nicht auch unsere Schule so umbauen k\u00f6nnen? Es ist Nachmittag und wir haben noch ca. 15 km bis zu unserem ersten Etappenziel. Die Kilometer vergehen wie im Flug. Wir finden in Elster direkt am Wasser ein griechisches Restaurant, das auch Zimmer vermietet.&nbsp;Leider sind keine Zimmer mehr frei, aber nur wenige Meter entfernt bekommen wir bei <strong><a title=\"Bed &amp; Bike Familie Hiob\" href=\"http:\/\/www.pension-hiob.de\/\" target=\"_blank\">Familie Hiob<\/a><\/strong> ein Zimmer. Wir nehmen uns vor, Morgen rechtzeitig ein Zimmer im n\u00e4chsten Zielort&nbsp;zu reservieren.<\/span><\/p>\n<p><span style=\"font-family: arial,helvetica,sans-serif;\">Am Abend kehren wir zum Griechen ans Wasser zur\u00fcck und st\u00e4rken uns f\u00fcr die Aufgaben, die noch vor uns liegen. Es gab Pastizio, gebackene Zucchini&nbsp;und nat\u00fcrlich einen Tzatziki vorweg. Sehr lecker!<\/span><\/p>\n<p><span style=\"font-family: arial,helvetica,sans-serif;\">Die Familie Hiob hatte nur noch ein Notzimmer frei und deshalb haben wir auch nicht so gut geschlafen. Aber besser als Nichts. Am n\u00e4chsten Morgen sind wir noch vor dem Fr\u00fchst\u00fcck beim B\u00e4cker gewesen und haben einen ersten Kaffee getrunken. Das machen wir seitdem immer wieder mal. Es ist noch so sch\u00f6n fr\u00fch und der Ort schl\u00e4ft fast noch.&nbsp;Das Fr\u00fchst\u00fcck in der Pension Hiob war toll und das Wetter erlaubte es, den zweiten Kaffee im Garten zu trinken und dabei in die Zeitung zu schauen. Dann hie\u00df es&nbsp;Taschen packen,&nbsp;Luft in den Reifen pr\u00fcfen und auf Richtung&nbsp;Belgern.<\/span><\/p>\n<hr>\n<h2><span style=\"font-family: arial,helvetica,sans-serif;\"><a href=\"https:\/\/www.freizeittourer.de\/wp-content\/uploads\/2011\/06\/09-Etappe2.jpg\" target=\"_blank\"><img loading=\"lazy\" decoding=\"async\" class=\"alignleft size-medium wp-image-218\" style=\"margin-right: 10px; margin-left: 10px;\" title=\"Aus Elberadweg-Handbuch 2010\" src=\"https:\/\/www.freizeittourer.de\/wp-content\/uploads\/2011\/06\/09-Etappe2-300x92.jpg\" alt=\"\" width=\"300\" height=\"92\" srcset=\"https:\/\/www.freizeittourer.de\/wp-content\/uploads\/2011\/06\/09-Etappe2-300x92.jpg 300w, https:\/\/www.freizeittourer.de\/wp-content\/uploads\/2011\/06\/09-Etappe2.jpg 1140w\" sizes=\"auto, (max-width: 300px) 100vw, 300px\" \/><\/a>Elster &#8211; Belgern<\/span><\/h2>\n<p><span style=\"font-family: arial,helvetica,sans-serif;\"><strong>2. Etappe<\/strong> &#8211;&nbsp;Heute fahren wir unsere <strong><em>&#8222;K\u00f6nigs-Etappe&#8220;<\/em><\/strong> mit \u00fcber 70 km. Familie Hiob empfahl uns, die Elbe zu \u00fcberqueren (mit F\u00e4hre) und den alternativen Radweg zu nehmen. Wir vertrauen ihrer Erfahrung und setzen mit der Elster-F\u00e4hre \u00fcber. Das Wetter meint es heute besonders gut mit uns. Die Zwiebeltechnik&nbsp;erweist sich als&nbsp;praktisch und nach und nach verschwinden Jacke und Pullover in den Packtaschen. Im T-Shirt geht es weiter und zu unser \u00dcberraschung warten&nbsp;am Wegesrand leckere Kirschen, die gepfl\u00fcckt werden wollen.&nbsp;Heute sind so viele Radler unterwegs, dass uns vom st\u00e4ndigen Gr\u00fcssen der &#8222;Kollegen&#8220; die Hand&nbsp;schmerzt. Wir sind jetzt Teil der gro\u00dfen Radler-Familie. <a href=\"https:\/\/www.freizeittourer.de\/wp-content\/uploads\/2011\/06\/Grafik_eigene.jpg\" target=\"_blank\"><img loading=\"lazy\" decoding=\"async\" class=\"alignright size-medium wp-image-3358\" style=\"margin: 10px;\" title=\"S\u00fc\u00dfe Kirschen am Wegesrand\" src=\"https:\/\/www.freizeittourer.de\/wp-content\/uploads\/2017\/02\/IMG_0257-300x225.jpg\" alt=\"\" width=\"300\" height=\"225\"><\/a>Der Elberadweg soll&nbsp;der meistbefahrene Radweg Europas sein. Viele Radler befahren den Radweg in die entgegengesetzte Richtung. Ich hatte aber vorher gelesen, dass der Wind \u00fcberwiegend aus Westen kommt und wir dann eher mit R\u00fcckenwind rechnen k\u00f6nnen. Viele entgegenkommende Radler best\u00e4tigen diese Theorie, denn sie haben mit Gegenwind zu k\u00e4mpfen.<\/span><\/p>\n<p><span style=\"font-family: arial,helvetica,sans-serif;\">Die <strong><a title=\"Bett&amp;Bike\" href=\"http:\/\/www.bettundbike.de\/\" target=\"_blank\">Bett &amp; Bike<\/a><\/strong> Gastgeber sind untereinander gut vernetzt und so hatte uns Frau Hiob die Pension Sigwarth in Belgern empfohlen. Wir riefen fr\u00fchzeitig an und bekamen ein sch\u00f6nes gro\u00dfes Zimmer. Die Unterkunft war gesichert, aber noch waren wir nicht da. Im Laufe der Fahrt stellte sich bei sommerlichen Temperaturen ein fast schmerzhafter Stechdurst ein und eine baldige Therapie war notwendig. In einem kleinen Dorf fanden wir einen h\u00fcbschen Biergarten. Ich bestellte eine Cola und eine Bockwurst. Leider hatte ich nicht vorher gefragt, ob sie Coca Cola haben. Wir bekamen Pepsi &#8211; geht gar nicht.&nbsp;Um auf die Toilette zu gelangen, mu\u00dfte man einen riesigen Tanzsaal durchqueren. So etwas kennt man sonst nur aus Filmen, die in den&nbsp;50ern spielen. Gest\u00e4rkt geht die Fahrt weiter.<\/span><\/p>\n<p><span style=\"font-family: arial,helvetica,sans-serif;\"><a href=\"https:\/\/www.freizeittourer.de\/wp-content\/uploads\/2011\/06\/Grafik_eigene.jpg\" target=\"_blank\"><img loading=\"lazy\" decoding=\"async\" class=\"size-medium wp-image-3342 alignleft\" style=\"margin-right: 10px; margin-left: 10px;\" title=\"Radfahrerkirche We\u00dfnig\" src=\"https:\/\/www.freizeittourer.de\/wp-content\/uploads\/2017\/02\/12-Torgau4_Radfahrerkirche_Wessnig1-300x225.jpg\" alt=\"\" width=\"300\" height=\"225\"><\/a>Der n\u00e4chste gr\u00f6\u00dfere Ort, der vor uns liegt, ist <strong><a title=\"Gro\u00dfe Kreisstadt Torgau\" href=\"http:\/\/www.torgau.eu\" target=\"_blank\">Torgau<\/a><\/strong>. Ein wirklich h\u00fcbsches St\u00e4dtchen mit ca. 20.000 Einwohnern und einem&nbsp;toll restaurierten Marktplatz, der zum Verweilen einl\u00e4dt. Vorher noch ein&nbsp;Rundgang durch die Fu\u00dfg\u00e4ngerzone und danach eine regionale Hopfenspezialit\u00e4t runden unseren Besuch in Torgau ab. So ungef\u00e4hr 50 km haben wir schon geschafft und die Kondition ist immer noch gut.<\/span><\/p>\n<p><span style=\"font-family: arial,helvetica,sans-serif;\">Auf unserem Weg Richtung Belgern besuchen wir in Wessnig die erste <strong><a title=\"1. Radfahrerkirche\" href=\"http:\/\/www.radfahrerkirche.de\/index2.html\" target=\"_blank\">Radfahrerkirche<\/a><\/strong> Deutschlands. Viele Radler aus der ganzen Welt haben sich&nbsp;vor uns&nbsp;in das G\u00e4stebuch eingetragen. Jetzt sind wir auch dabei.<\/span><\/p>\n<p><span style=\"font-family: arial,helvetica,sans-serif;\">Am sp\u00e4ten Nachmittag kommen wir in <strong><a class=\"alignright wp-image-601\" style=\"margin-right: 10px; margin-left: 10px;\" title=\"Rolandstadt Belgern\" href=\"http:\/\/www.stadtbelgern.de\/\" target=\"_blank\">Belgern<\/a><\/strong> an. Kurz vor dem Ort haben wir noch mit einer kurzen aber knackigen Steigung zu k\u00e4mpfen. Aber wir lassen uns&nbsp;nicht unterkriegen und bew\u00e4ltigen auch diese Aufgabe.&nbsp;Die <strong><a title=\"Pension Sigwarth\" href=\"http:\/\/www.pension-sigwarth.de\/\" target=\"_blank\">Pension Sigwarth<\/a><\/strong> ist schnell gefunden. Die Zimmer sind sehr sch\u00f6n, sauber und gro\u00df.&nbsp;Wir richten uns ein, packen das N\u00f6tigste aus und stellen uns erstmal unter die Dusche. Eine Wohltat. Aus den urspr\u00fcnglich geplanten knapp 70 km, sind ca.&nbsp;80 km geworden. Wie auch immer das passiert ist. Gro\u00dfe Um- oder Irrwege sind wir nicht gefahren. Egal, K\u00f6nigsetappe mit Bravour gemeistert. Nach dem Frischmachen erfolgt ein erster Rundgang durch den Ort.&nbsp;Belgern ist eine Rolandstadt und schon \u00fcber 1000 Jahre alt. Der Marktplatz ist auch hier toll restauriert, aber am Abend war hier keine&nbsp;Menschenseele mehr zu finden. Die alten Geb\u00e4ude und der riesige Roland beherrschen den Platz.<\/span><\/p>\n<p><span style=\"font-family: arial,helvetica,sans-serif;\"><a href=\"https:\/\/www.freizeittourer.de\/wp-content\/uploads\/2011\/06\/Grafik_eigene.jpg\" target=\"_blank\"><img loading=\"lazy\" decoding=\"async\" class=\"size-medium wp-image-3343 alignleft\" style=\"margin-right: 10px; margin-left: 10px;\" title=\"Rolandstadt Belgern\" src=\"https:\/\/www.freizeittourer.de\/wp-content\/uploads\/2017\/02\/13-Belgern_Belgern1-226x300.jpg\" alt=\"\" width=\"226\" height=\"300\" srcset=\"https:\/\/www.freizeittourer.de\/wp-content\/uploads\/2017\/02\/13-Belgern_Belgern1-226x300.jpg 226w, https:\/\/www.freizeittourer.de\/wp-content\/uploads\/2017\/02\/13-Belgern_Belgern1.jpg 300w\" sizes=\"auto, (max-width: 226px) 100vw, 226px\" \/><\/a>W<a href=\"https:\/\/www.freizeittourer.de\/wp-content\/uploads\/2011\/06\/Grafik_eigene.jpg\" target=\"_blank\"><img loading=\"lazy\" decoding=\"async\" class=\"size-medium wp-image-3366 alignright\" style=\"margin-right: 10px; margin-left: 10px; margin-bottom: 10px;\" title=\"Bauernfr\u00fchst\u00fcck in der F\u00e4hrdiele\" src=\"https:\/\/www.freizeittourer.de\/wp-content\/uploads\/2017\/02\/13-Belgern_Sigwarth3b-300x225.jpg\" alt=\"\" width=\"300\" height=\"225\"><\/a>\u00e4hrend des Rundgangs interessierte wir uns nicht nur f\u00fcr die historischen Bauwerke, sondern waren auch auf der Suche&nbsp;nach einem gem\u00fctlichen Restaurant mit Biergarten zum Drau\u00dfensitzen. Wir fanden die F\u00e4hrdiele direkt am Anleger der Elbf\u00e4hre. Hier kann man supertoll essen. Die Portionen sind gro\u00df, die Preise aber nicht. Das Bauernfr\u00fchst\u00fcck auf dem Foto ist der Beweis f\u00fcr unsere Begeisterung. Es hat 4,50 \u20ac gekostet und war fast nicht zu schaffen.<\/span><\/p>\n<p><span style=\"font-family: arial,helvetica,sans-serif;\">Nach dem Essen, es wurde schon langsam dunkel, kehrten wir noch einmal zum Marktplatz zur\u00fcck, denn hier gibt es noch eine Diele &#8211; eine&nbsp;Eisdiele.<\/span><\/p>\n<p><span style=\"font-family: arial,helvetica,sans-serif;\">Zur\u00fcck in der Pension, haben wir uns noch einen Schlummertrunk aus dem hauseigenen K\u00fchlschrank geg\u00f6nnt und sind danach,&nbsp;nach einem langen, aber interessanten Tag ins Bett gefallen.&nbsp;F\u00fcr ein fremdes Bett haben wir eigentlich ganz gut geschlafen. Am n\u00e4chsten Morgen haben wir, schon vor dem&nbsp;Fr\u00fchst\u00fcck,&nbsp;wieder&nbsp;unseren&nbsp;kleinen Spaziergang zum B\u00e4cker&nbsp;gemacht. Dort gab es Kaffee,&nbsp;Zeitung und ein St\u00fcck Zuckerkuchen (sehr lecker, fast wie Butterkuchen).<\/span><\/p>\n<p><span style=\"font-family: arial,helvetica,sans-serif;\">Das &#8222;richtige&#8220; Fr\u00fchst\u00fcck in der Pension Sigwarth war prima. Es hat an nichts gefehlt. Wir k\u00f6nnen diese Unterkunft f\u00fcr Radler guten Gewissens empfehlen. Jeder noch ein belegtes Br\u00f6tchen f\u00fcr die Fahrt geschmiert und dann Taschen packen, wie jeden Morgen.<\/span><\/p>\n<hr>\n<h2><span style=\"font-family: arial,helvetica,sans-serif;\"><a href=\"https:\/\/www.freizeittourer.de\/wp-content\/uploads\/2011\/06\/14-Etappe31.jpg\" target=\"_blank\"><img loading=\"lazy\" decoding=\"async\" class=\"alignleft size-medium wp-image-529\" style=\"margin-right: 10px; margin-left: 10px;\" title=\"Aus Elberadweg-Handbuch 2010\" src=\"https:\/\/www.freizeittourer.de\/wp-content\/uploads\/2011\/06\/14-Etappe31-300x90.jpg\" alt=\"\" width=\"300\" height=\"90\" srcset=\"https:\/\/www.freizeittourer.de\/wp-content\/uploads\/2011\/06\/14-Etappe31-300x90.jpg 300w, https:\/\/www.freizeittourer.de\/wp-content\/uploads\/2011\/06\/14-Etappe31.jpg 1140w\" sizes=\"auto, (max-width: 300px) 100vw, 300px\" \/><\/a>Belgern &#8211; Mei\u00dfen<\/span><\/h2>\n<p><span style=\"font-family: arial,helvetica,sans-serif;\"><strong>3. Etappe<\/strong> &#8211; Die heutige Etappe nach Mei\u00dfen hat nur ca. 60 km und sollte ohne Problem zu schaffen sein. Sollte !! Auf unserer Tour treffen wir in M\u00fchlberg auf eine Gruppe \u00e4lterer Herren, die auf einer langen Holzbank sa\u00dfen. Wir hatten einen kurzen Moment die Orientierung verloren und fragten deshalb nach dem weiteren Weg. Die Herren, die wahrscheinlich jeden Tag hier sitzen, &nbsp;halfen uns freundlich weiter.&nbsp;Die Bank ist in der ganzen Gegend bekannt und hei\u00dft die &#8222;L\u00fcgenbank&#8220;. Konnten wir der Wegbeschreibung trotzdem trauen? Wir konnten.<\/span><\/p>\n<p><span style=\"font-family: arial,helvetica,sans-serif;\"><img loading=\"lazy\" decoding=\"async\" class=\"alignright wp-image-614\" style=\"margin-right: 10px; margin-left: 10px; margin-bottom: 10px\" title=\"Die L\u00fcgenbank in M\u00fchlberg\" src=\"https:\/\/www.freizeittourer.de\/wp-content\/uploads\/2011\/06\/15-Unterwegs4-Muehlberg2-300x224.jpg\" alt=\"\" width=\"300\" height=\"224\">Wir kamen durch viele kleine Orte, in denen die Zeit stehen geblieben war.&nbsp;Aber genau das macht den&nbsp;Charme dieser Gegend aus.&nbsp;Das derbe Kopfsteinpflaster auf den Hauptstrassen war nicht immer ein Vergn\u00fcgen, aber die Menschen, die wir getroffen haben, waren immer sehr freundlich und hilfsbereit. \u00dcberhaupt kann man sagen, die Strecke ist prima ausgeschildert. Manchmal hat man aber das Gef\u00fchl, Souvenirj\u00e4ger haben das eine oder andere Hinweisschild abgeschraubt und mitgenommen.<\/span><\/p>\n<p><span style=\"font-family: arial,helvetica,sans-serif;\"><img loading=\"lazy\" decoding=\"async\" class=\"alignleft size-medium wp-image-618\" style=\"margin-right: 10px; margin-left: 10px;\" title=\"Regenpause mit D\u00f6ner \" src=\"https:\/\/www.freizeittourer.de\/wp-content\/uploads\/2011\/06\/15-Unterwegs_Riesa1-300x225.jpg\" alt=\"\" width=\"300\" height=\"225\">Wir hatten&nbsp;das Wetter \u00fcbersch\u00e4tzt. Die letzten Tage waren so sch\u00f6n warm, fast schon zu warm f\u00fcr Mai. Wie bei solchen Wetterlagen \u00fcblich, zieht irgendwann ein Gewitter auf. Uns erwischte die dunkle Front auf der H\u00e4lfte der Strecke in Riesa. Bis hierher hatten wir tolles Wetter, die kurzen Hosen waren im Einsatz. Aber am Horizont braute sich etwas zusammen. In der Innenstadt von Riesa machten wir Mittagspause mit D\u00f6ner und Coca Cola. In einem Hauseingang wurden die R\u00e4der untergestellt und die Packtaschen bekamen einen \u00dcberzieher. Nach der St\u00e4rkung h\u00e4tten wir wieder weiter fahren k\u00f6nnen, aber das Gewitter verzog sich nicht. Es blieb \u00fcber uns und bewegte sich nicht. Wir entschieden, von Riesa mit dem Zug zum n\u00e4chsten Etappenziel&nbsp;nach Mei\u00dfen zu fahren. Die Unterkunft hatten wir schon reserviert.<\/span><\/p>\n<p><span style=\"font-family: arial,helvetica,sans-serif;\"><a href=\"https:\/\/www.freizeittourer.de\/wp-content\/uploads\/2011\/06\/Mama_Savanna.jpg\" target=\"_blank\"><img loading=\"lazy\" decoding=\"async\" class=\"alignright wp-image-620\" style=\"margin-top: 5px; margin-bottom: 5px;\" title=\"Mama Savanna\" src=\"https:\/\/www.freizeittourer.de\/wp-content\/uploads\/2011\/06\/Mama_Savanna-300x225.jpg\" alt=\"\" width=\"180\" height=\"135\" srcset=\"https:\/\/www.freizeittourer.de\/wp-content\/uploads\/2011\/06\/Mama_Savanna-300x225.jpg 300w, https:\/\/www.freizeittourer.de\/wp-content\/uploads\/2011\/06\/Mama_Savanna.jpg 600w\" sizes=\"auto, (max-width: 180px) 100vw, 180px\" \/><\/a>Der Zug fuhr leider nicht auf dem direkten Weg nach Mei\u00dfen, sondern bis Coswig und dann wieder zur\u00fcck nach Mei\u00dfen.&nbsp;Durch Coswig kommen wir Morgen nochmal, dann aber hoffentlich mit dem Rad. In der Zeit h\u00e4tten wir den Weg mit dem Fahrrad auch geschafft. Aber der Regen wollte nicht aufh\u00f6ren. Angekommen in Mei\u00dfen, haben wir nat\u00fcrlich zuerst unsere Unterkunft &#8211; direkt neben der Porzellan-Manufaktur &#8211; aufgesucht. Die Zimmer in der <a title=\"Pension an der Porzellanmanufaktur\" href=\"http:\/\/www.pension-manu.de\/\" target=\"_blank\"><strong>Pension an der Porzellan Manufaktur<\/strong> <\/a>waren auch hier sauber und gro\u00df genug.<\/span><\/p>\n<p><span style=\"font-family: arial,helvetica,sans-serif;\"><a href=\"https:\/\/www.freizeittourer.de\/wp-content\/uploads\/2011\/06\/Grafik_eigene.jpg\" target=\"_blank\"><img loading=\"lazy\" decoding=\"async\" class=\"size-medium wp-image-3347 alignleft\" style=\"margin-right: 10px; margin-left: 10px;\" title=\"Kanal mit Markierung und Regenhaut\" src=\"https:\/\/www.freizeittourer.de\/wp-content\/uploads\/2017\/02\/16-Meissen13-300x225.jpg\" alt=\"\" width=\"300\" height=\"225\"><\/a>Nach dem Auspacken und dem notwendigen Duschen wollten wir uns die Stadt n\u00e4her ansehen. Der Regen hatte immer noch nicht aufgeh\u00f6rt und wir zogen eine Regenhaut \u00fcber. Die Innenstadt mit Marktplatz &#8211; auch wieder sehr sch\u00f6n &#8211; war am Abend wie ausgestorben. Kein Wunder&nbsp;bei dem Wetter. Wir fanden ein Restaurant und waren so gegen 19.00 Uhr schon die letzten G\u00e4ste. Nach uns wurde gleich abgeschlossen. Zum Gl\u00fcck fanden wir noch ein Lokal zum Drau\u00dfensitzen, denn kalt war es nicht, nur nass. \u00dcberall in der Stadt verlaufen Kan\u00e4le und die Markierungen zeigen, wie hoch die legend\u00e4re Flut im August 2002 war. Zum Gl\u00fcck waren wir davon noch weit entfernt. Unsere Hoffnung lag auf dem n\u00e4chsten Tag. Aber vielleicht waren wir am Anfang der Tour zu sehr verw\u00f6hnt worden. Die Nacht war ruhig und wir konnten ganz gut schlafen.<\/span><\/p>\n<p><span style=\"font-family: arial,helvetica,sans-serif;\">Das Fr\u00fchst\u00fccks-Buffet war sehr reichhaltig und hielt einige ostdeutsche Spezialit\u00e4ten bereit. z.B. die Nuss-Nougat-Creme <em><strong>Mama Savanna<\/strong><\/em> aus der Tube&nbsp; &#8211; war sehr lecker.<\/span><\/p>\n<p><span style=\"font-family: arial,helvetica,sans-serif;\">Dann hie\u00df es wieder &#8211; Taschen packen und weiter nach Pirna.&nbsp;Ich war fr\u00fcher schon einmal durch Pirna gefahren und hatte keine guten Erinnerungen an diesen Ort.<\/span><\/p>\n<hr>\n<h2><span style=\"font-family: arial,helvetica,sans-serif;\"><a href=\"https:\/\/www.freizeittourer.de\/wp-content\/uploads\/2011\/06\/18-Etappe41.jpg\" target=\"_blank\"><img loading=\"lazy\" decoding=\"async\" class=\"alignleft size-medium wp-image-531\" style=\"margin-right: 10px; margin-left: 10px;\" title=\"Aus Elberadweg-Handbuch 2010\" src=\"https:\/\/www.freizeittourer.de\/wp-content\/uploads\/2011\/06\/18-Etappe41-300x88.jpg\" alt=\"\" width=\"300\" height=\"88\" srcset=\"https:\/\/www.freizeittourer.de\/wp-content\/uploads\/2011\/06\/18-Etappe41-300x88.jpg 300w, https:\/\/www.freizeittourer.de\/wp-content\/uploads\/2011\/06\/18-Etappe41.jpg 1134w\" sizes=\"auto, (max-width: 300px) 100vw, 300px\" \/><\/a>Mei\u00dfen &#8211; Pirna<\/span><\/h2>\n<p><span style=\"font-family: arial,helvetica,sans-serif;\"><strong>4. Etappe<\/strong> &#8211;&nbsp;Bevor wir so richtig in die Pedalen steigen, m\u00fcssen wir erst noch Getr\u00e4nke f\u00fcr die Fahrt einkaufen. Gleich am Ortausgang von Mei\u00dfen gibt es zahlreiche Superm\u00e4rkte.&nbsp;Heute haben wir mit der s\u00e4chsischen Landeshauptstadt Dresden ein besonderes Highlight auf der Strecke. Ich war noch nie dort und bin schon sehr gespannt. Bis dahin ist aber noch weit. Das Wetter spielt heute mit. Es ist aber bei weitem nicht mehr so warm. Das Bild der Landschaft&nbsp;ver\u00e4ndert sich zunehmend. Die flachen Elbauen verschwinden und&nbsp;eine zunehmend h\u00fcgelige Landschaft begleitet uns.<\/span><\/p>\n<p><span style=\"font-family: arial,helvetica,sans-serif;\"><a href=\"https:\/\/www.freizeittourer.de\/wp-content\/uploads\/2011\/06\/Grafik_eigene.jpg\" target=\"_blank\"><img loading=\"lazy\" decoding=\"async\" class=\"alignright size-medium wp-image-3348\" style=\"margin-right: 10px; margin-left: 10px; margin-bottom: 10px\" title=\"Pause in Radebeul\" src=\"https:\/\/www.freizeittourer.de\/wp-content\/uploads\/2017\/02\/21-Radebeul-300x225.jpg\" alt=\"\" width=\"300\" height=\"225\"><\/a>Auf unserer Tour kommen wir nun durch die Heimatstadt von Karl May &#8211; <strong><a title=\"Radebeul\" href=\"http:\/\/www.radebeul.de\" target=\"_blank\">Radebeul<\/a><\/strong>. F\u00fcr einen Museumsbesuch bleibt leider keine Zeit, aber f\u00fcr einen Abstecher in einem wundersch\u00f6nen Biergarten im Ortsteil <strong><a title=\"K\u00f6tzschenbroda Ortsteil von Radebeul\" href=\"http:\/\/www.altkoetzschenbroda.de\/home.php\" target=\"_blank\">K\u00f6tzschenbroda<\/a><\/strong>, nehmen wir uns ein wenig Zeit. Mit Kaffee und&nbsp;Wei\u00dfwurst st\u00e4rken wir uns f\u00fcr die n\u00e4chsten Kilometer.<\/span><\/p>\n<p><span style=\"font-family: arial,helvetica,sans-serif;\"><a href=\"https:\/\/www.freizeittourer.de\/wp-content\/uploads\/2011\/06\/Grafik_eigene.jpg\" target=\"_blank\"><img loading=\"lazy\" decoding=\"async\" class=\"size-medium wp-image-3349 alignleft\" style=\"margin-right: 10px; margin-left: 10px; margin-bottom: 10px\" title=\"Dresden liegt vor uns\" src=\"https:\/\/www.freizeittourer.de\/wp-content\/uploads\/2017\/02\/IMG_0291-300x225.jpg\" alt=\"\" width=\"300\" height=\"225\"><\/a>Es dauert nicht lange und auf der anderen Elbseite taucht die Semper Oper und der Zwinger von Dresden auf. Wir brauchen diesmal keine F\u00e4hre, sondern fahren \u00fcber eine gro\u00dfe, breite Br\u00fccke direkt auf die historischen Bauwerke&nbsp;zu. Auch der Turm der Frauenkirche ist schon zu erkennen. Ob eine Stadt interessant und sehenswert ist, erkennt man gut an der Qualit\u00e4t der Currywurst, die hier verkauft wird. Funktioniert immer. Wir suchen uns also eine Lokalit\u00e4t und siehe da, die Stadt hat was, denn die Wurst ist top.<\/span><\/p>\n<p><span style=\"font-family: arial,helvetica,sans-serif;\">Die Frauenkirche schauen wir uns danach an. Wahnsinn, was die Restauratoren hier geleistet haben. So gro\u00df hatte ich mir die Kirche nicht vorgestellt. Der Dresdner Zwinger ist noch nicht vollst\u00e4ndig saniert, aber es wird. In der Semper Oper waren wir nicht. Nach einem Bier m\u00fcssen wir weiter.<\/span><\/p>\n<p><span style=\"font-family: arial,helvetica,sans-serif;\">Auf der gegen\u00fcberliegenden Seite der Elbe tauchen immer wieder herrschaftliche, schlo\u00df\u00e4hnliche Geb\u00e4ude auf, die frisch restauriert wurden. Hier mu\u00df ganz fr\u00fcher \u00b4mal das Geld zu Hause gewesen sein.<\/span><\/p>\n<p><span style=\"font-family: arial,helvetica,sans-serif;\"><a href=\"https:\/\/www.freizeittourer.de\/wp-content\/uploads\/2011\/06\/Grafik_eigene.jpg\" target=\"_blank\"><img loading=\"lazy\" decoding=\"async\" class=\"alignright size-medium wp-image-3350\" style=\"margin-right: 10px; margin-left: 10px;\" title=\"Designer-Hotel in Pirna\" src=\"https:\/\/www.freizeittourer.de\/wp-content\/uploads\/2017\/02\/IMG_0305-300x225.jpg\" alt=\"\" width=\"300\" height=\"225\"><\/a>Ich bin echt \u00fcberrascht, wie h\u00fcbsch <strong><a title=\"Pirna\" href=\"http:\/\/www.pirna.de\" target=\"_blank\">Pirna<\/a><\/strong> ist. So hatte ich diesen Ort nicht in Erinnerung. Der Marktplatz und die aufwendig restaurierten H\u00e4user, wirklich toll. Wir finden ein Zimmer in der <strong><a title=\"Pension Donatus\" href=\"http:\/\/www.pension-donatus.de\/\" target=\"_blank\">Pension Donatus<\/a><\/strong>,&nbsp;einem Designer-Hotel. Wahrscheinlich hat vor uns hier noch nie jemand gewohnt, war ganz neu, toll. Im Zimmer waren noch Teile des alten Patrizierhauses aus dem 17. Jahrhundert erkennbar.<\/span><\/p>\n<p><span style=\"font-family: arial,helvetica,sans-serif;\">Wenn man in Pirna etwas mehr in die Seitenstrassen schaut, werden die runtergekommenen H\u00e4user und Grundst\u00fccke sichtbar. Hier ist noch viel zu tun. Das Hochwasser 2002 hat auch hier die Restaurierung um Jahre zur\u00fcck geworfen.<\/span><\/p>\n<p><span style=\"font-family: arial,helvetica,sans-serif;\">Am Abend waren wir in einem sehr urigen Lokal essen. Das Essen war toll und die Chefin hie\u00df Dirndl Caro. Ich hatte Schinkennudeln. War echt lecker.&nbsp;<\/span><\/p>\n<hr>\n<h2><span style=\"font-family: arial,helvetica,sans-serif;\"><a href=\"https:\/\/www.freizeittourer.de\/wp-content\/uploads\/2011\/06\/24-Etappe51.jpg\" target=\"_blank\"><img loading=\"lazy\" decoding=\"async\" class=\"alignleft size-medium wp-image-532\" style=\"margin-right: 10px; margin-left: 10px;\" title=\"Aus Elberadweg-Handbuch 2010\" src=\"https:\/\/www.freizeittourer.de\/wp-content\/uploads\/2011\/06\/24-Etappe51-300x87.jpg\" alt=\"\" width=\"300\" height=\"87\" srcset=\"https:\/\/www.freizeittourer.de\/wp-content\/uploads\/2011\/06\/24-Etappe51-300x87.jpg 300w, https:\/\/www.freizeittourer.de\/wp-content\/uploads\/2011\/06\/24-Etappe51.jpg 1129w\" sizes=\"auto, (max-width: 300px) 100vw, 300px\" \/><\/a>Pirna &#8211; Bad Schandau<\/span><\/h2>\n<p><span style=\"font-family: arial,helvetica,sans-serif;\"><strong>5. Etappe<\/strong> &#8211;&nbsp;Nach einem umfangreichen Fr\u00fchst\u00fccksbuffet haben wir uns wieder auf den Weg gemacht. Heute haben wir es nicht&nbsp;weit. Etwas mehr als 35 km sind es bis <strong><a title=\"Bad Schandau\" href=\"http:\/\/www.bad-schandau.de\/\" target=\"_blank\">Bad Schandau<\/a><\/strong>. Das Wetter ist heute nicht unser Freund. Wir behalten die Regenjacken an. Jetzt sind wir mitten im Elbsandsteingebirge. <a href=\"https:\/\/www.freizeittourer.de\/wp-content\/uploads\/2011\/06\/Grafik_eigene.jpg\" target=\"_blank\"><img loading=\"lazy\" decoding=\"async\" class=\"alignright size-medium wp-image-3368\" style=\"margin-right: 10px; margin-left: 10px; margin-bottom: 10px; margin-top: 10px\" title=\"Das Elbsandsteingebirge\" src=\"https:\/\/www.freizeittourer.de\/wp-content\/uploads\/2017\/02\/26-Unterwegs6-300x225.jpg\" alt=\"\" width=\"300\" height=\"225\"><\/a>Rechts und links erheben sich m\u00e4chtige Felsformationen.&nbsp;Wir fahren nahe am Wasser, nur durch das Bahngleis von der Elbe getrennt.<\/span><\/p>\n<p><span style=\"font-family: arial,helvetica,sans-serif;\">Bevor wir in Bad Schandau ankommen, wollen wir uns die <a title=\"Festung K\u00f6nigstein\" href=\"http:\/\/www.festung-koenigstein.de\/\" target=\"_blank\"><strong>Festung K\u00f6nigstein<\/strong> <\/a>ansehen. Diese Festung ist eine der gr\u00f6\u00dften Bergfestungen in Europa und thront 240 Meter \u00fcber der Elbe. Leider tr\u00fcbte&nbsp;der Regen unsere gute Laune etwas, aber oben auf der Festung gab es warme !! Getr\u00e4nke.&nbsp;Von hier oben hat man einen atemberaubenden Blick auf das Elbtal.<\/span><\/p>\n<p><span style=\"font-family: arial,helvetica,sans-serif;\"><a href=\"https:\/\/www.freizeittourer.de\/wp-content\/uploads\/2011\/06\/Grafik_eigene.jpg\" target=\"_blank\"><img loading=\"lazy\" decoding=\"async\" class=\"size-medium wp-image-3370 alignleft\" style=\"margin-right: 10px; margin-left: 10px; margin-bottom: 10px\" title=\"Blick von der Festung K\u00f6nigstein\" src=\"https:\/\/www.freizeittourer.de\/wp-content\/uploads\/2017\/02\/27-Koenigstein7-300x225.jpg\" alt=\"\" width=\"300\" height=\"225\"><\/a>Die Festung ist riesig und sehr&nbsp;gut erhalten. Man kann sich gut vorstellen, dass sie nicht leicht von Feinden eingenommen werden konnte. Nach der Besichtigung fuhren wir mit dem Bummelzug wieder ins Tal. Wir hatten unsere R\u00e4der auf dem Marktplatz angeschlossen und die Taschen in der Touristeninformation zur Aufbewahrung abgegeben.<\/span><\/p>\n<p><span style=\"font-family: arial,helvetica,sans-serif;\">Hat alles prima geklappt. Jetzt noch die letzten Kilometer bis Bad Schandau. Der Regen h\u00f6rt nicht auf. Wir fahren in den Kurort Bad Schandau und suchen uns aus dem Prospekt ein Quartier. Das <strong><a title=\"Kurparkst\u00fcbl\" href=\"http:\/\/www.kurparkstuebl.de\/\" target=\"_blank\">Kurparkst\u00fcbl<\/a><\/strong> hat ein sch\u00f6nes ruhiges Zimmer f\u00fcr uns. Wir checken ein und legen unsere Sachen zum trocknen aus oder auf die Heizk\u00f6rper. Dann geht es unter die hei\u00dfe Dusche, denn die Feuchtigkeit l\u00e4\u00dft uns etwas frieren. Am Abend gehen wir essen, werden aber bitter entt\u00e4uscht. Im Schlemmereck bekommen wir Essen aus der Dose. Ein Eis zum Nachtisch in einer der Eisdielen und wir machen uns langsam wieder auf den Weg in unser Hotel. Bei diesem Wetter sind nicht viele Menschen unterwegs.<\/span><\/p>\n<p><span style=\"font-family: arial,helvetica,sans-serif;\"><a href=\"https:\/\/www.freizeittourer.de\/wp-content\/uploads\/2011\/06\/Grafik_eigene.jpg\" target=\"_blank\"><img loading=\"lazy\" decoding=\"async\" class=\"alignright size-medium wp-image-3352\" style=\"margin-right: 10px; margin-left: 10px; margin-bottom: 10px\" title=\"\u00dcbersetzen zum Bahnhof Bad Schandau\" src=\"https:\/\/www.freizeittourer.de\/wp-content\/uploads\/2017\/02\/32-Abreise1-300x225.jpg\" alt=\"\" width=\"300\" height=\"225\"><\/a>Am N\u00e4chsten Morgen werden nach dem Fr\u00fchst\u00fcck die Klamotten verpackt. Es ist alles wieder trocken. Der Bahnhof von Bad Schandau liegt auf der anderen Seite der Elbe und wir setzen samt R\u00e4der mit der F\u00e4hre \u00fcber. Es ist schade, dass die Tour schon zu Ende ist. Wir h\u00e4tten noch gekonnt, aber das Wetter ist auch heute nicht besser. Die feuchte und nebelige Luft&nbsp;passt perfekt zur gedr\u00fcckten Abschieds-Stimmung. Wir fahren mit dem Zug nach Dresden und steigen dort in den Zug nach Leipzig.<\/span><\/p>\n<p><span style=\"font-family: arial,helvetica,sans-serif;\">In Leipzig wartet nicht nur unser Auto, sondern auch besseres Wetter auf uns. Die Stadt wird gerade von tausenden schwarzen Gestalten beherrscht, denn es findet hier ein gro\u00dfes Gossip-Treffen satt.<\/span><\/p>\n<p><span style=\"font-family: arial,helvetica,sans-serif;\"><a href=\"https:\/\/www.freizeittourer.de\/wp-content\/uploads\/2011\/06\/Grafik_eigene.jpg\" target=\"_blank\"><img loading=\"lazy\" decoding=\"async\" class=\"size-medium wp-image-3353 alignleft\" style=\"margin-right: 10px; margin-left: 10px;\" title=\"Schade, dass es vorbei ist\" src=\"https:\/\/www.freizeittourer.de\/wp-content\/uploads\/2017\/02\/28-Unterwegs2-300x225.jpg\" alt=\"\" width=\"300\" height=\"225\"><\/a>Die Fahrt mit dem Auto verl\u00e4uft ohne Zwischenf\u00e4lle. Wir haben so viel gesehen und erlebt. Das war mit Sicherheit nicht die letzte Tour.&nbsp;Selbst der Elberadweg ist noch lange nicht vollst\u00e4ndig erobert. Wir haben ja erst ein Drittel, wenn auch das sch\u00f6nste, geschafft.<\/span><\/p>\n<p><span style=\"font-family: arial,helvetica,sans-serif;\">Wir haben jetzt Blut geleckt und werden hoffentlich noch von vielen weiteren Touren berichten k\u00f6nnen.<\/span><\/p>\n<h1><span style=\"font-family: arial,helvetica,sans-serif;\">Ende<\/span><\/h1>\n<p><span style=\"font-family: arial,helvetica,sans-serif;\">&nbsp;<\/span><\/p>\n","protected":false},"excerpt":{"rendered":"<p>2009 sind wir zu unserer ersten gr\u00f6\u00dferen Radtour aufgebrochen. Diese wichtige,&nbsp;erste Radtour ist Schuld daran, das wir es auch heute noch kaum erwarten k\u00f6nnen, wieder aufzubrechen. Wir haben uns bewusst f\u00fcr den Elberadweg&nbsp;entschieden, denn immer am Flu\u00df entlang waren&nbsp;Steigungen nicht &hellip; <a href=\"https:\/\/www.freizeittourer.de\/?page_id=42\">Weiterlesen <span class=\"meta-nav\">&rarr;<\/span><\/a><\/p>\n","protected":false},"author":2,"featured_media":248,"parent":24,"menu_order":1,"comment_status":"open","ping_status":"closed","template":"","meta":{"footnotes":""},"class_list":["post-42","page","type-page","status-publish","has-post-thumbnail","hentry"],"_links":{"self":[{"href":"https:\/\/www.freizeittourer.de\/index.php?rest_route=\/wp\/v2\/pages\/42","targetHints":{"allow":["GET"]}}],"collection":[{"href":"https:\/\/www.freizeittourer.de\/index.php?rest_route=\/wp\/v2\/pages"}],"about":[{"href":"https:\/\/www.freizeittourer.de\/index.php?rest_route=\/wp\/v2\/types\/page"}],"author":[{"embeddable":true,"href":"https:\/\/www.freizeittourer.de\/index.php?rest_route=\/wp\/v2\/users\/2"}],"replies":[{"embeddable":true,"href":"https:\/\/www.freizeittourer.de\/index.php?rest_route=%2Fwp%2Fv2%2Fcomments&post=42"}],"version-history":[{"count":170,"href":"https:\/\/www.freizeittourer.de\/index.php?rest_route=\/wp\/v2\/pages\/42\/revisions"}],"predecessor-version":[{"id":3385,"href":"https:\/\/www.freizeittourer.de\/index.php?rest_route=\/wp\/v2\/pages\/42\/revisions\/3385"}],"up":[{"embeddable":true,"href":"https:\/\/www.freizeittourer.de\/index.php?rest_route=\/wp\/v2\/pages\/24"}],"wp:featuredmedia":[{"embeddable":true,"href":"https:\/\/www.freizeittourer.de\/index.php?rest_route=\/wp\/v2\/media\/248"}],"wp:attachment":[{"href":"https:\/\/www.freizeittourer.de\/index.php?rest_route=%2Fwp%2Fv2%2Fmedia&parent=42"}],"curies":[{"name":"wp","href":"https:\/\/api.w.org\/{rel}","templated":true}]}}