{"id":325,"date":"2011-09-07T09:51:41","date_gmt":"2011-09-07T07:51:41","guid":{"rendered":"http:\/\/www.freizeittourer.de\/?page_id=325"},"modified":"2013-05-26T11:43:36","modified_gmt":"2013-05-26T09:43:36","slug":"liebliches-taubertal","status":"publish","type":"page","link":"https:\/\/www.freizeittourer.de\/?page_id=325","title":{"rendered":"Liebliches Taubertal"},"content":{"rendered":"<p><img loading=\"lazy\" decoding=\"async\" class=\"alignleft size-medium wp-image-338\" style=\"margin-left: 10px; margin-right: 10px;\" title=\"Parkplatz Aschaffenburg\" alt=\"\" src=\"https:\/\/www.freizeittourer.de\/wp-content\/uploads\/2011\/09\/IMG_0185-300x225.jpg\" width=\"300\" height=\"225\" srcset=\"https:\/\/www.freizeittourer.de\/wp-content\/uploads\/2011\/09\/IMG_0185-300x225.jpg 300w, https:\/\/www.freizeittourer.de\/wp-content\/uploads\/2011\/09\/IMG_0185.jpg 2048w\" sizes=\"auto, (max-width: 300px) 100vw, 300px\" \/><span style=\"font-family: arial,helvetica,sans-serif;\">Bisher gibt es nur <span style=\"text-decoration: underline;\">zwei Radtouren<\/span>, die vom <strong><a title=\"Allgemeiner Deutscher Fahrrad Club\" href=\"http:\/\/www.adfc.de\" target=\"_blank\">ADFC<\/a><\/strong> mit der H\u00f6chstnote von <span style=\"text-decoration: underline;\">5 Sternen<\/span> bewertet wurden,\u00a0der Main-Radweg und das Liebliche Taubertal. Da wir gro\u00dfe Teile des Mainradwegs schon mehrfach gefahren sind, lag es nahe, uns auch den anderen Pr\u00e4mium-Radweg vorzunehmen, denn das Beste ist f\u00fcr uns\u00a0gerade gut genug.<\/span><\/p>\n<p><span style=\"font-family: arial,helvetica,sans-serif;\">Da wir im Raum Darmstadt wohnen, haben wir kurzerhand unsere R\u00e4der aufs Autodach gepackt und sind nach Aschaffenburg gefahren. Dort haben wir das Auto abgestellt und wollten mit dem Zug weiter nach Rothenburg fahren.\u00a0Mit dem Bayernticket (29,- + 9,-\u20ac f\u00fcr bis zu 5 Personen mit zwei R\u00e4dern) war das richtig g\u00fcnstig, denn das Ticket gilt in Bayern <span style=\"text-decoration: underline;\">und<\/span>\u00a0in Baden-W\u00fcrttemberg.\u00a0Zum Gl\u00fcck konnten wir\u00a0das Ticket im Automaten\u00a0kaufen, denn so haben\u00a0wir einen Zug fr\u00fcher nehmen k\u00f6nnen und brauchten nicht noch eine Stunde warten.<\/span><\/p>\n<p><span style=\"font-family: arial,helvetica,sans-serif;\">Der Bahnhof in Aschaffenburg bietet zwar viele M\u00f6glichkeiten zum Essen und Trinken, aber\u00a0f\u00fcr Radfahrer ist er nur bedingt geeignet, denn mit dem kleinen Fahrstuhl h\u00e4tten wir unseren Zug nicht bekommen. Also hie\u00df es, das voll gepackte Rad runter und rauf\u00a0tragen. Leider gab es keine Schienen neben den Stufen. Egal, wir haben den Zug bekommen. Unsere Reise sollte bis W\u00fcrzburg gehen. Sollte&#8230;<\/span><\/p>\n<h2><span style=\"font-family: arial,helvetica,sans-serif;\">In Hodmesovasarhelykutasipuszta<\/span><\/h2>\n<p><span style=\"font-family: arial,helvetica,sans-serif;\"><img loading=\"lazy\" decoding=\"async\" class=\"alignright size-medium wp-image-365\" style=\"margin-left: 10px; margin-right: 10px;\" title=\"Gleich kommt Piroschka vorbei\" alt=\"\" src=\"https:\/\/www.freizeittourer.de\/wp-content\/uploads\/2011\/09\/IMG_0192-300x225.jpg\" width=\"300\" height=\"225\" srcset=\"https:\/\/www.freizeittourer.de\/wp-content\/uploads\/2011\/09\/IMG_0192-300x225.jpg 300w, https:\/\/www.freizeittourer.de\/wp-content\/uploads\/2011\/09\/IMG_0192.jpg 2048w\" sizes=\"auto, (max-width: 300px) 100vw, 300px\" \/>Nach ungef\u00e4hr 10 Minuten war die Reise schon wieder vorbei. Wir hielten in Partenstein. Dieser Bahnhof erinnerte mich an einen bekannten Film mit Liselotte Pulver, Piroschka. In dem Film spielt ein Bahnhof mit Namen <strong>Hodmesovasarhelykutasipuszta<\/strong> eine Hauptrolle und genauso sah es hier aus.<\/span><\/p>\n<p><span style=\"font-family: arial,helvetica,sans-serif;\">Es dauerte sehr lange, bis wir \u00fcber die Probleme aufgekl\u00e4rt wurden. Die Schaffnerin hatte sich irgendwo versteckt und war unauffindbar. Obwohl wir gar keinen Wind hatten, war offenbar ein Baum auf die Oberleitung gefallen. Komisch, der Zug eine Stunde vor uns konnte prima weiter fahren. Es muss vor wenigen Minuten\u00a0einen sehr schlimmen Sturm gegeben haben, der regional begrenzt den einen Baum entwurzelt hat. Aber, so sagte man uns, der Notfall-Manager in M\u00fcnchen sei verst\u00e4ndigt und wird sich k\u00fcmmern. Wir sollten schon \u00b4mal alle aussteigen, denn dieser Zug wird definitiv nicht weiter Richtung W\u00fcrzburg fahren, sondern zur\u00fcck nach Aschaffenburg. Au\u00dferdem seien Busse unterwegs, die uns zum n\u00e4chsten Bahnhof bringen sollen. Ob diese Busse auch Fahrr\u00e4der mitnehmen k\u00f6nnen und werden, war nicht zu ermitteln.<\/span><\/p>\n<p><span style=\"font-family: arial,helvetica,sans-serif;\">Zum Gl\u00fcck hatte ich beim Bahnhofsvorsteher eine Telefonat mitgeh\u00f6rt und dabei erfahren, dass die Strecke wahrscheinlich in 15-20 Minuten wieder frei und befahrbar sein wird. Die Busse waren noch nicht da, aber die meisten Reisenden warteten auf dem Vorplatz. Sie ahnten noch nicht, dass die Busse nie kommen werden. Wir aber stellten uns schlauerweise\u00a0mit unseren R\u00e4dern\u00a0so auf, dass wir als eine der ersten den Zugang zum Bahnsteig hatten, um uns\u00a0einen Platz im n\u00e4chsten Zug aus Aschaffenburg\u00a0zu sichern. Denn eines war klar, der Zug wird voll sein. Die Nachricht sprach sich wie ein Lauffeuer herum und es kamen immer mehr Fahrg\u00e4ste zur\u00fcck an das Gleis, w\u00e4hrend einige Reisende in unserem urspr\u00fcnglichen Zug an uns vorbei zur\u00fcck nach Aschaffenburg fuhren. Nach einer Viertelstunde kam der angek\u00fcndigte Zug und wir wollten einsteigen, aber dieser Zug hatte eine so hohe Einstiegskante, dass es ohne die Hilfe des Schaffners nicht ging. Das Zugpersonal war nat\u00fcrlich \u00fcberhaupt nicht informiert, dass hier mehr als\u00a0100 Fahrg\u00e4ste mit vielen R\u00e4dern warteten und mitgenommen werden wollen. Trotz aller Probleme konnten wir unsere Reise nach W\u00fcrzburg nun endlich fortsetzen.<\/span><\/p>\n<h2><span style=\"font-family: arial,helvetica,sans-serif;\">Endlich in W\u00fcrzburg<\/span><\/h2>\n<p><span style=\"font-family: arial,helvetica,sans-serif;\"><img loading=\"lazy\" decoding=\"async\" class=\"alignleft size-medium wp-image-351\" style=\"margin-left: 10px; margin-right: 10px;\" title=\"K\u00fchles Pils im Anschlag und die Familie verst\u00e4ndigen\" alt=\"\" src=\"https:\/\/www.freizeittourer.de\/wp-content\/uploads\/2011\/09\/IMG_0196-300x225.jpg\" width=\"300\" height=\"225\" srcset=\"https:\/\/www.freizeittourer.de\/wp-content\/uploads\/2011\/09\/IMG_0196-300x225.jpg 300w, https:\/\/www.freizeittourer.de\/wp-content\/uploads\/2011\/09\/IMG_0196.jpg 2048w\" sizes=\"auto, (max-width: 300px) 100vw, 300px\" \/>In W\u00fcrzburg angekommen, brauchten wir erstmal ein k\u00fchles Pils. Au\u00dferdem wurde die Familie \u00fcber die neuesten Entwicklungen informiert. Wir hatten etwas Zeit und so bot es sich an, au\u00dferhalb des Bahnhofs in W\u00fcrzburg eine kleine Pause einzulegen. Jetzt war es nicht mehr weit nach Steinnach. Ob wir da noch einmal umsteigen werden, oder ob wir die letzten 15 Kilometer mit dem Rad zur\u00fcck legen werden, wollten wir in Steinnach entscheiden. P\u00fcnktlich und ohne Probleme konnten wir unsere Reise fortsetzen.<\/span><\/p>\n<p><span style=\"font-family: arial,helvetica,sans-serif;\">\u00a0<\/span><\/p>\n<h2><span style=\"font-family: arial,helvetica,sans-serif;\">Von Steinach nach Rothenburg o.d. Tauber<\/span><\/h2>\n<p><span style=\"font-family: arial,helvetica,sans-serif;\">Angekommen in Steinach, beschlossen wir, die Fahrt mit dem Rad fortzusetzen, denn es war zwar etwas windig, aber sonst sehr sch\u00f6nes Wetter und au\u00dferdem haben wir genug Zeit\u00a0im Zug verbracht. Wir brauchten dringend frische Luft. <img loading=\"lazy\" decoding=\"async\" class=\"alignright size-medium wp-image-353\" style=\"margin-top: 3px; margin-bottom: 3px;\" title=\"\u00dcber den Aischtalradweg nach Rothenburg\" alt=\"\" src=\"https:\/\/www.freizeittourer.de\/wp-content\/uploads\/2011\/09\/IMG_0197-300x225.jpg\" width=\"300\" height=\"225\" srcset=\"https:\/\/www.freizeittourer.de\/wp-content\/uploads\/2011\/09\/IMG_0197-300x225.jpg 300w, https:\/\/www.freizeittourer.de\/wp-content\/uploads\/2011\/09\/IMG_0197.jpg 2048w\" sizes=\"auto, (max-width: 300px) 100vw, 300px\" \/>\u00dcber den Aischtalradweg waren es nur 15 km nach Rothenburg und es war noch fr\u00fch am Nachmittag. Es war eine sehr sch\u00f6ne Fahrt durch eine wundervolle Landschaft. Es dauerte etwas, bis Rothenburg am Horizont auftauchte. Jetzt war die spannende Frage, ob mit schlimmen Steigungen zu rechnen war, denn immerhin liegt die Altstadt von Rothenburg ziemlich hoch &#8222;ob de Tauber&#8220;. Die Angst war unbegr\u00fcndet, denn die Steigung erfolgte sanft und langsam.<\/span><\/p>\n<p><span style=\"font-family: arial,helvetica,sans-serif;\">Wir hatten\u00a0in Rothenburg ein Zimmer im\u00a0<a title=\"Hotel Klingentor in Rothenburg\" href=\"http:\/\/www.hotel-klingentor.de\" target=\"_blank\">Hotel Klingentor<\/a> reserviert. Wir k\u00f6nnen diese Unterkunft sehr empfehlen. Das Hotel liegt sehr ruhig direkt an der Altstadtmauer. Man kann die Stadt von hier aus sehr gut zu Fu\u00df erkunden. Das Ehepaar Wagenl\u00e4nder gibt sich viel M\u00fche, es seinen G\u00e4sten so angenehm wie m\u00f6glich zu machen und das reichhaltige Fr\u00fchst\u00fcck l\u00e4\u00dft keine W\u00fcnsche offen.\u00a0Am Nachmittag noch ein wenig ohne Rad durch die Stadt schlendern und am Abend ein leckeres Abendessen. Das war es dann, zumal es am Abend etwas zu regnen begann.<\/span><\/p>\n<h2><span style=\"font-family: arial,helvetica,sans-serif;\">Entlang der Tauber bis Tauberbischofhofsheim<\/span><\/h2>\n<p><span style=\"font-family: arial,helvetica,sans-serif;\"><img loading=\"lazy\" decoding=\"async\" class=\"alignleft size-medium wp-image-363\" style=\"margin-left: 10px; margin-right: 10px;\" title=\"Tsch\u00fcss Rothenburg\" alt=\"\" src=\"https:\/\/www.freizeittourer.de\/wp-content\/uploads\/2011\/09\/IMG_0214-300x225.jpg\" width=\"300\" height=\"225\" srcset=\"https:\/\/www.freizeittourer.de\/wp-content\/uploads\/2011\/09\/IMG_0214-300x225.jpg 300w, https:\/\/www.freizeittourer.de\/wp-content\/uploads\/2011\/09\/IMG_0214.jpg 2048w\" sizes=\"auto, (max-width: 300px) 100vw, 300px\" \/>Wir haben gut geschlafen und freuen uns auf den Tag. Zwei zus\u00e4tzliche Br\u00f6tchen f\u00fcr unterwegs geschmiert und dann die Taschen packen. Ungef\u00e4hr um 8.30 Uhr verabschieden wir uns. Ein Abschiedsfoto mit dem Genussradler-T-Shirt an der Stadtmauer und dann radeln wir steil bergab runter zur Tauber. Hier beginnt der Radweg. F\u00fcr heute haben wir uns ca. 75 km vorgenommen.\u00a0\u00a0Noch ist der Wind nicht erwacht. Hoffentlich bleibt es so.<\/span><\/p>\n<p><span style=\"font-family: arial,helvetica,sans-serif;\">Wir fahren fast immer direkt am Wasser. Die Beschilderung ist ausgezeichnet. Wir kommen gut voran.\u00a0Die Sonne kommt raus und uns geht es gut. Die eine oder andere kleine Steigung ist auch dabei. Im Streckenprofil kann man nach ca. 20 km einige H\u00fcgel erkennen. Haben wir schon alle hinter oder kommen noch welche? Wir sind optimistisch.<\/span><\/p>\n<p><span style=\"font-family: arial,helvetica,sans-serif;\">So langsam kommt auch die Sonne raus und die immer wieder mal eingestreuten Steigungen bringen den Puls hoch und uns ins Schwitzen. In <strong>Elpersheim<\/strong>, kurz hinter Weikersheim machen wir eine kleine Pause und genie\u00dfen unsere Br\u00f6tchen. Eine Bank direkt am Wasser l\u00e4dt uns zum Verweilen ein. In diesem kleine Ort gibt es ein Haus (im Bild hinten zu erkennen), das besonders liebevoll dekoriert wurde.\u00a0<img loading=\"lazy\" decoding=\"async\" class=\"alignright size-medium wp-image-369\" style=\"margin-left: 10px; margin-right: 10px;\" title=\"Pause mit lustigem Haus im Hintergrund\" alt=\"\" src=\"https:\/\/www.freizeittourer.de\/wp-content\/uploads\/2011\/09\/IMG_0225-300x225.jpg\" width=\"300\" height=\"225\" srcset=\"https:\/\/www.freizeittourer.de\/wp-content\/uploads\/2011\/09\/IMG_0225-300x225.jpg 300w, https:\/\/www.freizeittourer.de\/wp-content\/uploads\/2011\/09\/IMG_0225.jpg 2048w\" sizes=\"auto, (max-width: 300px) 100vw, 300px\" \/>\u00a0Nach einer kurzen St\u00e4rkung geht es weiter. Wir m\u00fcssen\u00a0\u00b4mal wieder die Seite wechseln und fahren rechts der Tauber weiter. Der Wind ist zwischenzeitlich auch aufgewacht und macht uns das Leben nicht einfacher. Er weht nat\u00fcrlich von Vorn. Zum Gl\u00fcck scheint nachwievor die Sonne.<\/span><\/p>\n<p><span style=\"font-family: arial,helvetica,sans-serif;\">Jetzt wird es aber langsam Zeit f\u00fcr ein k\u00fchles Pils. Wir machen Rast beim Kleintierzuchtverein <strong>Markelsheim<\/strong> und werden freundlich bewirtet. Ein gesch\u00fctzter Platz in der Sonne und wir k\u00f6nnen uns von den Strapazen erholen, denn<img loading=\"lazy\" decoding=\"async\" class=\"alignleft size-medium wp-image-373\" style=\"margin-left: 10px; margin-right: 10px;\" title=\"Die Schulter hat einen Windschaden\" alt=\"\" src=\"https:\/\/www.freizeittourer.de\/wp-content\/uploads\/2011\/09\/IMG_0234-300x225.jpg\" width=\"300\" height=\"225\" srcset=\"https:\/\/www.freizeittourer.de\/wp-content\/uploads\/2011\/09\/IMG_0234-300x225.jpg 300w, https:\/\/www.freizeittourer.de\/wp-content\/uploads\/2011\/09\/IMG_0234.jpg 2048w\" sizes=\"auto, (max-width: 300px) 100vw, 300px\" \/>\u00a0die Schulter schmerzt etwas.\u00a0 Gegenwind und immer wieder Steigungen sind Gift f\u00fcr einen Genussradler.<\/span><\/p>\n<p><span style=\"font-family: arial,helvetica,sans-serif;\">Der n\u00e4chste gr\u00f6\u00dfere Ort ist <strong>Bad Mergentheim<\/strong>. Dort wollen wir uns die Altstadt ansehen und eine gr\u00f6\u00dfere Pause einlegen.\u00a0\u00a0<\/span><\/p>\n<p><span style=\"font-family: arial,helvetica,sans-serif;\">Es dauert nicht lange und wir haben Bad Mergentheim erreicht. Wir kannten den Namen der\u00a0Stadt bisher nur vom ihrem tollen Wildpark.\u00a0Der Markplatz ist wirklich sch\u00f6n und die alten H\u00e4user sind rausgeputzt. Wir\u00a0suchen nach einer M\u00f6glichkeit, ein weiteres Kaltgetr\u00e4nk zu erwerben, diesmal aber bitte aus dem Fass. Leider sind die M\u00f6glichkeiten begrenzt und wir beschlie\u00dfen, den Ort zu verlassen und unsere Suche au\u00dferhalb fortzusetzen. <img loading=\"lazy\" decoding=\"async\" class=\"alignright size-medium wp-image-378\" style=\"margin-left: 10px; margin-right: 10px;\" title=\"Der Marktplatz in Bad Mergentheim\" alt=\"\" src=\"https:\/\/www.freizeittourer.de\/wp-content\/uploads\/2011\/09\/IMG_0236-300x225.jpg\" width=\"300\" height=\"225\" srcset=\"https:\/\/www.freizeittourer.de\/wp-content\/uploads\/2011\/09\/IMG_0236-300x225.jpg 300w, https:\/\/www.freizeittourer.de\/wp-content\/uploads\/2011\/09\/IMG_0236.jpg 2048w\" sizes=\"auto, (max-width: 300px) 100vw, 300px\" \/>\u00a0<\/span><\/p>\n<p><span style=\"font-family: arial,helvetica,sans-serif;\">Diesmal haben wir Gl\u00fcck und finden im n\u00e4chsten Ort einen Biergarten, der nur auf uns gewartet hat, denn weitere G\u00e4ste waren nicht anwesend. Es gibt nicht nur Pils vom Fass, sondern auch selbstgebackenen Apfelkuchen.\u00a0Beiden schmeckt sehr gut. Hier kommen Genussradler zu ihrem Recht. \u00a0<\/span><\/p>\n<p><span style=\"font-family: arial,helvetica,sans-serif;\">Die Sonne hat sich inzwischen hinter den Wolken versteckt. Aber das ist nicht so schlimm, denn unsere Etappenziel ist\u00a0nicht mehr so weit entfernt. Tauberbischofsheim ist nur noch ca. 10 km entfernt.<\/span><\/p>\n<h2><span style=\"font-family: arial,helvetica,sans-serif;\">Etappenziel Tauberbischofsheim ist erreicht<\/span><\/h2>\n<p><span style=\"font-family: arial,helvetica,sans-serif;\">Unsere Unterkunft liegt gleich am Orteingang. Wir werden schon erwartet. Frau Berberich zeigt uns das Zimmer und unsere R\u00e4der finden Platz in der gro\u00dfen Garage. Das Zimmer hat den Charme der 70iger, ist\u00a0f\u00fcr den Preis aber o.k. (45 \u20ac inkl. Fr\u00fchst\u00fcck f\u00fcr 2 Personen) Wir wollen ja nur schlafen.<\/span><\/p>\n<p><span style=\"font-family: arial,helvetica,sans-serif;\"><img loading=\"lazy\" decoding=\"async\" class=\"alignleft  wp-image-380\" style=\"margin-left: 10px; margin-right: 10px;\" title=\"Lecker Essen im T\u00fcrmle\" alt=\"\" src=\"https:\/\/www.freizeittourer.de\/wp-content\/uploads\/2011\/09\/IMG_0241-300x225.jpg\" width=\"300\" height=\"225\" srcset=\"https:\/\/www.freizeittourer.de\/wp-content\/uploads\/2011\/09\/IMG_0241-300x225.jpg 300w, https:\/\/www.freizeittourer.de\/wp-content\/uploads\/2011\/09\/IMG_0241.jpg 2048w\" sizes=\"auto, (max-width: 300px) 100vw, 300px\" \/>Ein kurzer Fu\u00dfweg und wir haben die\u00a0Altstadt erreicht.\u00a0\u00a0Wir wussten von einem griechischen Restaurant in der Fu\u00dfg\u00e4ngerzone, aber leider hatte er an dem Tag seinen Ruhetag. Wir schlenderten durch den Ortskern, tranken ein Frustbier und fanden das kleine, aber tolle Restaurant &#8222;<strong>Zum T\u00fcrmle<\/strong>&#8222;. Wir waren von der Freundlichkeit und vor allem vom Essen begeistert. Ein wirklicher Geheimtipp in Tauberbischofsheim. Auch das Preis-Leistungsverh\u00e4ltnis stimmte. Ein ganz toller Laden. Untergebracht in einem Turm des Schlosses. Ansonsten ist diese Stadt Abends ab\u00a020.00 Uhr toter als tot. Nichts los auf den Stra\u00dfen und wir hatten M\u00fche noch eine Lokalit\u00e4t f\u00fcr einen Absacker zu finden. Aber, wer lange sucht,\u00a0 bekommt auch noch ein Bier. Danach blieb uns nur noch ein kleiner Rundgang durch den Ort und dann ab in unser Quartier.<\/span><\/p>\n<p><span style=\"font-family: arial,helvetica,sans-serif;\"><img loading=\"lazy\" decoding=\"async\" class=\"alignright size-medium wp-image-382\" style=\"margin-left: 10px; margin-right: 10px;\" title=\"Kr\u00e4ftiges Fr\u00fchst\u00fcck mu\u00df sein\" alt=\"\" src=\"https:\/\/www.freizeittourer.de\/wp-content\/uploads\/2011\/09\/IMG_0242-300x225.jpg\" width=\"300\" height=\"225\" srcset=\"https:\/\/www.freizeittourer.de\/wp-content\/uploads\/2011\/09\/IMG_0242-300x225.jpg 300w, https:\/\/www.freizeittourer.de\/wp-content\/uploads\/2011\/09\/IMG_0242.jpg 2048w\" sizes=\"auto, (max-width: 300px) 100vw, 300px\" \/>An n\u00e4chsten Morgen stand das Fr\u00fchst\u00fcck (stilecht serviert auf dem beliebten 70iger-Jahre Teewagen DINETT) schon vor unserem Zimmer. Es fehlte wirklich nichts, sogar die selbstgemachte Himbeer-Marmelade\u00a0hatte Frau Berberich nicht vergessen.\u00a0Wir fr\u00fchst\u00fcckten ausgiebig und die \u00fcberz\u00e4hligen Br\u00f6tchen\u00a0wurden mit Wurst und K\u00e4se belegt und f\u00fcr die n\u00e4chste Etappe verstaut. Wir packten unsere Taschen, holten unsere Ponys aus der Garage, bezahlten die Unterkunft und verabschiedeten uns von Frau Berberich.<\/span><\/p>\n<h2><span style=\"font-family: arial,helvetica,sans-serif;\">Auf nach Wertheim<\/span><\/h2>\n<p><span style=\"font-family: arial,helvetica,sans-serif;\">Der Wirt in dem Biergarten kurz vor Tauberbischofsheim hatte uns erz\u00e4hlt, dass noch einige kr\u00e4ftige Steigungen auf uns warten w\u00fcrden, bevor wir endlich Wertheim erreichen. Wir hatten bisher trotz Gegenwind alle Anstiege geschafft und lie\u00dfen uns keine Angst machen. Zum Gl\u00fcck wu\u00dften wir zu diesem Zeitpunkt noch nicht, wie Recht er haben sollte. Bis Wertheim waren\u00a0es nur noch ca. 30 km. Was sollte da schon noch passieren?<\/span><\/p>\n<p><span style=\"font-family: arial,helvetica,sans-serif;\"><img loading=\"lazy\" decoding=\"async\" class=\"alignleft size-medium wp-image-383\" style=\"margin-left: 10px; margin-right: 10px;\" title=\"Die Landschaft ist einmalig\" alt=\"\" src=\"https:\/\/www.freizeittourer.de\/wp-content\/uploads\/2011\/09\/IMG_0253-300x225.jpg\" width=\"300\" height=\"225\" srcset=\"https:\/\/www.freizeittourer.de\/wp-content\/uploads\/2011\/09\/IMG_0253-300x225.jpg 300w, https:\/\/www.freizeittourer.de\/wp-content\/uploads\/2011\/09\/IMG_0253.jpg 2048w\" sizes=\"auto, (max-width: 300px) 100vw, 300px\" \/>Die Landschaft war nachwievor traumhaft sch\u00f6n und der Wind schien es heute auch besser mit uns zu meinen. Nach 10 km hatten wir noch keine nennenswerte Steigung gesehen. Der Wirt hatte sicher \u00fcbertrieben.<\/span><\/p>\n<p><span style=\"font-family: arial,helvetica,sans-serif;\">Es war die Zeit der Volksfeste und in jedem zweiten Ort war etwas los. Aus diesem Anlass gab es nat\u00fcrlich\u00a0\u00fcberall Festbier.<\/span><\/p>\n<p><span style=\"font-family: arial,helvetica,sans-serif;\">Pl\u00f6tzlich ein Anstieg. Wenn das alles war&#8230; Aber leider folgten danach\u00a0weitere Steigungen und\u00a0 bei einigen mu\u00dften wir sogar absteigen und schieben.\u00a0 Kein Vergn\u00fcgen mit vollem Gep\u00e4ck und bestem Sonnenschein. Gut, dass wir Getr\u00e4nke an Bord hatten. In diesen Momenten kamen uns Zweifel, ob das\u00a0Taubertal wirklich so lieblich ist, wie uns versprochen wurde. Das machte keinen Spa\u00df und war f\u00fcr Hardcore-Genussradler eigentlich ein NoGo.<\/span><\/p>\n<p><span style=\"font-family: arial,helvetica,sans-serif;\">Was uns\u00a0aber wieder aufbaute, war die Tatsache, dass auch andere Radler so ihre Schwierigkeiten hatten und \u00fcber die Steigungen schimpften. Es gab sogar Radler, die absichtlich die andere Richtung gew\u00e4hlt hatten und damit eigentlich st\u00e4ndig berauf fahren wollten.\u00a0Wir trafen aber auch &#8222;Kollegen&#8220;, die schon am Anfang schieben mu\u00dften und noch gar nicht ahnten, welche Anstiege noch vor ihnen liegen w\u00fcrden.\u00a0<\/span><\/p>\n<h2><span style=\"font-family: arial,helvetica,sans-serif;\">Belohnungs-Bier in Wertheim &amp; keine Steigungen mehr<\/span><\/h2>\n<p><span style=\"font-family: arial,helvetica,sans-serif;\"><img loading=\"lazy\" decoding=\"async\" class=\"alignright size-medium wp-image-386\" style=\"margin-left: 10px; margin-right: 10px;\" title=\"Schlu\u00df mit Steigungen\" alt=\"\" src=\"https:\/\/www.freizeittourer.de\/wp-content\/uploads\/2011\/09\/IMG_0256-300x225.jpg\" width=\"300\" height=\"225\" srcset=\"https:\/\/www.freizeittourer.de\/wp-content\/uploads\/2011\/09\/IMG_0256-300x225.jpg 300w, https:\/\/www.freizeittourer.de\/wp-content\/uploads\/2011\/09\/IMG_0256.jpg 2048w\" sizes=\"auto, (max-width: 300px) 100vw, 300px\" \/>Die letzten 15 km waren nicht lustig und ziemlich anstrengend. Bei einem Radweg, der eigentlich nur bergab gehen sollte, hatten wir das nicht erwartet.\u00a0In Wertheim angekommen, gab es erstmal ein Belohnungs-Bier auf dem wundersch\u00f6nen Marktplatz. Jetzt waren es noch 40 km den Main entlang, aber hier kennen wir uns aus. Steigungen gibt es bis Miltenberg nicht mehr und das ist auch gut so.<\/span><\/p>\n<p><span style=\"font-family: arial,helvetica,sans-serif;\">Zum Gl\u00fcck bleiben die schmerzhaften Erinnerungen nicht so lange im Ged\u00e4chnis, sondern die sch\u00f6nen Erlebnisse,\u00a0von denen\u00a0es reichlich gab, gewinnen an Bedeutung und treten in den Vordergrund.\u00a0 \u00a0<\/span><\/p>\n<p><span style=\"font-family: arial,helvetica,sans-serif;\"><img loading=\"lazy\" decoding=\"async\" class=\"alignleft size-medium wp-image-388\" style=\"margin-left: 10px; margin-right: 10px;\" title=\"Der Beachclub in Wertheim\" alt=\"\" src=\"https:\/\/www.freizeittourer.de\/wp-content\/uploads\/2011\/09\/IMG_0258-300x225.jpg\" width=\"300\" height=\"225\" srcset=\"https:\/\/www.freizeittourer.de\/wp-content\/uploads\/2011\/09\/IMG_0258-300x225.jpg 300w, https:\/\/www.freizeittourer.de\/wp-content\/uploads\/2011\/09\/IMG_0258.jpg 2048w\" sizes=\"auto, (max-width: 300px) 100vw, 300px\" \/>Hier in Wertheim flie\u00dft die kleine Tauber in den gro\u00dfen Main und direkt am \u00dcbergang gibt es einen h\u00fcbschen Beach-Club. Aber wir haben keine Zeit und m\u00fcssen weiter. Das Wetter wird immer besser und wir kommen gut voran.<\/span><\/p>\n<p><span style=\"font-family: arial,helvetica,sans-serif;\">Ein kurzer Stopp bei der Neuer\u00f6ffnung eines M\u00f6belhauses &#8211; es wurde gegrillte Bratwurst gereicht &#8211; und weiter gehts vorbei an der Henneburg\u00a0in Richtung Miltenberg. Wir fahren seit Wertheim auf der linken Mainseite, m\u00fcssen aber in Mondfeld\u00a0mit einer kleinen F\u00e4hre das Ufer wechseln.<\/span><\/p>\n<p><span style=\"font-family: arial,helvetica,sans-serif;\"><img loading=\"lazy\" decoding=\"async\" class=\"size-medium wp-image-395 alignright\" style=\"margin-left: 10px; margin-right: 10px;\" title=\"Die &quot;Mondf\u00e4hre&quot;\" alt=\"\" src=\"https:\/\/www.freizeittourer.de\/wp-content\/uploads\/2011\/09\/IMG_0262-300x225.jpg\" width=\"300\" height=\"225\" srcset=\"https:\/\/www.freizeittourer.de\/wp-content\/uploads\/2011\/09\/IMG_0262-300x225.jpg 300w, https:\/\/www.freizeittourer.de\/wp-content\/uploads\/2011\/09\/IMG_0262.jpg 2048w\" sizes=\"auto, (max-width: 300px) 100vw, 300px\" \/><\/span><\/p>\n<p><span style=\"font-family: arial,helvetica,sans-serif;\">Die F\u00e4hre f\u00e4hrt st\u00e4ndig hin und her, sodass es keine gro\u00dfen Wartezeiten gibt. Sie kostet 70 Cent pro Person mit Fahrrad.\u00a0\u00a0\u00a0<\/span><\/p>\n<p><span style=\"font-family: arial,helvetica,sans-serif;\">Nach wenigen Minuten ist die Fahrt schon wieder vorbei und wir k\u00f6nnen weiter. In Kirschfurt m\u00fcssen wir noch einmal die Seite wechseln und \u00fcber eine Br\u00fccke nach Freudenberg. Das ist die richtige Seite, wenn man der Altstadt von Miltenberg einen Besuch abstatten will. Es lohnt sich auf jeden Fall.<\/span><\/p>\n<p><span style=\"font-family: arial,helvetica,sans-serif;\">\u00a0<\/span><\/p>\n<h2><span style=\"font-family: arial,helvetica,sans-serif;\">In Miltenberg wartet der Zug<\/span><\/h2>\n<p><span style=\"font-family: arial,helvetica,sans-serif;\"><img loading=\"lazy\" decoding=\"async\" class=\"alignleft  wp-image-397\" style=\"margin-left: 10px; margin-right: 10px;\" title=\"Im Zug zur\u00fcck nach Aschaffenburg\" alt=\"\" src=\"https:\/\/www.freizeittourer.de\/wp-content\/uploads\/2011\/09\/IMG_0270-300x225.jpg\" width=\"300\" height=\"225\" \/><\/span><\/p>\n<p><span style=\"font-family: arial,helvetica,sans-serif;\">In Miltenberg war gerade\u00a0Michaelis Messe, ein gro\u00dfes Volksfest. Wir beschlossen, den Menschenmassen aus dem Weg zu gehen und gleich den Bahnhof aufzusuchen.\u00a0Der Bahnhof in Miltenberg liegt allerdings\u00a0auf der anderen Seite des Mains, also hie\u00df es, wieder \u00fcber die Br\u00fccke. Der Zug nach Aschaffenburg f\u00e4hrt jede Stunde und ein Kaffee in der Sonne verk\u00fcrzte uns die Wartezeit. Die Fahrtkarte kostete 6,- \u20ac pro Person inkl. Fahrrad.\u00a0<\/span><\/p>\n<p><span style=\"font-family: arial,helvetica,sans-serif;\">\u00a0<\/span><\/p>\n<p><span style=\"font-family: arial,helvetica,sans-serif;\"><img loading=\"lazy\" decoding=\"async\" class=\"alignright size-medium wp-image-398\" style=\"margin-left: 10px; margin-right: 10px;\" title=\"Geschafft\" alt=\"\" src=\"https:\/\/www.freizeittourer.de\/wp-content\/uploads\/2011\/09\/IMG_0273-300x225.jpg\" width=\"180\" height=\"135\" \/>In Aschaffenburg angekommen ging es eigentlich nur noch bergab zu unserem Auto, das direkt am Mainufer auf uns wartete. Gep\u00e4ck in den Kofferraum, die R\u00e4der aufs Dach und los gings Richtung Heimat. Wir wollten uns zum Abschlu\u00df noch ein sch\u00f6nes Abendessen in Dieburg g\u00f6nnen.<\/span><\/p>\n<p><span style=\"font-family: arial,helvetica,sans-serif;\">Eine aufregende, teilweise auch anstrengende Radtour \u00fcber 154 km war zu Ende. Wir haben das Taubertal erobert und besiegt.<\/span><\/p>\n<h2 style=\"text-align: center;\"><span style=\"font-family: arial,helvetica,sans-serif;\">Im n\u00e4chsten Jahr warten neue Aufgaben auf uns.<\/span><\/h2>\n<p style=\"text-align: center;\"><span style=\"font-family: arial,helvetica,sans-serif;\">Ende.<\/span><\/p>\n<p>&nbsp;<\/p>\n<p>&nbsp;<\/p>\n<p>&nbsp;<\/p>\n","protected":false},"excerpt":{"rendered":"<p>Bisher gibt es nur zwei Radtouren, die vom ADFC mit der H\u00f6chstnote von 5 Sternen bewertet wurden,\u00a0der Main-Radweg und das Liebliche Taubertal. Da wir gro\u00dfe Teile des Mainradwegs schon mehrfach gefahren sind, lag es nahe, uns auch den anderen Pr\u00e4mium-Radweg &hellip; <a href=\"https:\/\/www.freizeittourer.de\/?page_id=325\">Weiterlesen <span class=\"meta-nav\">&rarr;<\/span><\/a><\/p>\n","protected":false},"author":2,"featured_media":0,"parent":24,"menu_order":3,"comment_status":"open","ping_status":"closed","template":"","meta":{"footnotes":""},"class_list":["post-325","page","type-page","status-publish","hentry"],"_links":{"self":[{"href":"https:\/\/www.freizeittourer.de\/index.php?rest_route=\/wp\/v2\/pages\/325","targetHints":{"allow":["GET"]}}],"collection":[{"href":"https:\/\/www.freizeittourer.de\/index.php?rest_route=\/wp\/v2\/pages"}],"about":[{"href":"https:\/\/www.freizeittourer.de\/index.php?rest_route=\/wp\/v2\/types\/page"}],"author":[{"embeddable":true,"href":"https:\/\/www.freizeittourer.de\/index.php?rest_route=\/wp\/v2\/users\/2"}],"replies":[{"embeddable":true,"href":"https:\/\/www.freizeittourer.de\/index.php?rest_route=%2Fwp%2Fv2%2Fcomments&post=325"}],"version-history":[{"count":71,"href":"https:\/\/www.freizeittourer.de\/index.php?rest_route=\/wp\/v2\/pages\/325\/revisions"}],"predecessor-version":[{"id":2296,"href":"https:\/\/www.freizeittourer.de\/index.php?rest_route=\/wp\/v2\/pages\/325\/revisions\/2296"}],"up":[{"embeddable":true,"href":"https:\/\/www.freizeittourer.de\/index.php?rest_route=\/wp\/v2\/pages\/24"}],"wp:attachment":[{"href":"https:\/\/www.freizeittourer.de\/index.php?rest_route=%2Fwp%2Fv2%2Fmedia&parent=325"}],"curies":[{"name":"wp","href":"https:\/\/api.w.org\/{rel}","templated":true}]}}