{"id":21,"date":"2011-06-22T09:46:36","date_gmt":"2011-06-22T07:46:36","guid":{"rendered":"http:\/\/www.freizeittourer.de\/?page_id=21"},"modified":"2017-02-06T09:18:31","modified_gmt":"2017-02-06T07:18:31","slug":"feenroute","status":"publish","type":"page","link":"https:\/\/www.freizeittourer.de\/?page_id=21","title":{"rendered":"Fehnroute"},"content":{"rendered":"<p><a href=\"https:\/\/www.freizeittourer.de\/wp-content\/uploads\/2011\/06\/Karte_Route.jpg\" target=\"_blank\"><img loading=\"lazy\" decoding=\"async\" width=\"300\" height=\"279\" title=\"Unsere Route\" class=\"alignleft size-medium wp-image-700\" style=\"margin-right: 10px; margin-left: 10px;\" alt=\"\" src=\"https:\/\/www.freizeittourer.de\/wp-content\/uploads\/2011\/06\/Karte_Route-300x279.jpg\" srcset=\"https:\/\/www.freizeittourer.de\/wp-content\/uploads\/2011\/06\/Karte_Route-300x279.jpg 300w, https:\/\/www.freizeittourer.de\/wp-content\/uploads\/2011\/06\/Karte_Route.jpg 1151w\" sizes=\"auto, (max-width: 300px) 100vw, 300px\" \/><\/a><span style=\"font-family: arial,helvetica,sans-serif;\">Die <strong><a title=\"Deutsche Fehnroute\" href=\"http:\/\/www.fehnroute.de\" target=\"_blank\">Deutsche Fehnroute<\/a><\/strong>&nbsp;f\u00fchrt \u00fcber 170 km durch eine einzigartige Landschaft in <strong>Ostfriesland<\/strong>. Im Juni 2010 sind wir mit unseren &#8222;Ponys&#8220; hier gewesen und haben einen Radweg mit viel Potenzial kennen gelernt. F\u00fcr Genussradler ist naturgem\u00e4\u00df der Genuss genauso wichtig,&nbsp;wie das Radfahren. Leider bietet die wundersch\u00f6ne Fehnlandschaft sehr wenige M\u00f6glichkeiten, unterwegs \u00b4mal ein k\u00fchles Pils zu verkosten. In den gr\u00f6\u00dferen Orten ist das nat\u00fcrlich kein Problem, aber da es hier sehr viel Gegend&nbsp;gibt, sollten Getr\u00e4nke in ausreichender Menge mitgef\u00fchrt werden.<\/span><\/p>\n<p><span style=\"font-family: arial,helvetica,sans-serif;\">Die Menschen hier sind sehr hilfsbereit und man kommt schnell mit ihnen in Kontakt. Ein gutes herbes Pils wird hier bevorzugt. Rotwein ist eher die Ausnahme.<\/span><\/p>\n<p>&nbsp;<\/p>\n<p>&nbsp;<\/p>\n<h2><span style=\"font-family: arial,helvetica,sans-serif;\">Start in Papenburg<\/span><\/h2>\n<p><span style=\"font-family: arial,helvetica,sans-serif;\"><a href=\"https:\/\/www.freizeittourer.de\/wp-content\/uploads\/2011\/06\/Karte_Route.jpg\" target=\"_blank\"><img loading=\"lazy\" decoding=\"async\" width=\"300\" height=\"225\" title=\"Fr\u00fchst\u00fcck im St\u00f6vchen\" class=\"alignright size-medium wp-image-3296\" style=\"margin-right: 10px; margin-left: 10px;\" alt=\"\" src=\"https:\/\/www.freizeittourer.de\/wp-content\/uploads\/2017\/02\/IMG_0085-300x225.jpg\"><\/a>Nat\u00fcrlich bietet sich Ostfriesland f\u00fcr Genussradler geradezu an. Es gibt keine nennenswerten Steigungen und das Wasser ist auch immer irgendwie in der N\u00e4he. Wir haben uns mit unseren Kindern und vier R\u00e4dern auf dem Autodach von S\u00fcdhessen nach Ostfriesland aufgemacht.&nbsp;Die Fehnroute zu erobern war unser Ziel. Dieser Radweg erschien uns mit ca. 170 km nicht lang genug, um die lange Anreise zu rechtfertigen. Deshalb haben wir ein St\u00fcck der Dollart-Route eingearbeitet. Mit dieser Erweiterung hatten wir einen sch\u00f6nen Rundkurs von knapp 260 km. Als strategisch g\u00fcnstigen Ausgangspunkt hatten wir Papenburg gew\u00e4hlt. Nach&nbsp;einer Autofahrt von 600 km&nbsp;wollten wir in Papenburg \u00fcbernachten, am n\u00e4chsten Tag losfahren, zweimal \u00fcbernachten und dann nach Papenburg zur\u00fcck kommen und uns nach einer weiteren \u00dcbernachtung wieder auf den Weg nach Hause machen.&nbsp;Wir k\u00f6nnen das <strong><a title=\"Das St\u00f6vchen in Papenburg\" href=\"http:\/\/www.cafe-stoevchen-papenburg.de\/\" target=\"_blank\">St\u00f6vchen<\/a><\/strong> in Papenburg zum \u00dcbernachten sehr empfehlen. Die Lage und die Zimmer sind toll. Das Fr\u00fchst\u00fcck ist sehr \u00fcppig und wird liebevoll serviert (kein Buffet).&nbsp;Und f\u00fcr 55,-\u20ac f\u00fcr zwei Personen mit Fr\u00fchst\u00fcck ist auch der Preis sehr zivil.<\/span><\/p>\n<p><span style=\"font-family: arial,helvetica,sans-serif;\">Am Abend der Anreise haben wir uns noch in der Stadt umgeschaut und dabei ein sehr sch\u00f6nes Restaurant direkt am Hauptkanal gefunden. Das <strong><a title=\"Restaurant Hilling\" href=\"http:\/\/www.hotelhilling.de\/\" target=\"_blank\">Restaurant Hilling<\/a><\/strong> am Rathaus hat uns so gut gefallen, dass wir hier sogar zweimal gewesen sind, einmal indoor und einmal outdoor. W\u00e4hrend unserer Tour fand gerade die Fu\u00dfball-Weltmeisterschaft statt. Als Fans m\u00fcssen wir nat\u00fcrlich jedes Spiel der Deutschen Mannschaft sehen. Im Hotelzimmer macht das jedoch nur bedingt Spa\u00df. Besser ist es, in gro\u00dfer Gruppe die Siege geb\u00fchrend zu feiern. In diesem Jahr war \u00fcberall in der Republik Public Viewing angesagt und auch Ostfriesland war da keine Ausnahme. Nach dem Essen wartete noch ein WM-Spiel in einer Kneipe auf uns. Da nicht die Deutsche Mannschaft beteiligt war, entschieden wir uns, vorzeitig abzubrechen und das Nachtlager aufzusuchen.<\/span><\/p>\n<p><span style=\"font-family: arial,helvetica,sans-serif;\">Nach einer ruhigen Nacht und einem kr\u00e4ftigen Fr\u00fchst\u00fcck sind wir aufgebrochen. Unser Auto durften wir kostenlos bei Herrn Schmitz (Besitzer des St\u00f6vchens) auf dem Parkplatz abstellen. Er versprach es im Auge&nbsp;zu behalten.<\/span><\/p>\n<hr>\n<h2><span style=\"font-family: arial,helvetica,sans-serif;\">Papenburg &#8211; Remels<\/span><\/h2>\n<p style=\"text-align: left;\"><span style=\"font-family: arial,helvetica,sans-serif;\"><a href=\"https:\/\/www.freizeittourer.de\/wp-content\/uploads\/2011\/06\/Karte_Route.jpg\" target=\"_blank\"><img loading=\"lazy\" decoding=\"async\" width=\"300\" height=\"225\" title=\"Los gehts nach Remels\" class=\"size-medium wp-image-3297 alignleft\" style=\"margin-right: 10px; margin-left: 10px;\" alt=\"\" src=\"https:\/\/www.freizeittourer.de\/wp-content\/uploads\/2017\/02\/IMG_0086-300x225.jpg\"><\/a>Unsere 1.Etappe ist ungef\u00e4hr 65 km lang. Wir haben zwar sch\u00f6nes&nbsp;Wetter, aber die Jacken bleiben&nbsp;erstmal noch an &#8211; gilt nicht f\u00fcr Tobi. \u00dcberall an der Strecke wird uns bewusst, dass wir uns in einem Moorgebiet befinden und der Torfabbau hier die&nbsp;wichtigste Einnahmequelle war. Die langgestreckten Kan\u00e4le wurden zur Entw\u00e4sserung des Landes und zum Transport&nbsp;des wertvollen Brennstoffs gebraucht.&nbsp;Auch heute noch wird hier Torf abgebaut.&nbsp;<\/span><\/p>\n<p><span style=\"font-family: arial,helvetica,sans-serif;\">In Elisabetfehn kommen wir am <strong><a title=\"Moor- und Fehnmuseum in Elisabethfehn\" href=\"http:\/\/www.fehnmuseum.de\/\" target=\"_blank\">Moor- und Fehnmuseum<\/a><\/strong>, in dem die Geschichte der Moore und des Torfabbaus anschaulich dargestellt wird, vorbei. Zum Gl\u00fcck betreibt das Museum auch eine Gartenwirtschaft und wir f\u00fchlen uns verpflichtet, das Getr\u00e4nkeangebot zu testen.&nbsp;Die Tageszeit und das Wetter sprechen f\u00fcr ein k\u00fchles, herbes Jever.&nbsp;<\/span><\/p>\n<p><span style=\"font-family: arial,helvetica,sans-serif;\">Nach der St\u00e4rkung machen wir uns wieder auf den Weg.&nbsp;Telefonisch hatten wir in Remels bei <strong><a title=\"\u00dcbernachten bei Frau Kl\u00fcwer\" href=\"http:\/\/www.bestfewo.de\/unterkunft\/75874.html\" target=\"_blank\">Frau Kl\u00fcwer <\/a><\/strong>zwei Zimmer reserviert. Diesen Tipp geben wir gerne weiter, denn wir haben uns bei Frau Kl\u00fcwer und ihrer selbst gemachten Marmelade sehr wohl gef\u00fchlt.<\/span><\/p>\n<p><span style=\"font-family: arial,helvetica,sans-serif;\">Unterwegs hat Tobi eine Panne. Eine Schwei\u00dfnaht am Gep\u00e4cktr\u00e4ger ist gebrochen.&nbsp;In einer Autowerkstatt wird der Schaden mit einem kr\u00e4ftigen Kabelbinder behoben. Diese provisorische L\u00f6sung h\u00e4lt heute noch. Da f\u00e4llt mir gerade ein, ich mu\u00df wieder ausreichend Kabelbinder f\u00fcr die n\u00e4chste Tour in die Gerp\u00e4cktaschen legen.&nbsp;&nbsp;<\/span><\/p>\n<p><span style=\"font-family: arial,helvetica,sans-serif;\"><a href=\"http:\/\/www.athos-remels.de\/\" target=\"_blank\"><img loading=\"lazy\" decoding=\"async\" width=\"150\" height=\"150\" title=\"Restaurant Athos\" class=\"alignleft size-thumbnail wp-image-736\" style=\"margin-right: 10px; margin-left: 10px;\" alt=\"\" src=\"https:\/\/www.freizeittourer.de\/wp-content\/uploads\/2011\/06\/Athos-150x150.gif\"><\/a><a href=\"https:\/\/www.freizeittourer.de\/wp-content\/uploads\/2011\/06\/Karte_Route.jpg\" target=\"_blank\"><img loading=\"lazy\" decoding=\"async\" width=\"300\" height=\"225\" title=\"Fu\u00dfball bei Frau Kl\u00fcwer\" class=\"alignright size-medium wp-image-3298\" style=\"margin-right: 10px; margin-left: 10px;\" alt=\"\" src=\"https:\/\/www.freizeittourer.de\/wp-content\/uploads\/2017\/02\/IMG_0101-300x225.jpg\"><\/a>Wenn man in Ostfriesland mit dem Rad unterwegs ist, sollte man wissen, dass der Wind ein st\u00e4ndiger Begleiter ist und mitf\u00e4hrt. Mal ist er freundlich und kommt von hinten, aber er kann auch anders. Wir hatten Gl\u00fcck und kamen an diesem Tag fr\u00fchzeitig in Remels an. Die Gemeinde hei\u00dft Uplengen und Remels ist ein Teil davon. Unsere Zimmer, es war eigentlich eine Ferienwohnung,&nbsp;bei Frau Kl\u00fcwer waren schnell gefunden und bezogen. Nach einer Dusche zur Erfrischung machten wir uns mit unserer Umgebung vertraut und fanden einen &#8222;Griechen&#8220; mit einladendem Biergarten. Die Portionen waren gro\u00df und lecker. Nach dem Essen gab es noch einen Spaziergang durch den Ort, aber nicht zu lange, denn am Abend wartete wieder&nbsp;ein WM-Spiel im Fernsehen auf uns. Heute bleiben wir mal im heimischen Stadion.&nbsp;<\/span><\/p>\n<p style=\"text-align: left;\"><span style=\"font-family: arial,helvetica,sans-serif;\"><a href=\"https:\/\/www.freizeittourer.de\/wp-content\/uploads\/2011\/06\/Karte_Route.jpg\" target=\"_blank\"><img loading=\"lazy\" decoding=\"async\" width=\"300\" height=\"225\" title=\"Abschied in Remels\" class=\"size-medium wp-image-3299 alignleft\" style=\"margin-right: 10px; margin-left: 10px;\" alt=\"\" src=\"https:\/\/www.freizeittourer.de\/wp-content\/uploads\/2017\/02\/IMG_0108-300x225.jpg\"><\/a>Am n\u00e4chsten Morgen liegen die frischen Br\u00f6tchen p\u00fcnktlich&nbsp;vor der T\u00fcr, denn Frau Kl\u00fcwer arbeit nebenbei noch bei einem Br\u00f6tchendienst und war daher fr\u00fch auf den Beinen. Ich brauche nicht erw\u00e4hnen, dass wir die frischesten Br\u00f6tchen hatten und die am Vorabend hergestellte Marmelade ebenfalls sehr lecker war. Danach hie\u00df es wieder, Packen und R\u00e4der aus der Garage holen. Uns hat es hier sehr gut gefallen.<\/span><\/p>\n<p><span style=\"font-family: arial,helvetica,sans-serif;\">&nbsp;<\/span><\/p>\n<p><span style=\"font-family: arial,helvetica,sans-serif;\">&nbsp;<\/span><\/p>\n<p><span style=\"font-family: arial,helvetica,sans-serif;\">&nbsp;<\/span><\/p>\n<p><span style=\"font-family: arial,helvetica,sans-serif;\">&nbsp;<\/span><\/p>\n<hr>\n<h2><span style=\"font-family: arial,helvetica,sans-serif;\">Remels &#8211; Loga (Leer)<\/span><\/h2>\n<p><span style=\"font-family: arial,helvetica,sans-serif;\">Heute ist das Wetter noch ein bisschen besser als Gestern und wir machen uns auf nach Leer. Nach einigen Kilometern machen wir eine kurze Pause, um etwas zu trinken. Bei dieser Gelegenheit rufen wir beim Fremdenverkehrsverein in Leer an und bitten um einen Tipp f\u00fcr eine \u00dcbernachtung. Auf dem Weg nach Leer wollen wir noch bei den Eltern einer Freundin unserer Tochter vorbei schauen. Mal sehen, ob das klappt.<\/span><\/p>\n<p><span style=\"font-family: arial,helvetica,sans-serif;\">Nach einiger Zeit bekommen wir Nachricht aus Leer und die Telefonnummer von Frau Klare. Wir rufen sofort dort an und reservieren in Loga, einem Vorort&nbsp;von Leer,&nbsp;zwei Zimmer.&nbsp;Wir werden auch hier nicht entt\u00e4uscht. Aber dazu sp\u00e4ter mehr.<\/span><\/p>\n<p><span style=\"font-family: arial,helvetica,sans-serif;\">Tats\u00e4chlich finden wir am fr\u00fchen Nachmittag das Haus der Eltern der Freundin&nbsp;und werden zu einer ostfriesischen Tee-Zeremonie mit frischem Kuchen eingeladen. Aber wir m\u00fcssen weiter, um rechtzeitig in Loga einzutreffen, denn am Abend spielt die Deutsche Mannschaft gegen Ghana und wir m\u00f6chten das Spiel gerne mit anderen Fans zusammen genie\u00dfen. Die weitere Fahrt nach Loga verl\u00e4uft planm\u00e4\u00dfig. Wir finden das schmucke Einfamilienhaus von Frau Klare schnell und k\u00f6nnen unser Zimmer f\u00fcr die Nacht beziehen. Die Zimmer sind gro\u00df und sehr sauber. Wir haben auch hier mehr eine Wohnung und diesmal sogar einen gro\u00dfen Balkon.<\/span><\/p>\n<p><span style=\"font-family: arial,helvetica,sans-serif;\"><a href=\"https:\/\/www.freizeittourer.de\/wp-content\/uploads\/2011\/06\/Karte_Route.jpg\" target=\"_blank\"><img loading=\"lazy\" decoding=\"async\" width=\"300\" height=\"225\" title=\"WM beim Pfarrer in Logabirum\" class=\"alignright size-medium wp-image-3300\" style=\"margin-right: 10px; margin-left: 10px;\" alt=\"\" src=\"https:\/\/www.freizeittourer.de\/wp-content\/uploads\/2017\/02\/IMG_0132-300x225.jpg\"><\/a>Schnell duschen und die mitgebrachten Trikots anziehen. Dann wird es aber auch Zeit. Frau Klare hat mit Fu\u00dfball nicht so viel am Hut und wei\u00df nicht, wo wir abends hingehen k\u00f6nnen. Wir fahren mit dem Rad nach Leer rein und hoffen dort,&nbsp;einen Marktplatz mit gro\u00dfer Leinwand zu finden. Leider werden wir entt\u00e4uscht. Wir fragen bei einer Gruppe junger Leute nach und siehe da, beim Pfarrer in Logabirum boxt der Papst. Wir sind sp\u00e4t aber noch rechtzeitig in Logabirum und tats\u00e4chlich &#8211; ein gro\u00dfes Zelt vor dem Gemeindehaus mit St\u00fchlen und gro\u00dfer Leinwand. Der Pfarrer selbst zapft das Bier und verkauft W\u00fcrstchen.&nbsp;Auch im Gemeindehaus ist alles auf Fu\u00dfball eingestellt. Gro\u00dfe Leinwand und mehere Fernseher versprechen ein Fu\u00dfballvergn\u00fcgen. Die gesamte Bev\u00f6lkerung mu\u00df hier sein, denn es ist&nbsp;brechend voll und wir mittendrin. Schnell kommen wir mit den Einheimischen ins Gespr\u00e4ch und nach kurzer Zeit und einige Biere sp\u00e4ter&nbsp;kannten wir alle wichtigen Honoratioren des Ortes.<\/span><\/p>\n<p><span style=\"font-family: arial,helvetica,sans-serif;\">Nach dem Sieg der Deutschen Mannschaft hei\u00dft es, zur\u00fcck nach Loga und ins Bett. Ein sch\u00f6nes, interessanter und erfolgreicher Tag geht zu Ende.<\/span><\/p>\n<p style=\"text-align: left;\"><span style=\"font-family: arial,helvetica,sans-serif;\"><a href=\"https:\/\/www.freizeittourer.de\/wp-content\/uploads\/2011\/06\/Karte_Route.jpg\" target=\"_blank\"><img loading=\"lazy\" decoding=\"async\" width=\"300\" height=\"225\" title=\"Abschied von Frau Klare in Loga\" class=\"size-medium wp-image-3301 alignleft\" style=\"margin-right: 10px; margin-left: 10px;\" alt=\"\" src=\"https:\/\/www.freizeittourer.de\/wp-content\/uploads\/2017\/02\/IMG_0133-300x225.jpg\"><\/a>Am n\u00e4chsten Morgen wird bei herrlichem Sonnenschein auf dem Balkon gefr\u00fchst\u00fcckt. Frau Klare hatte alle Zutaten auf einem Dinett (Klapp-Teewagen aus den 60gern) vor unser Wohnung bereit gestellt. Wie in dieser Gegend \u00fcblich beginnen zu dieser fr\u00fchen Tageszeit bereits die Nachbarn mit der Rasenpflege. Mindestens dreimal pro Woche mu\u00df das Gr\u00fcn gestutzt werden, sonst gibt es wahrscheinlich \u00c4rger. Nacharbeiten mit der Nagelschere sind ein Mu\u00df. Ich habe noch nie so \u00fcbertrieben rausgeputzte G\u00e4rten gesehen. Die Ostfriesen m\u00fcssen Zeit haben. Gut, in Bierg\u00e4rten k\u00f6nnen sie&nbsp;ja auch nicht gehen.&nbsp;<\/span><\/p>\n<p><span style=\"font-family: arial,helvetica,sans-serif;\">Jetzt hei\u00dft es aber, sich von Frau Klare zu verabschieden, denn wir m\u00fcssen um ca. 11.30 Uhr die F\u00e4hre&nbsp;in Petkum nach Ditzum kriegen. Danach macht die F\u00e4hre zwei Stunden Mittagspause und wir m\u00fcssten&nbsp;warten.<\/span><\/p>\n<p><span style=\"font-family: arial,helvetica,sans-serif;\">&nbsp;<\/span><\/p>\n<p><span style=\"font-family: arial,helvetica,sans-serif;\">&nbsp;<\/span><\/p>\n<hr>\n<h2><span style=\"font-family: arial,helvetica,sans-serif;\">Loga &#8211; Papenburg<\/span><\/h2>\n<p><span style=\"font-family: arial,helvetica,sans-serif;\">Tobi treibt uns m\u00e4chtig an und wir kommen gut voran. Heute hat sich der Gegenwind zu uns gesellt und macht es nicht einfacher diese&nbsp;H\u00f6llengeschwindigkeit zu halten.&nbsp;Wir rasen an&nbsp;vielen traumhaften H\u00e4usern vorbei und auch Windm\u00fchlen begegnen uns \u00f6fter. Ist aber auch kein Wunder. Leider haben wir keine Zeit, irgendwo einzukehren, denn die F\u00e4hre wird nicht warten.<\/span><\/p>\n<p><span style=\"font-family: arial,helvetica,sans-serif;\">In einem Tourismus-B\u00fcro bekommen wir unseren Orden (Fehnroute-Pin) f\u00fcr die Trekking-Jacke.<\/span><\/p>\n<p><span style=\"font-family: arial,helvetica,sans-serif;\"><a href=\"https:\/\/www.freizeittourer.de\/wp-content\/uploads\/2011\/06\/Karte_Route.jpg\" target=\"_blank\"><img loading=\"lazy\" decoding=\"async\" width=\"300\" height=\"225\" title=\"Der Einweiser von Petkum\" class=\"alignright size-medium wp-image-3302\" style=\"margin-right: 10px; margin-left: 10px;\" alt=\"\" src=\"https:\/\/www.freizeittourer.de\/wp-content\/uploads\/2017\/02\/IMG_0139-300x225.jpg\"><\/a>P\u00fcnktlich kommen wir am F\u00e4hranleger an. Ein alter Seeb\u00e4r wei\u00dft uns einen&nbsp;Warteplatz zu und achtet peinlich genau darauf, dass hier keiner &#8222;wild wartet&#8220;.&nbsp;<\/span><\/p>\n<p><span style=\"font-family: arial,helvetica,sans-serif;\">Die F\u00e4hre kommt und wir werden nach Ditzum \u00fcbergesetzt. W\u00e4hrend der Fahrt ist Zeit f\u00fcr ein belegtes Br\u00f6tchen.&nbsp;In Ditzum angekommen machen wir erstmal eine &#8222;Pinkelpause&#8220;, denn die Hetzerei ist jetzt vorbei.&nbsp;Hier beginnt die Radweg-Erweiterung \u00fcber die Dollard-Route. Immer am Deich entlang haben wir einen sch\u00f6nen Blick auf den Dollard.&nbsp;Au\u00dfer Schafe und viel Deich ist hier aber auch nichts los.<\/span><\/p>\n<p><span style=\"font-family: arial,helvetica,sans-serif;\">Nach einigen Kilometern verlassen wir den Deich und schwenken nach links ins Landesinnere&nbsp;in Richtung der Ems. An der Ems entlang wollen wir wieder zur\u00fcck nach Papenburg. Auf dem Weg zur Ems suchen wir h\u00e4nderingend einen Biergarten, um den enstandenen Fl\u00fcssigkeitsverlust wieder auszugleichen.&nbsp;Die vom Tourismusverband angek\u00fcndigten Melkhuske sind leider auch kein Bringer, denn entweder sie sind geschlossen, oder sie liegen nicht an unserer Strecke.<\/span><\/p>\n<p><span style=\"font-family: arial,helvetica,sans-serif;\"><a href=\"https:\/\/www.freizeittourer.de\/wp-content\/uploads\/2011\/06\/Karte_Route.jpg\" target=\"_blank\"><img loading=\"lazy\" decoding=\"async\" width=\"300\" height=\"225\" title=\"Pause in Jemgum\" class=\"size-medium wp-image-3303 alignleft\" style=\"margin-right: 10px; margin-left: 10px;\" alt=\"\" src=\"https:\/\/www.freizeittourer.de\/wp-content\/uploads\/2017\/02\/IMG_0155-300x225.jpg\"><\/a>Direkt an der Ems in Jemgum werden wir endlich f\u00fcndig. In der <strong>Speisegastst\u00e4tte Luv Up&nbsp;<\/strong>wurden wir bestens verw\u00f6hnt. Kartoffelsalat mit W\u00fcrstchen oder Erdbeerkuchen waren sehr lecker. Nat\u00fcrlich unterst\u00fctzt durch ein k\u00fchles Jever (Was auch sonst &#8211; keine Kompromisse).&nbsp;Hier f\u00fchlten wir uns sehr gut aufgehoben und blieben deshalb auch etwas sitzen. Die Beine ausstrecken und auf die Ems schauen &#8211; herrlich entspannend.<\/span><\/p>\n<p><span style=\"font-family: arial,helvetica,sans-serif;\">Irgendwann mu\u00dften wir aber doch weiter. Unsere Tour verl\u00e4uft jetzt&nbsp;weiter dicht an der Ems. Wir kommen durch den Weener, aber hier ist auch nichts los. Wir sehen kaum&nbsp;Menschen auf den Strassen. Wahrscheinlich sind alle beim Rasen trimmen. Nur wenn die Schule Schlu\u00df hat,&nbsp;begegnen uns Scharen von Schulkindern auf ihren Holland-R\u00e4dern und alle gr\u00fc\u00dfen freundlich&nbsp;&#8222;Moin&#8220;, auch wenn es schon l\u00e4ngst Nachmittag ist. Eine sch\u00f6ne Sitte.<\/span><\/p>\n<p><span style=\"font-family: arial,helvetica,sans-serif;\">Kurz vor Papenburg kommen wir an der ber\u00fchmten <a title=\"Die Meyer Werft in Papenburg\" href=\"http:\/\/www.meyer-werft.de\" target=\"_blank\"><strong>Meyer-Werft<\/strong><\/a>&nbsp;vorbei. Hier werden die gro\u00dfen Kreuzfahrtschiffe gebaut. Leider sind die Hallen zur Zeit verschlossen und wir bekommen keins der Giganten zu sehen. Ein paar Tage nach unserer Abreise verl\u00e4\u00dft ein neues Schiff der Disney-Flotte die Werft. Schade.<\/span><\/p>\n<p><span style=\"font-family: arial,helvetica,sans-serif;\"><a href=\"https:\/\/www.freizeittourer.de\/wp-content\/uploads\/2011\/06\/Karte_Route.jpg\" target=\"_blank\"><img loading=\"lazy\" decoding=\"async\" width=\"300\" height=\"225\" title=\"Abendessen im Restaurant Hilling in Papenburg\" class=\"alignright size-medium wp-image-3304\" style=\"margin-right: 10px; margin-left: 10px;\" alt=\"\" src=\"https:\/\/www.freizeittourer.de\/wp-content\/uploads\/2017\/02\/IMG_0169-300x225.jpg\"><\/a>Am Nachmittag kommen wir wieder im St\u00f6vchen in Papenburg an. Herr Schmitz ist erfreut uns zu sehen und wir beziehen unsere Zimmer. Einen Teil unseres Gep\u00e4cks k\u00f6nnen wir schon ins Auto bringen. Am Abend werden wir noch einmal ins Restaurant Hilling gehen und Fisch essen, diesmal aufgrund des sch\u00f6nes Wetters drau\u00dfen am Hauptkanal.<\/span><\/p>\n<p><span style=\"font-family: arial,helvetica,sans-serif;\">Eine wundersch\u00f6ne Radtour geht zu Ende. Wir k\u00f6nnen die Deutsche Fehnroute absolut empfehlen. Ostfriesland ist so sch\u00f6n, aber auch so leer.&nbsp;Der gemeine Friese genie\u00dft sein Bier im eigenen Garten und schaut dabei dem Rasen beim Wachsen zu. Wir gehen im Sommer gerne in einen Biergarten und bevorzugen ein &#8222;Frischgezapftes&#8220;. Aber vielleicht wird das noch.<\/span><\/p>\n","protected":false},"excerpt":{"rendered":"<p>Die Deutsche Fehnroute&nbsp;f\u00fchrt \u00fcber 170 km durch eine einzigartige Landschaft in Ostfriesland. Im Juni 2010 sind wir mit unseren &#8222;Ponys&#8220; hier gewesen und haben einen Radweg mit viel Potenzial kennen gelernt. F\u00fcr Genussradler ist naturgem\u00e4\u00df der Genuss genauso wichtig,&nbsp;wie das &hellip; <a href=\"https:\/\/www.freizeittourer.de\/?page_id=21\">Weiterlesen <span class=\"meta-nav\">&rarr;<\/span><\/a><\/p>\n","protected":false},"author":2,"featured_media":0,"parent":24,"menu_order":2,"comment_status":"open","ping_status":"open","template":"","meta":{"footnotes":""},"class_list":["post-21","page","type-page","status-publish","hentry"],"_links":{"self":[{"href":"https:\/\/www.freizeittourer.de\/index.php?rest_route=\/wp\/v2\/pages\/21","targetHints":{"allow":["GET"]}}],"collection":[{"href":"https:\/\/www.freizeittourer.de\/index.php?rest_route=\/wp\/v2\/pages"}],"about":[{"href":"https:\/\/www.freizeittourer.de\/index.php?rest_route=\/wp\/v2\/types\/page"}],"author":[{"embeddable":true,"href":"https:\/\/www.freizeittourer.de\/index.php?rest_route=\/wp\/v2\/users\/2"}],"replies":[{"embeddable":true,"href":"https:\/\/www.freizeittourer.de\/index.php?rest_route=%2Fwp%2Fv2%2Fcomments&post=21"}],"version-history":[{"count":81,"href":"https:\/\/www.freizeittourer.de\/index.php?rest_route=\/wp\/v2\/pages\/21\/revisions"}],"predecessor-version":[{"id":3316,"href":"https:\/\/www.freizeittourer.de\/index.php?rest_route=\/wp\/v2\/pages\/21\/revisions\/3316"}],"up":[{"embeddable":true,"href":"https:\/\/www.freizeittourer.de\/index.php?rest_route=\/wp\/v2\/pages\/24"}],"wp:attachment":[{"href":"https:\/\/www.freizeittourer.de\/index.php?rest_route=%2Fwp%2Fv2%2Fmedia&parent=21"}],"curies":[{"name":"wp","href":"https:\/\/api.w.org\/{rel}","templated":true}]}}